{"id":1197,"date":"2018-06-15T17:35:43","date_gmt":"2018-06-15T17:35:43","guid":{"rendered":"http:\/\/www.rivera.gub.uy\/medioambiente\/?page_id=1197"},"modified":"2022-11-18T13:37:01","modified_gmt":"2022-11-18T13:37:01","slug":"redema","status":"publish","type":"page","link":"https:\/\/www.rivera.gub.uy\/medioambiente\/estrategias\/desarrollo-empresarial\/redema\/","title":{"rendered":"REDEMA"},"content":{"rendered":"<div id=\"pl-1197\"  class=\"panel-layout\" ><div id=\"pg-1197-0\"  class=\"panel-grid panel-no-style\" ><div id=\"pgc-1197-0-0\"  class=\"panel-grid-cell\" ><div id=\"panel-1197-0-0-0\" class=\"so-panel widget widget_sow-editor panel-first-child\" data-index=\"0\" ><div\n\t\t\t\n\t\t\tclass=\"so-widget-sow-editor so-widget-sow-editor-base\"\n\t\t\t\n\t\t>\n<div class=\"siteorigin-widget-tinymce textwidget\">\n\t<p><a href=\"http:\/\/www.rivera.gub.uy\/medioambiente\/wp-content\/uploads\/2018\/07\/cabezal-redema-2.png\"><img loading=\"lazy\" decoding=\"async\" class=\"aligncenter size-full wp-image-1222\" src=\"http:\/\/www.rivera.gub.uy\/medioambiente\/wp-content\/uploads\/2018\/07\/cabezal-redema-2.png\" alt=\"\" width=\"800\" height=\"350\" srcset=\"https:\/\/www.rivera.gub.uy\/medioambiente\/wp-content\/uploads\/2018\/07\/cabezal-redema-2.png 800w, https:\/\/www.rivera.gub.uy\/medioambiente\/wp-content\/uploads\/2018\/07\/cabezal-redema-2-300x131.png 300w, https:\/\/www.rivera.gub.uy\/medioambiente\/wp-content\/uploads\/2018\/07\/cabezal-redema-2-768x336.png 768w\" sizes=\"(max-width: 800px) 100vw, 800px\" \/><\/a><\/p>\n<blockquote>\n<p>Desarrollo y fortalecimiento de la cadena de valor del sector Maderero de Rivera, con \u00e9nfasis en la mejora de la productividad, de la competitividad y de la calidad del empleo.<\/p>\n<p style=\"text-align: right;\">PCT RIVERA 2016<\/p>\n<\/blockquote>\n<p>&nbsp;<\/p>\n<p>REDEMA es una Red creada a partir del proyecto Desarrollo y fortalecimiento de la cadena de valor del sector Maderero de Rivera, con \u00e9nfasis en la mejora de la productividad, de la competitividad y de la calidad del empleo, presentando por IDR al llamado a Proyectos para el Fomento de la Competitividad Territorial, dise\u00f1ado y ejecutado en forma conjunta entre el Programa Uruguay M\u00e1s Cerca de la Direcci\u00f3n de Descentralizaci\u00f3n e Inversi\u00f3n P\u00fablica de la Oficina de Planeamiento y Presupuesto y la Agencia Nacional de Desarrollo.<\/p>\n<p>REDEMA est\u00e1 conformada por distintos actores, entre ellos la Intendencia Departamental de Rivera (IDR), el Ministerio de Industria, Energ\u00eda y Miner\u00eda (MIEM), la Administraci\u00f3n Nacional de Educaci\u00f3n P\u00fablica y la Universidad de la Rep\u00fablica (ANEP-UdelaR) a trav\u00e9s del Tecn\u00f3logo en Madera, el Centro de Extensionismo Industrial (CEI), el Centro Latinoamericano de Econom\u00eda Humana (Claeh) y el sector privado compuesto por aserraderos de Rivera. La Red se crea a partir del proyecto \u201cDesarrollo y fortalecimiento de la cadena de valor del sector Maderero de Rivera, con \u00e9nfasis en la mejora de la productividad, de la competitividad y de la calidad del empleo\u201d, impulsado por la ANDE (Agencia Nacional de Desarrollo), y el Programa Uruguay M\u00e1s Cerca de OPP (Oficina de Planeamiento y Presupuesto) en el marco del Programa de Fomento de la Competitividad Territorial.<\/p>\n<\/div>\n<\/div><\/div><div id=\"panel-1197-0-0-1\" class=\"so-panel widget widget_sow-editor\" data-index=\"1\" ><div\n\t\t\t\n\t\t\tclass=\"so-widget-sow-editor so-widget-sow-editor-base\"\n\t\t\t\n\t\t>\n<div class=\"siteorigin-widget-tinymce textwidget\">\n\t<div id=\"accordion-1\" class=\"accordion no-js\"><\/p>\n<p>\n\t\t\t\t\t<h3 role=\"button\" id=\"accordion-1-t1\" class=\"accordion-title js-accordion-controller\" aria-controls=\"accordion-1-c1\" aria-expanded=\"false\" tabindex=\"0\">\n\t\t\t\tObjetivos\t\t\t<\/h3>\n\t\t\n\t\t<div id=\"accordion-1-c1\" class=\"accordion-content\" aria-hidden=\"true\">\n\t\t\t<\/p>\n<p>Relevar y articular las necesidades de capacitaci\u00f3n en las empresas y coordinar grupos de capacitaci\u00f3n, lo que incluye articular no s\u00f3lo con las empresas sino con los programas nacionales con recursos (monetarios y docentes) para apoyar las capacitaciones;<\/p>\n<p>relevar y articular las necesidades de financiamiento de las empresas y apoyar la b\u00fasqueda de soluciones a medida con instituciones crediticias;<\/p>\n<p>identificar oportunidades de mejora de los servicios de proveedores locales para aserraderos, a ejemplo de un Programa de Desarrollo de Proveedores;<\/p>\n<p>organizar grupos de compra entre las empresas: de materia prima, de maquinaria, de insumos importados. Esto implica, adem\u00e1s de la articulaci\u00f3n entre las empresas, la b\u00fasqueda de las oportunidades y la negociaci\u00f3n con la contraparte del grupo de compra;<\/p>\n<p>implementar servicios de b\u00fasqueda de mercados para el conjunto de las MIPYMES, y<\/p>\n<p>gestionar la mejora de los procesos de gesti\u00f3n y administraci\u00f3n en las empresas.<\/p>\n<p>POBLACI\u00d3N OBJETIVO<\/p>\n<p>Se beneficiar\u00e1n 28 empreendedores de aserraderos de las ciudades de Rivera y Tranqueras.<\/p>\n<p>\t\t<\/div>\n\n\t\t<\/p>\n<p>\n\t\t\t\t\t<h3 role=\"button\" id=\"accordion-1-t2\" class=\"accordion-title js-accordion-controller\" aria-controls=\"accordion-1-c2\" aria-expanded=\"false\" tabindex=\"0\">\n\t\t\t\tIntegrantes del Proyecto\t\t\t<\/h3>\n\t\t\n\t\t<div id=\"accordion-1-c2\" class=\"accordion-content\" aria-hidden=\"true\">\n\t\t\t<\/p>\n<h4>INSTITUCIONES<\/h4>\n<ul>\n<li>Intendencia Departamental de Rivera (IDR)<\/li>\n<li>Ministerio de Industria, Energ\u00eda y Miner\u00eda (MIEM)<\/li>\n<li>Administraci\u00f3n Nacional de Educaci\u00f3n P\u00fablica<\/li>\n<li>Universidad de la Rep\u00fablica (ANEP-UdelaR)<\/li>\n<li>Centro de Extensionismo Industrial (CEI)<\/li>\n<li>Centro Latinoamericano de Econom\u00eda Humana (Claeh)<\/li>\n<\/ul>\n<h4>EMPRENDEDORES<\/h4>\n<ul>\n<li>Aserradero Santa Tereza<\/li>\n<li>Aserradero Tranqueras<\/li>\n<li>Aserradero Galleta<\/li>\n<li>Todo Madera<\/li>\n<li>Marbe Maderas<\/li>\n<\/ul>\n<h4>EQUIPO EJECUTOR<\/h4>\n<ul>\n<li>Ing. Agr. Paola Serrentino<\/li>\n<li>Tcnlo. Madera Anthony Venini<\/li>\n<li>Lic. Ang\u00e9lica Segu\u00ed<\/li>\n<\/ul>\n<p>\t\t<\/div>\n\n\t\t<\/p>\n<p><\/div>\n<p>&nbsp;<\/p>\n<\/div>\n<\/div><\/div><div id=\"panel-1197-0-0-2\" class=\"so-panel widget widget_sow-button\" data-index=\"2\" ><div\n\t\t\t\n\t\t\tclass=\"so-widget-sow-button so-widget-sow-button-wire-eb7fc767bfe2-1197\"\n\t\t\t\n\t\t><div class=\"ow-button-base ow-button-align-center\">\n\t<a\n\thref=\"https:\/\/www.rivera.gub.uy\/medioambiente\/wp-content\/uploads\/2022\/11\/informe-final-ande.pdf\"\n\t\tclass=\"ow-icon-placement-left ow-button-hover\" download=\"\" \t>\n\t\t<span>\n\t\t\t\n\t\t\tInforme final\t\t<\/span>\n\t<\/a>\n<\/div>\n<\/div><\/div><div id=\"panel-1197-0-0-3\" class=\"so-panel widget widget_sow-editor panel-last-child\" data-index=\"3\" ><div\n\t\t\t\n\t\t\tclass=\"so-widget-sow-editor so-widget-sow-editor-base\"\n\t\t\t\n\t\t>\n<div class=\"siteorigin-widget-tinymce textwidget\">\n\t<hr \/>\n<p style=\"text-align: center;\"><strong>Gerenta Ejecutora:<\/strong> Ing. Agr. Paola Serrentino<br \/>\n<strong>Direcci\u00f3n:<\/strong> Agraciada 570 - Piso 1<br \/>\n<strong>Tel:<\/strong> 4622 31900 int 107<br \/>\n<strong>Horarios de atenci\u00f3n:<\/strong> lunes a viernes 8:15 a 14:45<br \/>\n<strong>Mail:<\/strong> <a href=\"mailto:desarrollo.maderero@rivera.gub.uy\" target=\"_blank\" rel=\"noopener noreferrer\">desarrollo.maderero@rivera.gub.uy<\/a><\/p>\n<p style=\"text-align: left;\">\u201cEl proyecto Desarrollo y fortalecimiento de la cadena de valor del sector Maderero de Rivera, con \u00e9nfasis en la mejora de la productividad, de la competitividad y de la calidad del empleo\" est\u00e1 impulsado por la Agencia Nacional de Desarrollo, ANDE y el Programa Uruguay M\u00e1s Cerca de OPP en el marco del Programa de Fomento de la Competitividad Territorial.<\/p>\n<p><a href=\"https:\/\/www.rivera.gub.uy\/medioambiente\/wp-content\/uploads\/2022\/01\/pie-de-pagina-redema-2022.jpg\"><img loading=\"lazy\" decoding=\"async\" class=\"aligncenter wp-image-2625 size-full\" src=\"https:\/\/www.rivera.gub.uy\/medioambiente\/wp-content\/uploads\/2022\/01\/pie-de-pagina-redema-2022.jpg\" alt=\"\" width=\"1728\" height=\"923\" srcset=\"https:\/\/www.rivera.gub.uy\/medioambiente\/wp-content\/uploads\/2022\/01\/pie-de-pagina-redema-2022.jpg 1728w, https:\/\/www.rivera.gub.uy\/medioambiente\/wp-content\/uploads\/2022\/01\/pie-de-pagina-redema-2022-300x160.jpg 300w, https:\/\/www.rivera.gub.uy\/medioambiente\/wp-content\/uploads\/2022\/01\/pie-de-pagina-redema-2022-1024x547.jpg 1024w, https:\/\/www.rivera.gub.uy\/medioambiente\/wp-content\/uploads\/2022\/01\/pie-de-pagina-redema-2022-768x410.jpg 768w, https:\/\/www.rivera.gub.uy\/medioambiente\/wp-content\/uploads\/2022\/01\/pie-de-pagina-redema-2022-1536x820.jpg 1536w, https:\/\/www.rivera.gub.uy\/medioambiente\/wp-content\/uploads\/2022\/01\/pie-de-pagina-redema-2022-820x438.jpg 820w\" sizes=\"(max-width: 1728px) 100vw, 1728px\" \/><\/a><\/p>\n<\/div>\n<\/div><\/div><\/div><\/div><\/div>","protected":false},"excerpt":{"rendered":"<p>Desarrollo y fortalecimiento de la cadena de valor del sector Maderero de Rivera, con \u00e9nfasis en la mejora de la productividad, de la competitividad y de la calidad del empleo. PCT RIVERA 2016 &nbsp; REDEMA es una Red creada a partir del proyecto Desarrollo y fortalecimiento de la cadena de valor del sector Maderero de [&hellip;]<\/p>\n","protected":false},"author":2,"featured_media":0,"parent":772,"menu_order":0,"comment_status":"closed","ping_status":"closed","template":"","meta":{"footnotes":""},"_links":{"self":[{"href":"https:\/\/www.rivera.gub.uy\/medioambiente\/wp-json\/wp\/v2\/pages\/1197"}],"collection":[{"href":"https:\/\/www.rivera.gub.uy\/medioambiente\/wp-json\/wp\/v2\/pages"}],"about":[{"href":"https:\/\/www.rivera.gub.uy\/medioambiente\/wp-json\/wp\/v2\/types\/page"}],"author":[{"embeddable":true,"href":"https:\/\/www.rivera.gub.uy\/medioambiente\/wp-json\/wp\/v2\/users\/2"}],"replies":[{"embeddable":true,"href":"https:\/\/www.rivera.gub.uy\/medioambiente\/wp-json\/wp\/v2\/comments?post=1197"}],"version-history":[{"count":11,"href":"https:\/\/www.rivera.gub.uy\/medioambiente\/wp-json\/wp\/v2\/pages\/1197\/revisions"}],"predecessor-version":[{"id":3587,"href":"https:\/\/www.rivera.gub.uy\/medioambiente\/wp-json\/wp\/v2\/pages\/1197\/revisions\/3587"}],"up":[{"embeddable":true,"href":"https:\/\/www.rivera.gub.uy\/medioambiente\/wp-json\/wp\/v2\/pages\/772"}],"wp:attachment":[{"href":"https:\/\/www.rivera.gub.uy\/medioambiente\/wp-json\/wp\/v2\/media?parent=1197"}],"curies":[{"name":"wp","href":"https:\/\/api.w.org\/{rel}","templated":true}]}}