{"id":2715,"date":"2022-07-04T15:39:27","date_gmt":"2022-07-04T15:39:27","guid":{"rendered":"https:\/\/www.rivera.gub.uy\/medioambiente\/?page_id=2715"},"modified":"2022-07-14T18:09:44","modified_gmt":"2022-07-14T18:09:44","slug":"mujer-afrofronteriza-y-politicas-publicas","status":"publish","type":"page","link":"https:\/\/www.rivera.gub.uy\/medioambiente\/mujer-afrofronteriza-y-politicas-publicas\/","title":{"rendered":"Mujer Afrofronteriza y Pol\u00edticas P\u00fablicas"},"content":{"rendered":"<p>Inscripci\u00f3n al Coloquio \u00abMujer Afrofronteriza y Pol\u00edticas P\u00fablicas\u00bb, que se llevar\u00e1 a cabo el pr\u00f3ximo martes 26 de julio, a las 14:00 horas, en el Campus Centro Regional Noreste &#8211; Sede Rivera (<a href=\"https:\/\/goo.gl\/maps\/9bamzBB8YEtinny5A\" target=\"_blank\" rel=\"noopener noreferrer\">Guido Machado Brum 2450\/ Ruta 5 Km 495.5<\/a>).<\/p>\n<p>El evento a su vez,\u00a0 ser\u00e1 transmitido por el canal <a href=\"https:\/\/www.youtube.com\/channel\/UCDjNeFLJiB345yYzvt-u8_Q\">Udelar Sede Rivera<\/a>.<\/p>\n<p>&nbsp;<\/p>\n\n<div class=\"wpcf7 no-js\" id=\"wpcf7-f2842-o1\" lang=\"es-ES\" dir=\"ltr\">\n<div class=\"screen-reader-response\"><p role=\"status\" aria-live=\"polite\" aria-atomic=\"true\"><\/p> <ul><\/ul><\/div>\n<form action=\"\/medioambiente\/wp-json\/wp\/v2\/pages\/2715#wpcf7-f2842-o1\" method=\"post\" class=\"wpcf7-form init\" aria-label=\"Formulario de contacto\" novalidate=\"novalidate\" data-status=\"init\">\n<div style=\"display: none;\">\n<input type=\"hidden\" name=\"_wpcf7\" value=\"2842\" \/>\n<input type=\"hidden\" name=\"_wpcf7_version\" value=\"5.7.7\" \/>\n<input type=\"hidden\" name=\"_wpcf7_locale\" value=\"es_ES\" \/>\n<input type=\"hidden\" name=\"_wpcf7_unit_tag\" value=\"wpcf7-f2842-o1\" \/>\n<input type=\"hidden\" name=\"_wpcf7_container_post\" value=\"0\" \/>\n<input type=\"hidden\" name=\"_wpcf7_posted_data_hash\" value=\"\" \/>\n<input type=\"hidden\" name=\"_wpcf7_recaptcha_response\" value=\"\" \/>\n<\/div>\n<p><label> Nombre y apellido:<br \/>\n<span class=\"wpcf7-form-control-wrap\" data-name=\"your-name\"><input size=\"40\" class=\"wpcf7-form-control wpcf7-text wpcf7-validates-as-required\" aria-required=\"true\" aria-invalid=\"false\" value=\"\" type=\"text\" name=\"your-name\" \/><\/span> <\/label>\n<\/p>\n<p><label> Correo electr\u00f3nico:<br \/>\n<span class=\"wpcf7-form-control-wrap\" data-name=\"your-email\"><input size=\"40\" class=\"wpcf7-form-control wpcf7-text wpcf7-email wpcf7-validates-as-required wpcf7-validates-as-email\" aria-required=\"true\" aria-invalid=\"false\" value=\"\" type=\"email\" name=\"your-email\" \/><\/span> <\/label>\n<\/p>\n<p><label> G\u00e9nero<br \/>\n<span class=\"wpcf7-form-control-wrap\" data-name=\"your-subject\"><input size=\"40\" class=\"wpcf7-form-control wpcf7-text\" aria-invalid=\"false\" value=\"\" type=\"text\" name=\"your-subject\" \/><\/span> <\/label>\n<\/p>\n<p><label> Edad<br \/>\n<span class=\"wpcf7-form-control-wrap\" data-name=\"date-208\"><input class=\"wpcf7-form-control wpcf7-date wpcf7-validates-as-required wpcf7-validates-as-date\" aria-required=\"true\" aria-invalid=\"false\" value=\"\" type=\"date\" name=\"date-208\" \/><\/span> <\/label>\n<\/p>\n<p><label> Tel\u00e9fono\/Celular<br \/>\n<span class=\"wpcf7-form-control-wrap\" data-name=\"tel-704\"><input size=\"40\" class=\"wpcf7-form-control wpcf7-text wpcf7-tel wpcf7-validates-as-required wpcf7-validates-as-tel\" aria-required=\"true\" aria-invalid=\"false\" value=\"\" type=\"tel\" name=\"tel-704\" \/><\/span> <\/label>\n<\/p>\n<p><label> Usted se identifica con:<br \/>\n<span class=\"wpcf7-form-control-wrap\" data-name=\"menu-1\"><select class=\"wpcf7-form-control wpcf7-select wpcf7-validates-as-required\" aria-required=\"true\" aria-invalid=\"false\" name=\"menu-1\"><option value=\"\">&#8212;Por favor, elige una opci\u00f3n&#8212;<\/option><option value=\"Afro o negra\">Afro o negra<\/option><option value=\"Asi\u00e1tica o amarilla\">Asi\u00e1tica o amarilla<\/option><option value=\"Blanca\">Blanca<\/option><option value=\"Ind\u00edgena\">Ind\u00edgena<\/option><option value=\"Otro\">Otro<\/option><\/select><\/span> <\/label>\n<\/p>\n<p><label> Instituci\u00f3n\/Organizaci\u00f3n:<br \/>\n<span class=\"wpcf7-form-control-wrap\" data-name=\"menu-2\"><select class=\"wpcf7-form-control wpcf7-select wpcf7-validates-as-required\" aria-required=\"true\" aria-invalid=\"false\" name=\"menu-2\"><option value=\"\">&#8212;Por favor, elige una opci\u00f3n&#8212;<\/option><option value=\"P\u00fablico\">P\u00fablico<\/option><option value=\"Privada\">Privada<\/option><option value=\"Organizaciones Sociales\">Organizaciones Sociales<\/option><\/select><\/span> <\/label>\n<\/p>\n<p><label> \u00bfTrabaja actualmente?:<br \/>\n<span class=\"wpcf7-form-control-wrap\" data-name=\"menu-3\"><select class=\"wpcf7-form-control wpcf7-select wpcf7-validates-as-required\" aria-required=\"true\" aria-invalid=\"false\" name=\"menu-3\"><option value=\"\">&#8212;Por favor, elige una opci\u00f3n&#8212;<\/option><option value=\"Si\">Si<\/option><option value=\"No\">No<\/option><\/select><\/span> <\/label>\n<\/p>\n<p><label> \u00bfEstudia actualmente?:<br \/>\n<span class=\"wpcf7-form-control-wrap\" data-name=\"menu-4\"><select class=\"wpcf7-form-control wpcf7-select wpcf7-validates-as-required\" aria-required=\"true\" aria-invalid=\"false\" name=\"menu-4\"><option value=\"\">&#8212;Por favor, elige una opci\u00f3n&#8212;<\/option><option value=\"Si\">Si<\/option><option value=\"No\">No<\/option><\/select><\/span> <\/label>\n<\/p>\n<p><input class=\"wpcf7-form-control has-spinner wpcf7-submit\" type=\"submit\" value=\"Enviar\" \/>\n<\/p><div class=\"wpcf7-response-output\" aria-hidden=\"true\"><\/div>\n<\/form>\n<\/div>\n\n","protected":false},"excerpt":{"rendered":"<p>Inscripci\u00f3n al Coloquio \u00abMujer Afrofronteriza y Pol\u00edticas P\u00fablicas\u00bb, que se llevar\u00e1 a cabo el pr\u00f3ximo martes 26 de julio, a las 14:00 horas, en el Campus Centro Regional Noreste &#8211; Sede Rivera (Guido Machado Brum 2450\/ Ruta 5 Km 495.5). El evento a su vez,\u00a0 ser\u00e1 transmitido por el canal Udelar Sede Rivera. &nbsp;<\/p>\n","protected":false},"author":1,"featured_media":0,"parent":0,"menu_order":0,"comment_status":"closed","ping_status":"closed","template":"","meta":{"footnotes":""},"_links":{"self":[{"href":"https:\/\/www.rivera.gub.uy\/medioambiente\/wp-json\/wp\/v2\/pages\/2715"}],"collection":[{"href":"https:\/\/www.rivera.gub.uy\/medioambiente\/wp-json\/wp\/v2\/pages"}],"about":[{"href":"https:\/\/www.rivera.gub.uy\/medioambiente\/wp-json\/wp\/v2\/types\/page"}],"author":[{"embeddable":true,"href":"https:\/\/www.rivera.gub.uy\/medioambiente\/wp-json\/wp\/v2\/users\/1"}],"replies":[{"embeddable":true,"href":"https:\/\/www.rivera.gub.uy\/medioambiente\/wp-json\/wp\/v2\/comments?post=2715"}],"version-history":[{"count":9,"href":"https:\/\/www.rivera.gub.uy\/medioambiente\/wp-json\/wp\/v2\/pages\/2715\/revisions"}],"predecessor-version":[{"id":2870,"href":"https:\/\/www.rivera.gub.uy\/medioambiente\/wp-json\/wp\/v2\/pages\/2715\/revisions\/2870"}],"wp:attachment":[{"href":"https:\/\/www.rivera.gub.uy\/medioambiente\/wp-json\/wp\/v2\/media?parent=2715"}],"curies":[{"name":"wp","href":"https:\/\/api.w.org\/{rel}","templated":true}]}}