{"id":538,"date":"2017-04-07T15:38:31","date_gmt":"2017-04-07T15:38:31","guid":{"rendered":"http:\/\/www.rivera.gub.uy\/medioambiente\/?page_id=538"},"modified":"2023-05-11T12:23:14","modified_gmt":"2023-05-11T12:23:14","slug":"inspectores","status":"publish","type":"page","link":"https:\/\/www.rivera.gub.uy\/medioambiente\/divisiones\/inspectores\/","title":{"rendered":"Inspectores"},"content":{"rendered":"<p><img loading=\"lazy\" decoding=\"async\" class=\"size-medium wp-image-481 efecto aligncenter\" src=\"http:\/\/www.rivera.gub.uy\/medioambiente\/images\/cabezal-inspectores.png\" alt=\"Direcci\u00f3n General de Desarrollo y Medio Ambiente - Intendencia de Rivera\" width=\"800\" height=\"350\" \/><\/p>\n<blockquote><p>Encargada del control ambiental del departamento, en temas como empresas del ramo alimenticio, control de aguas servidas en el v\u00eda p\u00fablica, basurales y control de plagas y vectores.<\/p><\/blockquote>\n<p><strong>Tareas que realiza:<\/strong><\/p>\n<ul>\n<li>Inspecciones a comercios y empresas del ramo alimenticio.<\/li>\n<li>Inspecciones en la v\u00eda p\u00fablica y eventos de gran magnitud.<\/li>\n<li>Controles de contaminaci\u00f3n ac\u00fastica en el medio urbano y en locales bailables.<\/li>\n<\/ul>\n<hr \/>\n<p style=\"text-align: center;\"><strong>Director:<\/strong> Marcelo Ega\u00f1a<br \/>\n<span style=\"font-weight: 400;\"><strong>Direcci\u00f3n:<\/strong> Bouchacourt 1013<br \/>\n<\/span><span style=\"font-weight: 400;\"><strong>Horario de atenci\u00f3n:<\/strong> Lunes a viernes 8:15 a 14:45<br \/>\n<\/span><span style=\"font-weight: 400;\"><strong>Tel:<\/strong>\u00a0<a href=\"tel:+59846231355\">4623 1355<\/a><br \/>\n<\/span><span style=\"font-weight: 400;\"><strong>E-mail:<\/strong> <a href=\"mailto:inspectores@rivera.gub.uy\">inspectores@rivera.gub.uy<\/a><\/span><\/p>\n","protected":false},"excerpt":{"rendered":"<p>Encargada del control ambiental del departamento, en temas como empresas del ramo alimenticio, control de aguas servidas en el v\u00eda p\u00fablica, basurales y control de plagas y vectores. Tareas que realiza: Inspecciones a comercios y empresas del ramo alimenticio. Inspecciones en la v\u00eda p\u00fablica y eventos de gran magnitud. Controles de contaminaci\u00f3n ac\u00fastica en el [&hellip;]<\/p>\n","protected":false},"author":2,"featured_media":0,"parent":11,"menu_order":0,"comment_status":"closed","ping_status":"closed","template":"","meta":{"footnotes":""},"_links":{"self":[{"href":"https:\/\/www.rivera.gub.uy\/medioambiente\/wp-json\/wp\/v2\/pages\/538"}],"collection":[{"href":"https:\/\/www.rivera.gub.uy\/medioambiente\/wp-json\/wp\/v2\/pages"}],"about":[{"href":"https:\/\/www.rivera.gub.uy\/medioambiente\/wp-json\/wp\/v2\/types\/page"}],"author":[{"embeddable":true,"href":"https:\/\/www.rivera.gub.uy\/medioambiente\/wp-json\/wp\/v2\/users\/2"}],"replies":[{"embeddable":true,"href":"https:\/\/www.rivera.gub.uy\/medioambiente\/wp-json\/wp\/v2\/comments?post=538"}],"version-history":[{"count":10,"href":"https:\/\/www.rivera.gub.uy\/medioambiente\/wp-json\/wp\/v2\/pages\/538\/revisions"}],"predecessor-version":[{"id":6456,"href":"https:\/\/www.rivera.gub.uy\/medioambiente\/wp-json\/wp\/v2\/pages\/538\/revisions\/6456"}],"up":[{"embeddable":true,"href":"https:\/\/www.rivera.gub.uy\/medioambiente\/wp-json\/wp\/v2\/pages\/11"}],"wp:attachment":[{"href":"https:\/\/www.rivera.gub.uy\/medioambiente\/wp-json\/wp\/v2\/media?parent=538"}],"curies":[{"name":"wp","href":"https:\/\/api.w.org\/{rel}","templated":true}]}}