{"id":558,"date":"2017-04-07T18:31:29","date_gmt":"2017-04-07T18:31:29","guid":{"rendered":"http:\/\/www.rivera.gub.uy\/medioambiente\/?page_id=558"},"modified":"2017-08-03T14:00:24","modified_gmt":"2017-08-03T14:00:24","slug":"economia","status":"publish","type":"page","link":"https:\/\/www.rivera.gub.uy\/medioambiente\/informacion\/economia\/","title":{"rendered":"Econom\u00eda"},"content":{"rendered":"<p>Siendo uno de los departamentos m\u00e1s al norte de Uruguay. Rivera es gemela con la ciudad brasile\u00f1a de Santana do Livramento (Brasil); que fusionan dos culturas y dos idiomas, generando pol\u00edticas de acci\u00f3n de car\u00e1cter binacional en el \u00e1rea cultural, educativa, social y por supuesto, de desarrollo regional. Estas dos ciudades unidas por una calle, suman m\u00e1s de 200.000 habitantes. A tan solo una hora de avi\u00f3n de la capital del pa\u00eds como de la capital del estado de rio grande sul (Porto Alegre) Rivera es la puerta de entrada y salida de miles de personas a\u00f1o a a\u00f1o.<\/p>\n<hr \/>\n<div id=\"accordion-1\" class=\"accordion no-js\"><\/p>\n<p>\n\t\t\t\t\t<h3 role=\"button\" id=\"accordion-1-t1\" class=\"accordion-title js-accordion-controller\" aria-controls=\"accordion-1-c1\" aria-expanded=\"false\" tabindex=\"0\">\n\t\t\t\tInformaci\u00f3n general del departamento\t\t\t<\/h3>\n\t\t\n\t\t<div id=\"accordion-1-c1\" class=\"accordion-content\" aria-hidden=\"true\">\n\t\t\t<\/p>\n<p style=\"text-align: center;\"><img loading=\"lazy\" decoding=\"async\" class=\"alignnone size-full wp-image-561\" src=\"http:\/\/www.rivera.gub.uy\/medioambiente\/images\/tablas-informacion-general-del-departamento.jpg\" alt=\"\" width=\"600\" height=\"240\" \/><\/p>\n<p>\t\t<\/div>\n\n\t\t<\/p>\n<p>\n\t\t\t\t\t<h3 role=\"button\" id=\"accordion-1-t2\" class=\"accordion-title js-accordion-controller\" aria-controls=\"accordion-1-c2\" aria-expanded=\"false\" tabindex=\"0\">\n\t\t\t\tInformaci\u00f3n econ\u00f3mica local\t\t\t<\/h3>\n\t\t\n\t\t<div id=\"accordion-1-c2\" class=\"accordion-content\" aria-hidden=\"true\">\n\t\t\t<\/p>\n<p style=\"text-align: center;\"><img loading=\"lazy\" decoding=\"async\" class=\"alignnone size-full wp-image-561\" src=\"http:\/\/www.rivera.gub.uy\/medioambiente\/images\/tablas-informacion-economica.jpg\" alt=\"\" width=\"600\" height=\"350\" \/><\/p>\n<p>\t\t<\/div>\n\n\t\t<\/p>\n<p>\n\t\t\t\t\t<h3 role=\"button\" id=\"accordion-1-t3\" class=\"accordion-title js-accordion-controller\" aria-controls=\"accordion-1-c3\" aria-expanded=\"false\" tabindex=\"0\">\n\t\t\t\tLocalizaci\u00f3n Sociodemogr\u00e1fica\t\t\t<\/h3>\n\t\t\n\t\t<div id=\"accordion-1-c3\" class=\"accordion-content\" aria-hidden=\"true\">\n\t\t\t<\/p>\n<p style=\"text-align: center;\"><img loading=\"lazy\" decoding=\"async\" class=\"alignnone size-full wp-image-561\" src=\"http:\/\/www.rivera.gub.uy\/medioambiente\/images\/tablas-informacion-sociodemografica.jpg\" alt=\"\" width=\"600\" height=\"370\" \/><\/p>\n<p style=\"text-align: center;\"><img loading=\"lazy\" decoding=\"async\" class=\"alignnone size-full wp-image-561\" src=\"http:\/\/www.rivera.gub.uy\/medioambiente\/images\/tablas-informacion-sociodemografica.jpg\" alt=\"\" width=\"600\" height=\"370\" \/><\/p>\n<p>\t\t<\/div>\n\n\t\t<\/p>\n<p>\n\t\t\t\t\t<h3 role=\"button\" id=\"accordion-1-t4\" class=\"accordion-title js-accordion-controller\" aria-controls=\"accordion-1-c4\" aria-expanded=\"false\" tabindex=\"0\">\n\t\t\t\tPES (Polo Educativo Superior)\t\t\t<\/h3>\n\t\t\n\t\t<div id=\"accordion-1-c4\" class=\"accordion-content\" aria-hidden=\"true\">\n\t\t\t<\/p>\n<p style=\"text-align: left;\">Es un proyecto interinstitucional de educaci\u00f3n superior con las principales instituciones educativos del Uruguay. Adem\u00e1s de proyectarse como Polo de Educaci\u00f3n Superior Binacional. Este proceso ya cuenta con carreras t\u00e9cnicas binacionales en andamiento.<\/p>\n<p style=\"text-align: center;\"><img loading=\"lazy\" decoding=\"async\" class=\"alignnone size-full wp-image-836\" src=\"http:\/\/www.rivera.gub.uy\/medioambiente\/wp-content\/uploads\/2017\/04\/economia-pes-polo-educativo-superior.jpg\" alt=\"\" width=\"1000\" height=\"561\" srcset=\"https:\/\/www.rivera.gub.uy\/medioambiente\/wp-content\/uploads\/2017\/04\/economia-pes-polo-educativo-superior.jpg 1000w, https:\/\/www.rivera.gub.uy\/medioambiente\/wp-content\/uploads\/2017\/04\/economia-pes-polo-educativo-superior-300x168.jpg 300w, https:\/\/www.rivera.gub.uy\/medioambiente\/wp-content\/uploads\/2017\/04\/economia-pes-polo-educativo-superior-768x431.jpg 768w, https:\/\/www.rivera.gub.uy\/medioambiente\/wp-content\/uploads\/2017\/04\/economia-pes-polo-educativo-superior-820x460.jpg 820w\" sizes=\"(max-width: 1000px) 100vw, 1000px\" \/><\/p>\n<p>\t\t<\/div>\n\n\t\t<\/p>\n<p>\n\t\t\t\t\t<h3 role=\"button\" id=\"accordion-1-t5\" class=\"accordion-title js-accordion-controller\" aria-controls=\"accordion-1-c5\" aria-expanded=\"false\" tabindex=\"0\">\n\t\t\t\tForestaci\u00f3n\t\t\t<\/h3>\n\t\t\n\t\t<div id=\"accordion-1-c5\" class=\"accordion-content\" aria-hidden=\"true\">\n\t\t\t<\/p>\n<p style=\"text-align: left;\">El sector forestal con m\u00e1s de 178 mil hect\u00e1reas plantadas es uno de los m\u00e1s destacados del departamento de Rivera. Existe una importante producci\u00f3n de madera con mayor valor agregado como es la industrializaci\u00f3n de madera s\u00f3lida, la cual se realiza en aserraderos de primera l\u00ednea a nivel mundial en t\u00e9rminos de capacidad de producci\u00f3n y calidad de gesti\u00f3n ambiental. La industrializaci\u00f3n en el departamento presume un factor favorable en t\u00e9rminos de eficiencia en la log\u00edstica.<\/p>\n<p><div id='gallery-1' class='gallery galleryid-558 gallery-columns-3 gallery-size-thumbnail'><figure class='gallery-item'>\n\t\t\t<div class='gallery-icon landscape'>\n\t\t\t\t<a href='https:\/\/www.rivera.gub.uy\/medioambiente\/wp-content\/uploads\/2017\/04\/economia-forestacion-001.jpg'><img loading=\"lazy\" decoding=\"async\" width=\"150\" height=\"150\" src=\"https:\/\/www.rivera.gub.uy\/medioambiente\/wp-content\/uploads\/2017\/04\/economia-forestacion-001-150x150.jpg\" class=\"attachment-thumbnail size-thumbnail\" alt=\"\" \/><\/a>\n\t\t\t<\/div><\/figure><figure class='gallery-item'>\n\t\t\t<div class='gallery-icon landscape'>\n\t\t\t\t<a href='https:\/\/www.rivera.gub.uy\/medioambiente\/wp-content\/uploads\/2017\/04\/economia-forestacion-002.jpg'><img loading=\"lazy\" decoding=\"async\" width=\"150\" height=\"150\" src=\"https:\/\/www.rivera.gub.uy\/medioambiente\/wp-content\/uploads\/2017\/04\/economia-forestacion-002-150x150.jpg\" class=\"attachment-thumbnail size-thumbnail\" alt=\"\" \/><\/a>\n\t\t\t<\/div><\/figure><figure class='gallery-item'>\n\t\t\t<div class='gallery-icon landscape'>\n\t\t\t\t<a href='https:\/\/www.rivera.gub.uy\/medioambiente\/wp-content\/uploads\/2017\/04\/economia-forestacion-003.jpg'><img loading=\"lazy\" decoding=\"async\" width=\"150\" height=\"150\" src=\"https:\/\/www.rivera.gub.uy\/medioambiente\/wp-content\/uploads\/2017\/04\/economia-forestacion-003-150x150.jpg\" class=\"attachment-thumbnail size-thumbnail\" alt=\"\" \/><\/a>\n\t\t\t<\/div><\/figure>\n\t\t<\/div>\n<\/p>\n<p>\t\t<\/div>\n\n\t\t<\/p>\n<p>\n\t\t\t\t\t<h3 role=\"button\" id=\"accordion-1-t6\" class=\"accordion-title js-accordion-controller\" aria-controls=\"accordion-1-c6\" aria-expanded=\"false\" tabindex=\"0\">\n\t\t\t\tArroz\t\t\t<\/h3>\n\t\t\n\t\t<div id=\"accordion-1-c6\" class=\"accordion-content\" aria-hidden=\"true\">\n\t\t\t<\/p>\n<p style=\"text-align: left;\">El sector arrocero en Rivera se destaca por la presencia de grandes inversiones agropecuarias con capitales locales y provenientes de Brasil. Actualmente, el departamento cuenta con 2.300 hect\u00e1reas dedicadas al arroz, donde se destaca la existencia de buenas condiciones de suelo y riego.<\/p>\n<p><div id='gallery-2' class='gallery galleryid-558 gallery-columns-5 gallery-size-thumbnail'><figure class='gallery-item'>\n\t\t\t<div class='gallery-icon portrait'>\n\t\t\t\t<a href='https:\/\/www.rivera.gub.uy\/medioambiente\/wp-content\/uploads\/2017\/04\/economia-arroz-005.jpg'><img loading=\"lazy\" decoding=\"async\" width=\"150\" height=\"150\" src=\"https:\/\/www.rivera.gub.uy\/medioambiente\/wp-content\/uploads\/2017\/04\/economia-arroz-005-150x150.jpg\" class=\"attachment-thumbnail size-thumbnail\" alt=\"\" \/><\/a>\n\t\t\t<\/div><\/figure><figure class='gallery-item'>\n\t\t\t<div class='gallery-icon landscape'>\n\t\t\t\t<a href='https:\/\/www.rivera.gub.uy\/medioambiente\/wp-content\/uploads\/2017\/04\/economia-arroz-004.jpg'><img loading=\"lazy\" decoding=\"async\" width=\"150\" height=\"150\" src=\"https:\/\/www.rivera.gub.uy\/medioambiente\/wp-content\/uploads\/2017\/04\/economia-arroz-004-150x150.jpg\" class=\"attachment-thumbnail size-thumbnail\" alt=\"\" \/><\/a>\n\t\t\t<\/div><\/figure><figure class='gallery-item'>\n\t\t\t<div class='gallery-icon landscape'>\n\t\t\t\t<a href='https:\/\/www.rivera.gub.uy\/medioambiente\/wp-content\/uploads\/2017\/04\/economia-arroz-003.jpg'><img loading=\"lazy\" decoding=\"async\" width=\"150\" height=\"150\" src=\"https:\/\/www.rivera.gub.uy\/medioambiente\/wp-content\/uploads\/2017\/04\/economia-arroz-003-150x150.jpg\" class=\"attachment-thumbnail size-thumbnail\" alt=\"\" \/><\/a>\n\t\t\t<\/div><\/figure><figure class='gallery-item'>\n\t\t\t<div class='gallery-icon landscape'>\n\t\t\t\t<a href='https:\/\/www.rivera.gub.uy\/medioambiente\/wp-content\/uploads\/2017\/04\/economia-arroz-002.jpg'><img loading=\"lazy\" decoding=\"async\" width=\"150\" height=\"150\" src=\"https:\/\/www.rivera.gub.uy\/medioambiente\/wp-content\/uploads\/2017\/04\/economia-arroz-002-150x150.jpg\" class=\"attachment-thumbnail size-thumbnail\" alt=\"\" \/><\/a>\n\t\t\t<\/div><\/figure><figure class='gallery-item'>\n\t\t\t<div class='gallery-icon landscape'>\n\t\t\t\t<a href='https:\/\/www.rivera.gub.uy\/medioambiente\/wp-content\/uploads\/2017\/04\/economia-arroz-001.jpg'><img loading=\"lazy\" decoding=\"async\" width=\"150\" height=\"150\" src=\"https:\/\/www.rivera.gub.uy\/medioambiente\/wp-content\/uploads\/2017\/04\/economia-arroz-001-150x150.jpg\" class=\"attachment-thumbnail size-thumbnail\" alt=\"\" \/><\/a>\n\t\t\t<\/div><\/figure>\n\t\t<\/div>\n<\/p>\n<p>\t\t<\/div>\n\n\t\t<\/p>\n<p>\n\t\t\t\t\t<h3 role=\"button\" id=\"accordion-1-t7\" class=\"accordion-title js-accordion-controller\" aria-controls=\"accordion-1-c7\" aria-expanded=\"false\" tabindex=\"0\">\n\t\t\t\tGanader\u00eda\t\t\t<\/h3>\n\t\t\n\t\t<div id=\"accordion-1-c7\" class=\"accordion-content\" aria-hidden=\"true\">\n\t\t\t<\/p>\n<p style=\"text-align: left;\">La ganader\u00eda es una actividad econ\u00f3mica tradicional con el que el pa\u00eds est\u00e1 profundamente identificado. El departamento de Rivera destina gran parte de su superficie para la cr\u00eda de ganado bovino (588 mil cabezas, 5,5% del total nacional) y ovino (342 mil cabezas, con el reba\u00f1o m\u00e1s grande del pa\u00eds).<\/p>\n<p><div id='gallery-3' class='gallery galleryid-558 gallery-columns-5 gallery-size-thumbnail'><figure class='gallery-item'>\n\t\t\t<div class='gallery-icon landscape'>\n\t\t\t\t<a href='https:\/\/www.rivera.gub.uy\/medioambiente\/wp-content\/uploads\/2017\/04\/economia-ganaderia-005.jpg'><img loading=\"lazy\" decoding=\"async\" width=\"150\" height=\"150\" src=\"https:\/\/www.rivera.gub.uy\/medioambiente\/wp-content\/uploads\/2017\/04\/economia-ganaderia-005-150x150.jpg\" class=\"attachment-thumbnail size-thumbnail\" alt=\"\" \/><\/a>\n\t\t\t<\/div><\/figure><figure class='gallery-item'>\n\t\t\t<div class='gallery-icon landscape'>\n\t\t\t\t<a href='https:\/\/www.rivera.gub.uy\/medioambiente\/wp-content\/uploads\/2017\/04\/economia-ganaderia-003.jpg'><img loading=\"lazy\" decoding=\"async\" width=\"150\" height=\"150\" src=\"https:\/\/www.rivera.gub.uy\/medioambiente\/wp-content\/uploads\/2017\/04\/economia-ganaderia-003-150x150.jpg\" class=\"attachment-thumbnail size-thumbnail\" alt=\"\" \/><\/a>\n\t\t\t<\/div><\/figure><figure class='gallery-item'>\n\t\t\t<div class='gallery-icon landscape'>\n\t\t\t\t<a href='https:\/\/www.rivera.gub.uy\/medioambiente\/wp-content\/uploads\/2017\/04\/economia-ganaderia-001.jpg'><img loading=\"lazy\" decoding=\"async\" width=\"150\" height=\"150\" src=\"https:\/\/www.rivera.gub.uy\/medioambiente\/wp-content\/uploads\/2017\/04\/economia-ganaderia-001-150x150.jpg\" class=\"attachment-thumbnail size-thumbnail\" alt=\"\" \/><\/a>\n\t\t\t<\/div><\/figure><figure class='gallery-item'>\n\t\t\t<div class='gallery-icon landscape'>\n\t\t\t\t<a href='https:\/\/www.rivera.gub.uy\/medioambiente\/wp-content\/uploads\/2017\/04\/economia-ganaderia-002.jpg'><img loading=\"lazy\" decoding=\"async\" width=\"150\" height=\"150\" src=\"https:\/\/www.rivera.gub.uy\/medioambiente\/wp-content\/uploads\/2017\/04\/economia-ganaderia-002-150x150.jpg\" class=\"attachment-thumbnail size-thumbnail\" alt=\"\" \/><\/a>\n\t\t\t<\/div><\/figure><figure class='gallery-item'>\n\t\t\t<div class='gallery-icon landscape'>\n\t\t\t\t<a href='https:\/\/www.rivera.gub.uy\/medioambiente\/wp-content\/uploads\/2017\/04\/economia-ganaderia-004.jpg'><img loading=\"lazy\" decoding=\"async\" width=\"150\" height=\"150\" src=\"https:\/\/www.rivera.gub.uy\/medioambiente\/wp-content\/uploads\/2017\/04\/economia-ganaderia-004-150x150.jpg\" class=\"attachment-thumbnail size-thumbnail\" alt=\"\" \/><\/a>\n\t\t\t<\/div><\/figure>\n\t\t<\/div>\n<\/p>\n<p>\t\t<\/div>\n\n\t\t<\/p>\n<p>\n\t\t\t\t\t<h3 role=\"button\" id=\"accordion-1-t8\" class=\"accordion-title js-accordion-controller\" aria-controls=\"accordion-1-c8\" aria-expanded=\"false\" tabindex=\"0\">\n\t\t\t\tMiner\u00eda\t\t\t<\/h3>\n\t\t\n\t\t<div id=\"accordion-1-c8\" class=\"accordion-content\" aria-hidden=\"true\">\n\t\t\t<\/p>\n<p style=\"text-align: left;\">Rivera posee una significativa producci\u00f3n y exportaci\u00f3n de extracci\u00f3n de oro. Representa una importante fuente de empleo para la zona de Minas de Corrales.Si bien la extracci\u00f3n es variable a\u00f1o a a\u00f1o se extraen en promedio anualmente 53.370.<\/p>\n<p><div id='gallery-4' class='gallery galleryid-558 gallery-columns-3 gallery-size-thumbnail'><figure class='gallery-item'>\n\t\t\t<div class='gallery-icon landscape'>\n\t\t\t\t<a href='https:\/\/www.rivera.gub.uy\/medioambiente\/wp-content\/uploads\/2017\/04\/economia-mineria-002.jpg'><img loading=\"lazy\" decoding=\"async\" width=\"150\" height=\"150\" src=\"https:\/\/www.rivera.gub.uy\/medioambiente\/wp-content\/uploads\/2017\/04\/economia-mineria-002-150x150.jpg\" class=\"attachment-thumbnail size-thumbnail\" alt=\"\" \/><\/a>\n\t\t\t<\/div><\/figure><figure class='gallery-item'>\n\t\t\t<div class='gallery-icon landscape'>\n\t\t\t\t<a href='https:\/\/www.rivera.gub.uy\/medioambiente\/wp-content\/uploads\/2017\/04\/economia-mineria-004.jpg'><img loading=\"lazy\" decoding=\"async\" width=\"150\" height=\"150\" src=\"https:\/\/www.rivera.gub.uy\/medioambiente\/wp-content\/uploads\/2017\/04\/economia-mineria-004-150x150.jpg\" class=\"attachment-thumbnail size-thumbnail\" alt=\"\" \/><\/a>\n\t\t\t<\/div><\/figure><figure class='gallery-item'>\n\t\t\t<div class='gallery-icon landscape'>\n\t\t\t\t<a href='https:\/\/www.rivera.gub.uy\/medioambiente\/wp-content\/uploads\/2017\/04\/economia-mineria-006.jpg'><img loading=\"lazy\" decoding=\"async\" width=\"150\" height=\"150\" src=\"https:\/\/www.rivera.gub.uy\/medioambiente\/wp-content\/uploads\/2017\/04\/economia-mineria-006-150x150.jpg\" class=\"attachment-thumbnail size-thumbnail\" alt=\"\" \/><\/a>\n\t\t\t<\/div><\/figure><figure class='gallery-item'>\n\t\t\t<div class='gallery-icon landscape'>\n\t\t\t\t<a href='https:\/\/www.rivera.gub.uy\/medioambiente\/wp-content\/uploads\/2017\/04\/economia-mineria-003.jpg'><img loading=\"lazy\" decoding=\"async\" width=\"150\" height=\"150\" src=\"https:\/\/www.rivera.gub.uy\/medioambiente\/wp-content\/uploads\/2017\/04\/economia-mineria-003-150x150.jpg\" class=\"attachment-thumbnail size-thumbnail\" alt=\"\" \/><\/a>\n\t\t\t<\/div><\/figure><figure class='gallery-item'>\n\t\t\t<div class='gallery-icon landscape'>\n\t\t\t\t<a href='https:\/\/www.rivera.gub.uy\/medioambiente\/wp-content\/uploads\/2017\/04\/economia-mineria-005.jpg'><img loading=\"lazy\" decoding=\"async\" width=\"150\" height=\"150\" src=\"https:\/\/www.rivera.gub.uy\/medioambiente\/wp-content\/uploads\/2017\/04\/economia-mineria-005-150x150.jpg\" class=\"attachment-thumbnail size-thumbnail\" alt=\"\" \/><\/a>\n\t\t\t<\/div><\/figure><figure class='gallery-item'>\n\t\t\t<div class='gallery-icon landscape'>\n\t\t\t\t<a href='https:\/\/www.rivera.gub.uy\/medioambiente\/wp-content\/uploads\/2017\/04\/economia-mineria-001.jpg'><img loading=\"lazy\" decoding=\"async\" width=\"150\" height=\"150\" src=\"https:\/\/www.rivera.gub.uy\/medioambiente\/wp-content\/uploads\/2017\/04\/economia-mineria-001-150x150.jpg\" class=\"attachment-thumbnail size-thumbnail\" alt=\"\" \/><\/a>\n\t\t\t<\/div><\/figure>\n\t\t<\/div>\n<\/p>\n<p>\t\t<\/div>\n\n\t\t<\/p>\n<p>\n\t\t\t\t\t<h3 role=\"button\" id=\"accordion-1-t9\" class=\"accordion-title js-accordion-controller\" aria-controls=\"accordion-1-c9\" aria-expanded=\"false\" tabindex=\"0\">\n\t\t\t\tVitivinicultura\t\t\t<\/h3>\n\t\t\n\t\t<div id=\"accordion-1-c9\" class=\"accordion-content\" aria-hidden=\"true\">\n\t\t\t<\/p>\n<p style=\"text-align: left;\">El clima del departamento es ventajoso para el desarrollo de la viticultura. Rivera comparte el mismo paralelo que Mendoza, regi\u00f3n apta para este desarrollo. Este sector est\u00e1 en pleno desarrollo y crecimiento. Es un rubro interesante b\u00e1sicamente no por volumen sino por calidad. Rivera cuenta con 49 hect\u00e1reas de plantaci\u00f3n de uvas se extraen m\u00e1s de 170 toneladas de la misma. Rivera y Livramento cuentan con una vitivinicultura de alto valor agregado y calidad reconocida con bodegas 4 bodegas ya afianzadas en el mercado.<\/p>\n<p><div id='gallery-5' class='gallery galleryid-558 gallery-columns-5 gallery-size-thumbnail'><figure class='gallery-item'>\n\t\t\t<div class='gallery-icon portrait'>\n\t\t\t\t<a href='https:\/\/www.rivera.gub.uy\/medioambiente\/wp-content\/uploads\/2017\/04\/economia-vitivinicultura-005.jpg'><img loading=\"lazy\" decoding=\"async\" width=\"150\" height=\"150\" src=\"https:\/\/www.rivera.gub.uy\/medioambiente\/wp-content\/uploads\/2017\/04\/economia-vitivinicultura-005-150x150.jpg\" class=\"attachment-thumbnail size-thumbnail\" alt=\"\" \/><\/a>\n\t\t\t<\/div><\/figure><figure class='gallery-item'>\n\t\t\t<div class='gallery-icon portrait'>\n\t\t\t\t<a href='https:\/\/www.rivera.gub.uy\/medioambiente\/wp-content\/uploads\/2017\/04\/economia-vitivinicultura-001.jpg'><img loading=\"lazy\" decoding=\"async\" width=\"150\" height=\"150\" src=\"https:\/\/www.rivera.gub.uy\/medioambiente\/wp-content\/uploads\/2017\/04\/economia-vitivinicultura-001-150x150.jpg\" class=\"attachment-thumbnail size-thumbnail\" alt=\"\" \/><\/a>\n\t\t\t<\/div><\/figure><figure class='gallery-item'>\n\t\t\t<div class='gallery-icon portrait'>\n\t\t\t\t<a href='https:\/\/www.rivera.gub.uy\/medioambiente\/wp-content\/uploads\/2017\/04\/economia-vitivinicultura-004.jpg'><img loading=\"lazy\" decoding=\"async\" width=\"150\" height=\"150\" src=\"https:\/\/www.rivera.gub.uy\/medioambiente\/wp-content\/uploads\/2017\/04\/economia-vitivinicultura-004-150x150.jpg\" class=\"attachment-thumbnail size-thumbnail\" alt=\"\" \/><\/a>\n\t\t\t<\/div><\/figure><figure class='gallery-item'>\n\t\t\t<div class='gallery-icon landscape'>\n\t\t\t\t<a href='https:\/\/www.rivera.gub.uy\/medioambiente\/wp-content\/uploads\/2017\/04\/economia-vitivinicultura-002.jpg'><img loading=\"lazy\" decoding=\"async\" width=\"150\" height=\"150\" src=\"https:\/\/www.rivera.gub.uy\/medioambiente\/wp-content\/uploads\/2017\/04\/economia-vitivinicultura-002-150x150.jpg\" class=\"attachment-thumbnail size-thumbnail\" alt=\"\" \/><\/a>\n\t\t\t<\/div><\/figure><figure class='gallery-item'>\n\t\t\t<div class='gallery-icon portrait'>\n\t\t\t\t<a href='https:\/\/www.rivera.gub.uy\/medioambiente\/wp-content\/uploads\/2017\/04\/economia-vitivinicultura-003.jpg'><img loading=\"lazy\" decoding=\"async\" width=\"150\" height=\"150\" src=\"https:\/\/www.rivera.gub.uy\/medioambiente\/wp-content\/uploads\/2017\/04\/economia-vitivinicultura-003-150x150.jpg\" class=\"attachment-thumbnail size-thumbnail\" alt=\"\" \/><\/a>\n\t\t\t<\/div><\/figure>\n\t\t<\/div>\n<\/p>\n<p>\t\t<\/div>\n\n\t\t<\/p>\n<p>\n\t\t\t\t\t<h3 role=\"button\" id=\"accordion-1-t10\" class=\"accordion-title js-accordion-controller\" aria-controls=\"accordion-1-c10\" aria-expanded=\"false\" tabindex=\"0\">\n\t\t\t\tApicultura\t\t\t<\/h3>\n\t\t\n\t\t<div id=\"accordion-1-c10\" class=\"accordion-content\" aria-hidden=\"true\">\n\t\t\t<\/p>\n<p style=\"text-align: left;\">Rivera se destaca como uno de los departamentos uruguayos que m\u00e1s miel produce. El principal destino de la producci\u00f3n es la exportaci\u00f3n a pa\u00edses como Estados Unidos y Alemania.<\/p>\n<p><div id='gallery-6' class='gallery galleryid-558 gallery-columns-3 gallery-size-thumbnail'><figure class='gallery-item'>\n\t\t\t<div class='gallery-icon landscape'>\n\t\t\t\t<a href='https:\/\/www.rivera.gub.uy\/medioambiente\/wp-content\/uploads\/2017\/04\/economia-apicultura-001.jpg'><img loading=\"lazy\" decoding=\"async\" width=\"150\" height=\"150\" src=\"https:\/\/www.rivera.gub.uy\/medioambiente\/wp-content\/uploads\/2017\/04\/economia-apicultura-001-150x150.jpg\" class=\"attachment-thumbnail size-thumbnail\" alt=\"\" \/><\/a>\n\t\t\t<\/div><\/figure><figure class='gallery-item'>\n\t\t\t<div class='gallery-icon landscape'>\n\t\t\t\t<a href='https:\/\/www.rivera.gub.uy\/medioambiente\/wp-content\/uploads\/2017\/04\/economia-apicultura-003.jpg'><img loading=\"lazy\" decoding=\"async\" width=\"150\" height=\"150\" src=\"https:\/\/www.rivera.gub.uy\/medioambiente\/wp-content\/uploads\/2017\/04\/economia-apicultura-003-150x150.jpg\" class=\"attachment-thumbnail size-thumbnail\" alt=\"\" \/><\/a>\n\t\t\t<\/div><\/figure><figure class='gallery-item'>\n\t\t\t<div class='gallery-icon landscape'>\n\t\t\t\t<a href='https:\/\/www.rivera.gub.uy\/medioambiente\/wp-content\/uploads\/2017\/04\/economia-apicultura-002.jpg'><img loading=\"lazy\" decoding=\"async\" width=\"150\" height=\"150\" src=\"https:\/\/www.rivera.gub.uy\/medioambiente\/wp-content\/uploads\/2017\/04\/economia-apicultura-002-150x150.jpg\" class=\"attachment-thumbnail size-thumbnail\" alt=\"\" \/><\/a>\n\t\t\t<\/div><\/figure>\n\t\t<\/div>\n<\/p>\n<p>\t\t<\/div>\n\n\t\t<\/p>\n<p>\n\t\t\t\t\t<h3 role=\"button\" id=\"accordion-1-t11\" class=\"accordion-title js-accordion-controller\" aria-controls=\"accordion-1-c11\" aria-expanded=\"false\" tabindex=\"0\">\n\t\t\t\tTurismo Comercial\t\t\t<\/h3>\n\t\t\n\t\t<div id=\"accordion-1-c11\" class=\"accordion-content\" aria-hidden=\"true\">\n\t\t\t<\/p>\n<p style=\"text-align: left;\">Los comercios de Free Shop operan como importante atracci\u00f3n del departamento. En los \u00faltimos 7 a\u00f1os, se registr\u00f3 un fuerte incremento de la inversi\u00f3n tanto en expansi\u00f3n como en renovaci\u00f3n edilicia.<\/p>\n<p><div id='gallery-7' class='gallery galleryid-558 gallery-columns-2 gallery-size-thumbnail'><figure class='gallery-item'>\n\t\t\t<div class='gallery-icon portrait'>\n\t\t\t\t<a href='https:\/\/www.rivera.gub.uy\/medioambiente\/wp-content\/uploads\/2017\/04\/economia-turismo-comercial-001.jpg'><img loading=\"lazy\" decoding=\"async\" width=\"150\" height=\"150\" src=\"https:\/\/www.rivera.gub.uy\/medioambiente\/wp-content\/uploads\/2017\/04\/economia-turismo-comercial-001-150x150.jpg\" class=\"attachment-thumbnail size-thumbnail\" alt=\"\" \/><\/a>\n\t\t\t<\/div><\/figure><figure class='gallery-item'>\n\t\t\t<div class='gallery-icon landscape'>\n\t\t\t\t<a href='https:\/\/www.rivera.gub.uy\/medioambiente\/wp-content\/uploads\/2017\/04\/economia-turismo-comercial-002.jpg'><img loading=\"lazy\" decoding=\"async\" width=\"150\" height=\"150\" src=\"https:\/\/www.rivera.gub.uy\/medioambiente\/wp-content\/uploads\/2017\/04\/economia-turismo-comercial-002-150x150.jpg\" class=\"attachment-thumbnail size-thumbnail\" alt=\"\" \/><\/a>\n\t\t\t<\/div><\/figure>\n\t\t<\/div>\n<\/p>\n<p>\t\t<\/div>\n\n\t\t<\/p>\n<p>\n\t\t\t\t\t<h3 role=\"button\" id=\"accordion-1-t12\" class=\"accordion-title js-accordion-controller\" aria-controls=\"accordion-1-c12\" aria-expanded=\"false\" tabindex=\"0\">\n\t\t\t\tAeropuerto Binacional\t\t\t<\/h3>\n\t\t\n\t\t<div id=\"accordion-1-c12\" class=\"accordion-content\" aria-hidden=\"true\">\n\t\t\t<\/p>\n<p style=\"text-align: left;\">Rivera cuenta con un aeropuerto de uso binacional, el cual se encuentra en un periodo de reformulaci\u00f3n edilicia para poder recibir vuelos desde Brasil en r\u00e9gimen nacional. Esto propiciar\u00e1 conexiones a\u00e9reas entre nuestras fronteras y las capitales pr\u00f3ximas como Porto Alegre y Montevideo, lo que repercutir\u00e1 de forma positiva en el desarrollo departamental.<\/p>\n<p><div id='gallery-8' class='gallery galleryid-558 gallery-columns-2 gallery-size-thumbnail'><figure class='gallery-item'>\n\t\t\t<div class='gallery-icon landscape'>\n\t\t\t\t<a href='https:\/\/www.rivera.gub.uy\/medioambiente\/wp-content\/uploads\/2017\/04\/economia-aeropuerto-binacional-002.jpg'><img loading=\"lazy\" decoding=\"async\" width=\"150\" height=\"150\" src=\"https:\/\/www.rivera.gub.uy\/medioambiente\/wp-content\/uploads\/2017\/04\/economia-aeropuerto-binacional-002-150x150.jpg\" class=\"attachment-thumbnail size-thumbnail\" alt=\"\" \/><\/a>\n\t\t\t<\/div><\/figure><figure class='gallery-item'>\n\t\t\t<div class='gallery-icon landscape'>\n\t\t\t\t<a href='https:\/\/www.rivera.gub.uy\/medioambiente\/wp-content\/uploads\/2017\/04\/economia-aeropuerto-binacional-001.jpg'><img loading=\"lazy\" decoding=\"async\" width=\"150\" height=\"150\" src=\"https:\/\/www.rivera.gub.uy\/medioambiente\/wp-content\/uploads\/2017\/04\/economia-aeropuerto-binacional-001-150x150.jpg\" class=\"attachment-thumbnail size-thumbnail\" alt=\"\" \/><\/a>\n\t\t\t<\/div><\/figure>\n\t\t<\/div>\n<\/p>\n<p>\t\t<\/div>\n\n\t\t<br \/>\n<\/div>\n","protected":false},"excerpt":{"rendered":"<p>Siendo uno de los departamentos m\u00e1s al norte de Uruguay. Rivera es gemela con la ciudad brasile\u00f1a de Santana do Livramento (Brasil); que fusionan dos culturas y dos idiomas, generando pol\u00edticas de acci\u00f3n de car\u00e1cter binacional en el \u00e1rea cultural, educativa, social y por supuesto, de desarrollo regional. Estas dos ciudades unidas por una calle, [&hellip;]<\/p>\n","protected":false},"author":2,"featured_media":0,"parent":556,"menu_order":0,"comment_status":"closed","ping_status":"closed","template":"","meta":{"footnotes":""},"_links":{"self":[{"href":"https:\/\/www.rivera.gub.uy\/medioambiente\/wp-json\/wp\/v2\/pages\/558"}],"collection":[{"href":"https:\/\/www.rivera.gub.uy\/medioambiente\/wp-json\/wp\/v2\/pages"}],"about":[{"href":"https:\/\/www.rivera.gub.uy\/medioambiente\/wp-json\/wp\/v2\/types\/page"}],"author":[{"embeddable":true,"href":"https:\/\/www.rivera.gub.uy\/medioambiente\/wp-json\/wp\/v2\/users\/2"}],"replies":[{"embeddable":true,"href":"https:\/\/www.rivera.gub.uy\/medioambiente\/wp-json\/wp\/v2\/comments?post=558"}],"version-history":[{"count":29,"href":"https:\/\/www.rivera.gub.uy\/medioambiente\/wp-json\/wp\/v2\/pages\/558\/revisions"}],"predecessor-version":[{"id":877,"href":"https:\/\/www.rivera.gub.uy\/medioambiente\/wp-json\/wp\/v2\/pages\/558\/revisions\/877"}],"up":[{"embeddable":true,"href":"https:\/\/www.rivera.gub.uy\/medioambiente\/wp-json\/wp\/v2\/pages\/556"}],"wp:attachment":[{"href":"https:\/\/www.rivera.gub.uy\/medioambiente\/wp-json\/wp\/v2\/media?parent=558"}],"curies":[{"name":"wp","href":"https:\/\/api.w.org\/{rel}","templated":true}]}}