{"id":572,"date":"2017-04-07T18:45:55","date_gmt":"2017-04-07T18:45:55","guid":{"rendered":"http:\/\/www.rivera.gub.uy\/medioambiente\/?page_id=572"},"modified":"2017-09-14T17:03:24","modified_gmt":"2017-09-14T17:03:24","slug":"areas-verdes","status":"publish","type":"page","link":"https:\/\/www.rivera.gub.uy\/medioambiente\/informacion\/areas-verdes\/","title":{"rendered":"\u00c1reas verdes"},"content":{"rendered":"<h3><a href=\"http:\/\/www.rivera.gub.uy\/medioambiente\/wp-content\/uploads\/2017\/04\/ambiente-portada.png\"><img loading=\"lazy\" decoding=\"async\" class=\"aligncenter wp-image-958 size-full\" src=\"http:\/\/www.rivera.gub.uy\/medioambiente\/wp-content\/uploads\/2017\/04\/ambiente-portada.png\" alt=\"\" width=\"800\" height=\"350\" srcset=\"https:\/\/www.rivera.gub.uy\/medioambiente\/wp-content\/uploads\/2017\/04\/ambiente-portada.png 800w, https:\/\/www.rivera.gub.uy\/medioambiente\/wp-content\/uploads\/2017\/04\/ambiente-portada-300x131.png 300w, https:\/\/www.rivera.gub.uy\/medioambiente\/wp-content\/uploads\/2017\/04\/ambiente-portada-768x336.png 768w\" sizes=\"(max-width: 800px) 100vw, 800px\" \/><\/a><\/h3>\n<blockquote><p>La IDR es la encargada de mantener las \u00e1reas verdes de la ciudad de Rivera, as\u00ed como en localidades del interior, superando las 26 h\u00e1s, beneficiando a la poblaci\u00f3n del departamento. Donde incluyen la implantaci\u00f3n de \u00e1reas de c\u00e9sped con sus correspondientes cortes, descordonado y mantenimiento, la plantaci\u00f3n y mantenimiento de canteros y jardines, el mantenimiento de plazas y parques, as\u00ed como desmalezado de cordones cunetas en los diferentes barrios, entre muchas otras.<\/p><\/blockquote>\n<hr \/>\n<h3>Poda del Ornato P\u00fablico<\/h3>\n<p style=\"text-align: left;\">Otras tareas que tiene Parques y Jardines de la IDR dentro de sus competencias es la poda del ornato p\u00fablico. Anualmente en el per\u00edodo oto\u00f1o-invierno se realiza la poda en el damero c\u00e9ntrico de la ciudad con un promedio de 5.000 \u00e1rboles. Se realiza poda en verde, como retiro de ramas ubicadas en pretiles, cableado, alumbrado p\u00fablico o que puedan obstaculizar el tr\u00e1nsito vehicular de gran porte, dej\u00e1ndolos as\u00ed con una copa funcional. <a href=\"https:\/\/tramites.gub.uy\/ampliados?id=4866\" target=\"_blank\" rel=\"noopener\">Ver tr\u00e1mite<\/a><\/p>\n<hr \/>\n<h3>Arrancado de \u00e1rboles<\/h3>\n<p style=\"text-align: left;\">El arrancado de \u00e1rboles anualmente son arrancados 120 \u00e1rboles\/a\u00f1o, en caso de especies que se han secado por diferentes motivos, como a\u00f1ejos, podas inadecuadas, instalaci\u00f3n de cableados subterr\u00e1neos, entre otros. Tambi\u00e9n atendiendo solicitudes de Instituciones y contribuyentes, realizando la inspecci\u00f3n y evaluaci\u00f3n correspondiente previamente. <a href=\"https:\/\/tramites.gub.uy\/ampliados?id=4867\" target=\"_blank\" rel=\"noopener\">Ver tr\u00e1mite<\/a><\/p>\n<hr \/>\n<h3>Reposici\u00f3n de \u00e1rboles<\/h3>\n<p style=\"text-align: left;\">Anualmente se re\u2010plantan aproximadamente unos 500 \u00e1rboles en el ornato p\u00fablico. Algunos se realiza en el lugar donde se realiz\u00f3 el arrancado o cercano al retiro previamente descrito, con especies recomendadas, como por ejemplo: fresno americano, acacia gris, entre otras. De esta manera se genera un lugar m\u00e1s propicio y agradable, como protecci\u00f3n, sombra, temperaturas m\u00e1s apropiadas, etc.<\/p>\n<hr \/>\n<h3>Asesoramiento t\u00e9cnico<\/h3>\n<p style=\"text-align: left;\">Otra de las tareas que desarrolla Divisi\u00f3n Parques y Jardines es brindar asesoramiento en centros educativos y poblaci\u00f3n en general.<\/p>\n<hr \/>\n<h3>Vivero municipal<\/h3>\n<p style=\"text-align: left;\">Desde hace m\u00e1s de 20 a\u00f1os el vivero municipal se encuentra ubicado en el predio de la Escuela Agraria de Rivera, y desde all\u00ed se abastecen las \u00e1reas verdes de la ciudad como ser plazas, parques infantiles, centros educativos e incluso otras Intendencias. Este a\u00f1o el vivero se trasladar\u00e1 al predio del Polo Demostrativo, ex abasto municipal, ubicado al oeste de la ciudad. En este nuevo sitio pasar\u00e1 a contar con algunas ventajas entre ellas: pozo semisurgente, tanque dep\u00f3sito de 200.000L, grandes superficies verdes con amplios espacios, etc.<\/p>\n<hr \/>\n<h3>Servicio a CECOED<\/h3>\n<p style=\"text-align: left;\">Divisi\u00f3n Parques y Jardines forma parte del Comit\u00e9, realizando corte de \u00e1rboles que tengan riesgo de accidentes, ante eventos clim\u00e1ticos adversos, entre otros.<\/p>\n<p>&nbsp;<\/p>\n<hr \/>\n<p style=\"text-align: center;\">Director: Sergio Chagas<br \/>\nDirecci\u00f3n: Av. Italia 1101<br \/>\nHorario de atenci\u00f3n: Lunes a viernes de 8:15 a 15:00<br \/>\nTel: <a href=\"http:\/\/www.rivera.gub.uy\/medioambiente\/divisiones\/parques-y-jardines\/\">4622 2404<\/a><br \/>\ne-mail: <a href=\"mailto:parquesyjardines@rivera.gub.uy\" target=\"_blank\" rel=\"noopener\">parquesyjardines@rivera.gub.uy<\/a><\/p>\n<p>&nbsp;<\/p>\n<p>&nbsp;<\/p>\n<p>&nbsp;<\/p>\n<p>&nbsp;<\/p>\n","protected":false},"excerpt":{"rendered":"<p>La IDR es la encargada de mantener las \u00e1reas verdes de la ciudad de Rivera, as\u00ed como en localidades del interior, superando las 26 h\u00e1s, beneficiando a la poblaci\u00f3n del departamento. Donde incluyen la implantaci\u00f3n de \u00e1reas de c\u00e9sped con sus correspondientes cortes, descordonado y mantenimiento, la plantaci\u00f3n y mantenimiento de canteros y jardines, el [&hellip;]<\/p>\n","protected":false},"author":2,"featured_media":0,"parent":556,"menu_order":0,"comment_status":"closed","ping_status":"closed","template":"","meta":{"footnotes":""},"_links":{"self":[{"href":"https:\/\/www.rivera.gub.uy\/medioambiente\/wp-json\/wp\/v2\/pages\/572"}],"collection":[{"href":"https:\/\/www.rivera.gub.uy\/medioambiente\/wp-json\/wp\/v2\/pages"}],"about":[{"href":"https:\/\/www.rivera.gub.uy\/medioambiente\/wp-json\/wp\/v2\/types\/page"}],"author":[{"embeddable":true,"href":"https:\/\/www.rivera.gub.uy\/medioambiente\/wp-json\/wp\/v2\/users\/2"}],"replies":[{"embeddable":true,"href":"https:\/\/www.rivera.gub.uy\/medioambiente\/wp-json\/wp\/v2\/comments?post=572"}],"version-history":[{"count":9,"href":"https:\/\/www.rivera.gub.uy\/medioambiente\/wp-json\/wp\/v2\/pages\/572\/revisions"}],"predecessor-version":[{"id":957,"href":"https:\/\/www.rivera.gub.uy\/medioambiente\/wp-json\/wp\/v2\/pages\/572\/revisions\/957"}],"up":[{"embeddable":true,"href":"https:\/\/www.rivera.gub.uy\/medioambiente\/wp-json\/wp\/v2\/pages\/556"}],"wp:attachment":[{"href":"https:\/\/www.rivera.gub.uy\/medioambiente\/wp-json\/wp\/v2\/media?parent=572"}],"curies":[{"name":"wp","href":"https:\/\/api.w.org\/{rel}","templated":true}]}}