{"id":726,"date":"2017-07-12T15:29:24","date_gmt":"2017-07-12T15:29:24","guid":{"rendered":"http:\/\/www.rivera.gub.uy\/medioambiente\/?page_id=726"},"modified":"2017-08-03T14:00:24","modified_gmt":"2017-08-03T14:00:24","slug":"preguntas-frecuentes","status":"publish","type":"page","link":"https:\/\/www.rivera.gub.uy\/medioambiente\/preguntas-frecuentes\/","title":{"rendered":"Preguntas frecuentes"},"content":{"rendered":"<div id=\"accordion-1\" class=\"accordion no-js\"><\/p>\n<p>\n\t\t\t\t\t<h4 role=\"button\" id=\"accordion-1-t1\" class=\"accordion-title js-accordion-controller\" aria-controls=\"accordion-1-c1\" aria-expanded=\"false\" tabindex=\"0\">\n\t\t\t\t\u00bfQu\u00e9 puedo hacer con los residuos voluminosos o extraordinarios (por ejemplo si realizo una limpieza, o una poda fuera de fecha de calendario)?\t\t\t<\/h4>\n\t\t\n\t\t<div id=\"accordion-1-c1\" class=\"accordion-content\" aria-hidden=\"true\">\n\t\t\t<\/p>\n<p>Se puede llevar para colocar o disponer en las volquetas ubicadas en diferentes puntos de la ciudad o llevarlos al relleno sanitario de Paso del Enano.<\/p>\n<p>\t\t<\/div>\n\n\t\t<\/p>\n<p>\n\t\t\t\t\t<h4 role=\"button\" id=\"accordion-1-t2\" class=\"accordion-title js-accordion-controller\" aria-controls=\"accordion-1-c2\" aria-expanded=\"false\" tabindex=\"0\">\n\t\t\t\t\u00bfA donde puedo llevar los residuos reciclables o secos como envases pl\u00e1sticos, papel, cart\u00f3n, latas de refrescos, de conservas, o sea de aluminio, metal, etc., en caso de no estar en zonas de recolecci\u00f3n selectiva o que no cuente con circuito limpio?\t\t\t<\/h4>\n\t\t\n\t\t<div id=\"accordion-1-c2\" class=\"accordion-content\" aria-hidden=\"true\">\n\t\t\t<\/p>\n<p>Se est\u00e1n colocando Islas para recepci\u00f3n de residuos reciclables en:<\/p>\n<ul>\n<li>Divisi\u00f3n Higiene<\/li>\n<li>Supermercado Ta-Ta<\/li>\n<li>Supermercado El Clon<\/li>\n<li>Shopping Si\u00f1eriz<\/li>\n<li>y se continuar\u00e1n colocando paulatinamente en otros lugares.<\/li>\n<\/ul>\n<p>\t\t<\/div>\n\n\t\t<\/p>\n<p>\n\t\t\t\t\t<h4 role=\"button\" id=\"accordion-1-t3\" class=\"accordion-title js-accordion-controller\" aria-controls=\"accordion-1-c3\" aria-expanded=\"false\" tabindex=\"0\">\n\t\t\t\t\u00bfPuedo usar las papeleras ubicadas en la v\u00eda p\u00fablica para colocar la bolsa de residuos domiciliarios?\t\t\t<\/h4>\n\t\t\n\t\t<div id=\"accordion-1-c3\" class=\"accordion-content\" aria-hidden=\"true\">\n\t\t\t<\/p>\n<p>No, las papeleras ubicadas en la vereda son como lo dice su nombre para disponer papeles de golosinas, tickets, etc.<\/p>\n<p>\t\t<\/div>\n\n\t\t<\/p>\n<p>\n\t\t\t\t\t<h4 role=\"button\" id=\"accordion-1-t4\" class=\"accordion-title js-accordion-controller\" aria-controls=\"accordion-1-c4\" aria-expanded=\"false\" tabindex=\"0\">\n\t\t\t\t\u00bfPuedo disponer tierra y\/o escombros en el levante por calendario?\t\t\t<\/h4>\n\t\t\n\t\t<div id=\"accordion-1-c4\" class=\"accordion-content\" aria-hidden=\"true\">\n\t\t\t<\/p>\n<p>No, de dicho residuo se debe hacer cargo el generador o el contribuyente.<\/p>\n<p>\t\t<\/div>\n\n\t\t<\/p>\n<p style=\"text-align: left;\">\n\t\t\t\t\t<h4 role=\"button\" id=\"accordion-1-t5\" class=\"accordion-title js-accordion-controller\" aria-controls=\"accordion-1-c5\" aria-expanded=\"false\" tabindex=\"0\">\n\t\t\t\t\u00bfDonde puedo llevar el aceite de fritura usado (vegetal)?\t\t\t<\/h4>\n\t\t\n\t\t<div id=\"accordion-1-c5\" class=\"accordion-content\" aria-hidden=\"true\">\n\t\t\t<\/p>\n<p><span style=\"font-weight: 400;\">Al relleno sanitario de Paso del Enano, donde se cuenta con acopio del mismo.<\/span><\/p>\n<p>\t\t<\/div>\n\n\t\t<\/p>\n<p>\n\t\t\t\t\t<h4 role=\"button\" id=\"accordion-1-t6\" class=\"accordion-title js-accordion-controller\" aria-controls=\"accordion-1-c6\" aria-expanded=\"false\" tabindex=\"0\">\n\t\t\t\t\u00bfQu\u00e9 puedo hacer con las cubiertas usadas en desuso o neum\u00e1ticos fuera de uso?\t\t\t<\/h4>\n\t\t\n\t\t<div id=\"accordion-1-c6\" class=\"accordion-content\" aria-hidden=\"true\">\n\t\t\t<\/p>\n<p>Entregarlo en la gomer\u00eda m\u00e1s cercana o llamar a Divisi\u00f3n Higiene al Tel\u00e9fono 462 22404, que le informan sobre el Plan.<\/p>\n<p>\t\t<\/div>\n\n\t\t<\/p>\n<p>\n\t\t\t\t\t<h4 role=\"button\" id=\"accordion-1-t7\" class=\"accordion-title js-accordion-controller\" aria-controls=\"accordion-1-c7\" aria-expanded=\"false\" tabindex=\"0\">\n\t\t\t\t\u00bfSe toman quejas, denuncias o solicitudes de Inspecci\u00f3n en forma telef\u00f3nica?\t\t\t<\/h4>\n\t\t\n\t\t<div id=\"accordion-1-c7\" class=\"accordion-content\" aria-hidden=\"true\">\n\t\t\t<\/p>\n<p><span style=\"font-weight: 400;\">No. Debe concurrir personalmente una persona mayor de edad, con documento de identidad, quien debe firmar la solicitud que gestiona.<\/span><\/p>\n<p>\t\t<\/div>\n\n\t\t<\/p>\n<p>\n\t\t\t\t\t<h4 role=\"button\" id=\"accordion-1-t8\" class=\"accordion-title js-accordion-controller\" aria-controls=\"accordion-1-c8\" aria-expanded=\"false\" tabindex=\"0\">\n\t\t\t\t\u00bfSe  toman solicitudes de fumigaci\u00f3n o control de roedores en forma telef\u00f3nica?\t\t\t<\/h4>\n\t\t\n\t\t<div id=\"accordion-1-c8\" class=\"accordion-content\" aria-hidden=\"true\">\n\t\t\t<\/p>\n<p style=\"text-align: left;\"><span style=\"font-weight: 400;\">No. Debe concurrir personalmente una persona mayor de edad, con documento de identidad, quien debe firmar la solicitud, teniendo en cuenta que se trabaja con productos qu\u00edmicos.<\/span><span style=\"font-weight: 400;\"><br \/>\n<\/span><\/p>\n<p>\t\t<\/div>\n\n\t\t<\/p>\n<p>\n\t\t\t\t\t<h4 role=\"button\" id=\"accordion-1-t9\" class=\"accordion-title js-accordion-controller\" aria-controls=\"accordion-1-c9\" aria-expanded=\"false\" tabindex=\"0\">\n\t\t\t\t\u00bfDonde est\u00e1 ubicada la Oficina de la Divisi\u00f3n Medio Ambiente?\t\t\t<\/h4>\n\t\t\n\t\t<div id=\"accordion-1-c9\" class=\"accordion-content\" aria-hidden=\"true\">\n\t\t\t<\/p>\n<p><span style=\"font-weight: 400;\">Calle Bouchacourt No. 1013, Tribuna Sur del Estadio Municipal.<\/span><\/p>\n<p>\t\t<\/div>\n\n\t\t<\/p>\n<p>\n\t\t\t\t\t<h4 role=\"button\" id=\"accordion-1-t10\" class=\"accordion-title js-accordion-controller\" aria-controls=\"accordion-1-c10\" aria-expanded=\"false\" tabindex=\"0\">\n\t\t\t\t\u00bfComo se pueden agendar actividades de Educaci\u00f3n Ambiental para centros educativos o barriales en el departamento?\t\t\t<\/h4>\n\t\t\n\t\t<div id=\"accordion-1-c10\" class=\"accordion-content\" aria-hidden=\"true\">\n\t\t\t<\/p>\n<p><span style=\"font-weight: 400;\">Personalmente en la oficina Calle Bouchacourt No. 1013, Tribuna Sur del Estadio Municipal o en forma telef\u00f3nica con el Prof. Sebasti\u00e1n Pintos, Tel\u00e9fono 462 31355 de 08:00 a 15:15 horas, de lunes a viernes. \u00a0Las actividades a realizar pueden ser fuera del horario de oficina.<\/span><\/p>\n<p>\t\t<\/div>\n\n\t\t<\/p>\n<p>&nbsp;<\/p>\n<p><\/div>\n","protected":false},"excerpt":{"rendered":"","protected":false},"author":2,"featured_media":0,"parent":0,"menu_order":0,"comment_status":"closed","ping_status":"closed","template":"","meta":{"footnotes":""},"_links":{"self":[{"href":"https:\/\/www.rivera.gub.uy\/medioambiente\/wp-json\/wp\/v2\/pages\/726"}],"collection":[{"href":"https:\/\/www.rivera.gub.uy\/medioambiente\/wp-json\/wp\/v2\/pages"}],"about":[{"href":"https:\/\/www.rivera.gub.uy\/medioambiente\/wp-json\/wp\/v2\/types\/page"}],"author":[{"embeddable":true,"href":"https:\/\/www.rivera.gub.uy\/medioambiente\/wp-json\/wp\/v2\/users\/2"}],"replies":[{"embeddable":true,"href":"https:\/\/www.rivera.gub.uy\/medioambiente\/wp-json\/wp\/v2\/comments?post=726"}],"version-history":[{"count":13,"href":"https:\/\/www.rivera.gub.uy\/medioambiente\/wp-json\/wp\/v2\/pages\/726\/revisions"}],"predecessor-version":[{"id":740,"href":"https:\/\/www.rivera.gub.uy\/medioambiente\/wp-json\/wp\/v2\/pages\/726\/revisions\/740"}],"wp:attachment":[{"href":"https:\/\/www.rivera.gub.uy\/medioambiente\/wp-json\/wp\/v2\/media?parent=726"}],"curies":[{"name":"wp","href":"https:\/\/api.w.org\/{rel}","templated":true}]}}