{"id":762,"date":"2017-07-12T18:23:08","date_gmt":"2017-07-12T18:23:08","guid":{"rendered":"http:\/\/www.rivera.gub.uy\/medioambiente\/?page_id=762"},"modified":"2026-01-07T15:23:42","modified_gmt":"2026-01-07T15:23:42","slug":"residuos","status":"publish","type":"page","link":"https:\/\/www.rivera.gub.uy\/medioambiente\/estrategias\/residuos\/","title":{"rendered":"Residuos"},"content":{"rendered":"<div id=\"pl-762\"  class=\"panel-layout\" ><div id=\"pg-762-0\"  class=\"panel-grid panel-no-style\" ><div id=\"pgc-762-0-0\"  class=\"panel-grid-cell\" ><div id=\"panel-762-0-0-0\" class=\"so-panel widget widget_sow-editor panel-first-child\" data-index=\"0\" ><div\n\t\t\t\n\t\t\tclass=\"so-widget-sow-editor so-widget-sow-editor-base\"\n\t\t\t\n\t\t>\n<div class=\"siteorigin-widget-tinymce textwidget\">\n\t<p><img loading=\"lazy\" decoding=\"async\" class=\"size-medium wp-image-481 efecto aligncenter\" src=\"http:\/\/www.rivera.gub.uy\/medioambiente\/wp-content\/uploads\/2017\/07\/cabezal-estrategias-residuos.png\" alt=\"Direcci\u00f3n General de Desarrollo y Medio Ambiente - Intendencia de Rivera\" width=\"800\" height=\"350\" \/><\/p>\n<blockquote>\n<p>La estrategia de la IDR en materia de residuos es visualizar los servicios de higiene urbana de forma integral, respetando criterios ambientales y comenzando un proceso de descentralizaci\u00f3n planificado desde la capital hacia las Alcald\u00edas. Se apunta a mejorar la eficacia y eficiencia de los servicios acompa\u00f1ando el crecimiento de la demanda y unificando la disposici\u00f3n final de los residuos s\u00f3lidos del departamento en un \u00fanico sitio.<\/p>\n<\/blockquote>\n<p>Para ello se viene apostando a:<\/p>\n<ul>\n<li>Fortalecer institucionalmente el sector de higiene del departamento de Rivera.<\/li>\n<li>Implementar un sistema de recolecci\u00f3n contenerizada y barrido urbano en las Alcald\u00edas del departamento de Rivera.<\/li>\n<li>Futuramente implementar cuatro plantas de transferencia de residuos.<\/li>\n<li>Implementar un programa de recolecci\u00f3n de residuos especiales.<\/li>\n<li>Fortalecer la educaci\u00f3n ambiental en el departamento de Rivera.<\/li>\n<li>Fortalecer la gesti\u00f3n de los residuos vegetales.<\/li>\n<\/ul>\n<div id='gallery-1' class='gallery galleryid-762 gallery-columns-5 gallery-size-thumbnail'><figure class='gallery-item'>\n\t\t\t<div class='gallery-icon landscape'>\n\t\t\t\t<a href='https:\/\/www.rivera.gub.uy\/medioambiente\/wp-content\/uploads\/2017\/07\/estrategias-residuos-001.jpg'><img loading=\"lazy\" decoding=\"async\" width=\"150\" height=\"150\" src=\"https:\/\/www.rivera.gub.uy\/medioambiente\/wp-content\/uploads\/2017\/07\/estrategias-residuos-001-150x150.jpg\" class=\"attachment-thumbnail size-thumbnail\" alt=\"\" \/><\/a>\n\t\t\t<\/div><\/figure><figure class='gallery-item'>\n\t\t\t<div class='gallery-icon landscape'>\n\t\t\t\t<a href='https:\/\/www.rivera.gub.uy\/medioambiente\/wp-content\/uploads\/2017\/07\/estrategias-residuos-002.jpg'><img loading=\"lazy\" decoding=\"async\" width=\"150\" height=\"150\" src=\"https:\/\/www.rivera.gub.uy\/medioambiente\/wp-content\/uploads\/2017\/07\/estrategias-residuos-002-150x150.jpg\" class=\"attachment-thumbnail size-thumbnail\" alt=\"\" \/><\/a>\n\t\t\t<\/div><\/figure><figure class='gallery-item'>\n\t\t\t<div class='gallery-icon landscape'>\n\t\t\t\t<a href='https:\/\/www.rivera.gub.uy\/medioambiente\/wp-content\/uploads\/2017\/07\/estrategias-residuos-003.jpg'><img loading=\"lazy\" decoding=\"async\" width=\"150\" height=\"150\" src=\"https:\/\/www.rivera.gub.uy\/medioambiente\/wp-content\/uploads\/2017\/07\/estrategias-residuos-003-150x150.jpg\" class=\"attachment-thumbnail size-thumbnail\" alt=\"\" \/><\/a>\n\t\t\t<\/div><\/figure><figure class='gallery-item'>\n\t\t\t<div class='gallery-icon landscape'>\n\t\t\t\t<a href='https:\/\/www.rivera.gub.uy\/medioambiente\/wp-content\/uploads\/2017\/07\/estrategias-residuos-004.jpg'><img loading=\"lazy\" decoding=\"async\" width=\"150\" height=\"150\" src=\"https:\/\/www.rivera.gub.uy\/medioambiente\/wp-content\/uploads\/2017\/07\/estrategias-residuos-004-150x150.jpg\" class=\"attachment-thumbnail size-thumbnail\" alt=\"\" \/><\/a>\n\t\t\t<\/div><\/figure><figure class='gallery-item'>\n\t\t\t<div class='gallery-icon landscape'>\n\t\t\t\t<a href='https:\/\/www.rivera.gub.uy\/medioambiente\/wp-content\/uploads\/2017\/07\/estrategias-residuos-005.jpg'><img loading=\"lazy\" decoding=\"async\" width=\"150\" height=\"150\" src=\"https:\/\/www.rivera.gub.uy\/medioambiente\/wp-content\/uploads\/2017\/07\/estrategias-residuos-005-150x150.jpg\" class=\"attachment-thumbnail size-thumbnail\" alt=\"\" \/><\/a>\n\t\t\t<\/div><\/figure>\n\t\t<\/div>\n\n<div id=\"accordion-1\" class=\"accordion no-js\"><\/p>\n<p>\n\t\t\t\t\t<h3 role=\"button\" id=\"accordion-1-t1\" class=\"accordion-title js-accordion-controller\" aria-controls=\"accordion-1-c1\" aria-expanded=\"false\" tabindex=\"0\">\n\t\t\t\tRecolecci\u00f3n Domiciliaria (residuos domiciliarios)\t\t\t<\/h3>\n\t\t\n\t\t<div id=\"accordion-1-c1\" class=\"accordion-content\" aria-hidden=\"true\">\n\t\t\t<\/p>\n<p style=\"text-align: left;\">Servicio realizado en la modalidad mixta o sea manual con contenedores ubicados en lugares estrat\u00e9gicos como en algunos complejos de viviendas, calles de dif\u00edcil acceso o sin salida. Se realiza en 12 zonas de la ciudad, como se puede apreciar en la siguiente tabla:<\/p>\n<table style=\"height: 241px;\" width=\"389\">\n<tbody>\n<tr>\n<td style=\"text-align: center; width: 88px;\">Turnos<\/td>\n<td style=\"text-align: center; width: 222px;\" colspan=\"5\">Matutino<\/td>\n<td style=\"text-align: center; width: 86px;\" colspan=\"6\">Nocturno<\/td>\n<\/tr>\n<tr>\n<td style=\"width: 88px;\">Recolecci\u00f3n<\/td>\n<td style=\"text-align: center; width: 81px;\" colspan=\"3\">Domiciliaria<\/td>\n<td style=\"text-align: center; width: 141px; background-color: #d9fcca;\" colspan=\"2\">Selectiva<\/td>\n<td style=\"text-align: center; width: 34px;\" colspan=\"4\">Domiciliaria<\/td>\n<td style=\"text-align: center; width: 52px; background-color: #d9fcca;\" colspan=\"2\">Selectiva<\/td>\n<\/tr>\n<tr>\n<td style=\"width: 88px;\">Lunes<\/td>\n<td style=\"text-align: center; width: 33px;\">9<\/td>\n<td style=\"text-align: center; width: 35px;\">6<\/td>\n<td style=\"text-align: center; width: 13px;\">12<\/td>\n<td style=\"text-align: center; width: 123px; background-color: #d9fcca;\">7<\/td>\n<td style=\"text-align: center; width: 18px; background-color: #d9fcca;\"><\/td>\n<td style=\"text-align: center; width: 10px;\">4<\/td>\n<td style=\"text-align: center; width: 4px;\">1<\/td>\n<td style=\"text-align: center; width: 4px;\">2<\/td>\n<td style=\"text-align: center; width: 16px;\">5<\/td>\n<td style=\"text-align: center; width: 20px; background-color: #d9fcca;\">10<\/td>\n<td style=\"text-align: center; width: 32px; background-color: #d9fcca;\"><\/td>\n<\/tr>\n<tr>\n<td style=\"width: 88px;\">Martes<\/td>\n<td style=\"text-align: center; width: 33px;\">7<\/td>\n<td style=\"text-align: center; width: 35px;\">8<\/td>\n<td style=\"text-align: center; width: 13px;\">11<\/td>\n<td style=\"text-align: center; width: 123px; background-color: #d9fcca;\">4<\/td>\n<td style=\"text-align: center; width: 18px; background-color: #d9fcca;\">6<\/td>\n<td style=\"text-align: center; width: 10px;\">3<\/td>\n<td style=\"text-align: center; width: 4px;\">1<\/td>\n<td style=\"text-align: center; width: 4px;\"><\/td>\n<td style=\"text-align: center; width: 16px;\">10<\/td>\n<td style=\"text-align: center; width: 20px; background-color: #d9fcca;\">2<\/td>\n<td style=\"text-align: center; width: 32px; background-color: #d9fcca;\"><\/td>\n<\/tr>\n<tr>\n<td style=\"width: 88px;\">Mi\u00e9rcoles<\/td>\n<td style=\"text-align: center; width: 33px;\">9<\/td>\n<td style=\"text-align: center; width: 35px;\">6<\/td>\n<td style=\"text-align: center; width: 13px;\">12<\/td>\n<td style=\"text-align: center; width: 123px; background-color: #d9fcca;\">8<\/td>\n<td style=\"text-align: center; width: 18px; background-color: #d9fcca;\"><\/td>\n<td style=\"text-align: center; width: 10px;\">4<\/td>\n<td style=\"text-align: center; width: 4px;\"><\/td>\n<td style=\"text-align: center; width: 4px;\">2<\/td>\n<td style=\"text-align: center; width: 16px;\">5<\/td>\n<td style=\"text-align: center; width: 20px; background-color: #d9fcca;\">1<\/td>\n<td style=\"text-align: center; width: 32px; background-color: #d9fcca;\">3<\/td>\n<\/tr>\n<tr>\n<td style=\"width: 88px;\">Jueves<\/td>\n<td style=\"text-align: center; width: 33px;\">7<\/td>\n<td style=\"text-align: center; width: 35px;\">8<\/td>\n<td style=\"text-align: center; width: 13px;\">11<\/td>\n<td style=\"text-align: center; width: 123px; background-color: #d9fcca;\">9<\/td>\n<td style=\"text-align: center; width: 18px; background-color: #d9fcca;\">12<\/td>\n<td style=\"text-align: center; width: 10px;\">3<\/td>\n<td style=\"text-align: center; width: 4px;\">1<\/td>\n<td style=\"text-align: center; width: 4px;\">2<\/td>\n<td style=\"text-align: center; width: 16px;\">10<\/td>\n<td style=\"text-align: center; width: 20px; background-color: #d9fcca;\">5<\/td>\n<td style=\"text-align: center; width: 32px; background-color: #d9fcca;\"><\/td>\n<\/tr>\n<tr>\n<td style=\"width: 88px;\">Viernes<\/td>\n<td style=\"text-align: center; width: 33px;\">9<\/td>\n<td style=\"text-align: center; width: 35px;\">6<\/td>\n<td style=\"text-align: center; width: 13px;\">12<\/td>\n<td style=\"text-align: center; width: 123px; background-color: #d9fcca;\"><\/td>\n<td style=\"text-align: center; width: 18px; background-color: #d9fcca;\">11<\/td>\n<td style=\"text-align: center; width: 10px;\">4<\/td>\n<td style=\"text-align: center; width: 4px;\">1<\/td>\n<td style=\"text-align: center; width: 4px;\">2<\/td>\n<td style=\"text-align: center; width: 16px;\">5<\/td>\n<td style=\"text-align: center; width: 20px; background-color: #d9fcca;\"><\/td>\n<td style=\"text-align: center; width: 32px; background-color: #d9fcca;\"><\/td>\n<\/tr>\n<tr>\n<td style=\"text-align: left; width: 88px;\">S\u00e1bado<\/td>\n<td style=\"text-align: center; width: 33px;\">7<\/td>\n<td style=\"text-align: center; width: 35px;\">8<\/td>\n<td style=\"text-align: center; width: 13px;\">11<\/td>\n<td style=\"text-align: center; width: 123px; background-color: #d9fcca;\"><\/td>\n<td style=\"text-align: center; width: 18px; background-color: #d9fcca;\"><\/td>\n<td style=\"text-align: center; width: 10px;\">3<\/td>\n<td style=\"text-align: center; width: 4px;\">1<\/td>\n<td style=\"text-align: center; width: 4px;\">2<\/td>\n<td style=\"text-align: center; width: 16px;\">10<\/td>\n<td style=\"text-align: center; width: 20px; background-color: #d9fcca;\"><\/td>\n<td style=\"text-align: center; width: 32px; background-color: #d9fcca;\"><\/td>\n<\/tr>\n<\/tbody>\n<\/table>\n<p style=\"text-align: center;\"><a href=\"http:\/\/www.rivera.gub.uy\/medioambiente\/wp-content\/uploads\/2017\/04\/recoleccion-domiciliaria-zonas.jpg\"><img loading=\"lazy\" decoding=\"async\" class=\"wp-image-964 alignleft\" src=\"http:\/\/www.rivera.gub.uy\/medioambiente\/wp-content\/uploads\/2017\/04\/recoleccion-domiciliaria-zonas-300x158.jpg\" alt=\"\" width=\"363\" height=\"192\" srcset=\"https:\/\/www.rivera.gub.uy\/medioambiente\/wp-content\/uploads\/2017\/04\/recoleccion-domiciliaria-zonas-300x158.jpg 300w, https:\/\/www.rivera.gub.uy\/medioambiente\/wp-content\/uploads\/2017\/04\/recoleccion-domiciliaria-zonas.jpg 800w\" sizes=\"(max-width: 363px) 100vw, 363px\" \/><\/a><\/p>\n<p style=\"text-align: left;\"><strong>IMPORTANTE:<\/strong><br \/>\nLos contenedores grises est\u00e1n dise\u00f1ados para recibir \u00fanicamente residuos domiciliarios urbanos. Es importante no dejar los residuos fuera de los recipientes porque de esa manera se ensucia la ciudad y se dificulta el trabajo de recolecci\u00f3n y limpieza, adem\u00e1s de atraer plagas y vectores. Recordar que los residuos en la v\u00eda p\u00fablica pueden obstruir los desag\u00fces y bocas de tormenta, causando inundaciones, o contaminar cursos de agua y espacios verdes.<\/p>\n<p>\t\t<\/div>\n\n\t\t<\/p>\n<p>\n\t\t\t\t\t<h3 role=\"button\" id=\"accordion-1-t2\" class=\"accordion-title js-accordion-controller\" aria-controls=\"accordion-1-c2\" aria-expanded=\"false\" tabindex=\"0\">\n\t\t\t\tRecolecci\u00f3n de residuos Extraordinarios por calendario (Residuos s\u00f3lidos urbanos)\t\t\t<\/h3>\n\t\t\n\t\t<div id=\"accordion-1-c2\" class=\"accordion-content\" aria-hidden=\"true\">\n\t\t\t<\/p>\n<p style=\"text-align: left;\">La Intendencia cuenta con un servicio de recolecci\u00f3n de residuos extraordinarios por calendario (residuo voluminoso o de gran tama\u00f1o, como muebles en desuso, chatarras, podas, etc, colocando en mont\u00edculos separados los vegetales, del resto de los residuos, para la elaboraci\u00f3n de compost). A\u00f1o a a\u00f1o se entrega en cada domicilio un calendario imantado, indicando el d\u00eda que pasa en cada zona.<\/p>\n<p style=\"text-align: left;\">Se realiza en 15 zonas en la ciudad de Rivera, con una frecuencia al mes en cada una, excepto la zona m\u00e1s c\u00e9ntrica que se realiza los d\u00edas s\u00e1bados. Otra opci\u00f3n que tienen los vecinos es llevar sus residuos directamente al sitio de disposici\u00f3n final de residuos en el relleno sanitario de Paso del Enano o disponerlos en las volquetas ubicadas en diferentes puntos de la ciudad.<\/p>\n<p style=\"text-align: left;\"><strong>IMPORTANTE:<\/strong><br \/>\nLa IDR no recolecta tierra ni escombros.<\/p>\n<p><div id='gallery-2' class='gallery galleryid-762 gallery-columns-5 gallery-size-thumbnail'><figure class='gallery-item'>\n\t\t\t<div class='gallery-icon landscape'>\n\t\t\t\t<a href='https:\/\/www.rivera.gub.uy\/medioambiente\/wp-content\/uploads\/2025\/12\/ZONA-1.png'><img loading=\"lazy\" decoding=\"async\" width=\"150\" height=\"150\" src=\"https:\/\/www.rivera.gub.uy\/medioambiente\/wp-content\/uploads\/2025\/12\/ZONA-1-150x150.png\" class=\"attachment-thumbnail size-thumbnail\" alt=\"ZONA 1\" \/><\/a>\n\t\t\t<\/div><\/figure><figure class='gallery-item'>\n\t\t\t<div class='gallery-icon landscape'>\n\t\t\t\t<a href='https:\/\/www.rivera.gub.uy\/medioambiente\/wp-content\/uploads\/2025\/12\/ZONA-2.png'><img loading=\"lazy\" decoding=\"async\" width=\"150\" height=\"150\" src=\"https:\/\/www.rivera.gub.uy\/medioambiente\/wp-content\/uploads\/2025\/12\/ZONA-2-150x150.png\" class=\"attachment-thumbnail size-thumbnail\" alt=\"ZONA 2\" \/><\/a>\n\t\t\t<\/div><\/figure><figure class='gallery-item'>\n\t\t\t<div class='gallery-icon landscape'>\n\t\t\t\t<a href='https:\/\/www.rivera.gub.uy\/medioambiente\/wp-content\/uploads\/2025\/12\/ZONA-3.png'><img loading=\"lazy\" decoding=\"async\" width=\"150\" height=\"150\" src=\"https:\/\/www.rivera.gub.uy\/medioambiente\/wp-content\/uploads\/2025\/12\/ZONA-3-150x150.png\" class=\"attachment-thumbnail size-thumbnail\" alt=\"ZONA 3\" \/><\/a>\n\t\t\t<\/div><\/figure><figure class='gallery-item'>\n\t\t\t<div class='gallery-icon landscape'>\n\t\t\t\t<a href='https:\/\/www.rivera.gub.uy\/medioambiente\/wp-content\/uploads\/2025\/12\/ZONA-4.png'><img loading=\"lazy\" decoding=\"async\" width=\"150\" height=\"150\" src=\"https:\/\/www.rivera.gub.uy\/medioambiente\/wp-content\/uploads\/2025\/12\/ZONA-4-150x150.png\" class=\"attachment-thumbnail size-thumbnail\" alt=\"ZONA 4\" \/><\/a>\n\t\t\t<\/div><\/figure><figure class='gallery-item'>\n\t\t\t<div class='gallery-icon landscape'>\n\t\t\t\t<a href='https:\/\/www.rivera.gub.uy\/medioambiente\/wp-content\/uploads\/2025\/12\/ZONA-5.png'><img loading=\"lazy\" decoding=\"async\" width=\"150\" height=\"150\" src=\"https:\/\/www.rivera.gub.uy\/medioambiente\/wp-content\/uploads\/2025\/12\/ZONA-5-150x150.png\" class=\"attachment-thumbnail size-thumbnail\" alt=\"ZONA 5\" \/><\/a>\n\t\t\t<\/div><\/figure><figure class='gallery-item'>\n\t\t\t<div class='gallery-icon landscape'>\n\t\t\t\t<a href='https:\/\/www.rivera.gub.uy\/medioambiente\/wp-content\/uploads\/2025\/12\/ZONA-6.png'><img loading=\"lazy\" decoding=\"async\" width=\"150\" height=\"150\" src=\"https:\/\/www.rivera.gub.uy\/medioambiente\/wp-content\/uploads\/2025\/12\/ZONA-6-150x150.png\" class=\"attachment-thumbnail size-thumbnail\" alt=\"ZONA 6\" \/><\/a>\n\t\t\t<\/div><\/figure><figure class='gallery-item'>\n\t\t\t<div class='gallery-icon landscape'>\n\t\t\t\t<a href='https:\/\/www.rivera.gub.uy\/medioambiente\/wp-content\/uploads\/2025\/12\/ZONA-7.png'><img loading=\"lazy\" decoding=\"async\" width=\"150\" height=\"150\" src=\"https:\/\/www.rivera.gub.uy\/medioambiente\/wp-content\/uploads\/2025\/12\/ZONA-7-150x150.png\" class=\"attachment-thumbnail size-thumbnail\" alt=\"ZONA 7\" \/><\/a>\n\t\t\t<\/div><\/figure><figure class='gallery-item'>\n\t\t\t<div class='gallery-icon landscape'>\n\t\t\t\t<a href='https:\/\/www.rivera.gub.uy\/medioambiente\/wp-content\/uploads\/2025\/12\/ZONA-8.png'><img loading=\"lazy\" decoding=\"async\" width=\"150\" height=\"150\" src=\"https:\/\/www.rivera.gub.uy\/medioambiente\/wp-content\/uploads\/2025\/12\/ZONA-8-150x150.png\" class=\"attachment-thumbnail size-thumbnail\" alt=\"ZONA 8\" \/><\/a>\n\t\t\t<\/div><\/figure><figure class='gallery-item'>\n\t\t\t<div class='gallery-icon landscape'>\n\t\t\t\t<a href='https:\/\/www.rivera.gub.uy\/medioambiente\/wp-content\/uploads\/2025\/12\/ZONA-9.png'><img loading=\"lazy\" decoding=\"async\" width=\"150\" height=\"150\" src=\"https:\/\/www.rivera.gub.uy\/medioambiente\/wp-content\/uploads\/2025\/12\/ZONA-9-150x150.png\" class=\"attachment-thumbnail size-thumbnail\" alt=\"ZONA 9\" \/><\/a>\n\t\t\t<\/div><\/figure><figure class='gallery-item'>\n\t\t\t<div class='gallery-icon landscape'>\n\t\t\t\t<a href='https:\/\/www.rivera.gub.uy\/medioambiente\/wp-content\/uploads\/2025\/12\/ZONA-10.png'><img loading=\"lazy\" decoding=\"async\" width=\"150\" height=\"150\" src=\"https:\/\/www.rivera.gub.uy\/medioambiente\/wp-content\/uploads\/2025\/12\/ZONA-10-150x150.png\" class=\"attachment-thumbnail size-thumbnail\" alt=\"ZONA 10\" \/><\/a>\n\t\t\t<\/div><\/figure><figure class='gallery-item'>\n\t\t\t<div class='gallery-icon landscape'>\n\t\t\t\t<a href='https:\/\/www.rivera.gub.uy\/medioambiente\/wp-content\/uploads\/2025\/12\/ZONA-11.png'><img loading=\"lazy\" decoding=\"async\" width=\"150\" height=\"150\" src=\"https:\/\/www.rivera.gub.uy\/medioambiente\/wp-content\/uploads\/2025\/12\/ZONA-11-150x150.png\" class=\"attachment-thumbnail size-thumbnail\" alt=\"ZONA 11\" \/><\/a>\n\t\t\t<\/div><\/figure><figure class='gallery-item'>\n\t\t\t<div class='gallery-icon landscape'>\n\t\t\t\t<a href='https:\/\/www.rivera.gub.uy\/medioambiente\/wp-content\/uploads\/2025\/12\/ZONA-12.png'><img loading=\"lazy\" decoding=\"async\" width=\"150\" height=\"150\" src=\"https:\/\/www.rivera.gub.uy\/medioambiente\/wp-content\/uploads\/2025\/12\/ZONA-12-150x150.png\" class=\"attachment-thumbnail size-thumbnail\" alt=\"zona 12\" \/><\/a>\n\t\t\t<\/div><\/figure><figure class='gallery-item'>\n\t\t\t<div class='gallery-icon landscape'>\n\t\t\t\t<a href='https:\/\/www.rivera.gub.uy\/medioambiente\/wp-content\/uploads\/2025\/12\/ZONA-13.png'><img loading=\"lazy\" decoding=\"async\" width=\"150\" height=\"150\" src=\"https:\/\/www.rivera.gub.uy\/medioambiente\/wp-content\/uploads\/2025\/12\/ZONA-13-150x150.png\" class=\"attachment-thumbnail size-thumbnail\" alt=\"ZONA 13\" \/><\/a>\n\t\t\t<\/div><\/figure><figure class='gallery-item'>\n\t\t\t<div class='gallery-icon landscape'>\n\t\t\t\t<a href='https:\/\/www.rivera.gub.uy\/medioambiente\/wp-content\/uploads\/2025\/12\/ZONA-14.png'><img loading=\"lazy\" decoding=\"async\" width=\"150\" height=\"150\" src=\"https:\/\/www.rivera.gub.uy\/medioambiente\/wp-content\/uploads\/2025\/12\/ZONA-14-150x150.png\" class=\"attachment-thumbnail size-thumbnail\" alt=\"ZONA 14\" \/><\/a>\n\t\t\t<\/div><\/figure><figure class='gallery-item'>\n\t\t\t<div class='gallery-icon landscape'>\n\t\t\t\t<a href='https:\/\/www.rivera.gub.uy\/medioambiente\/wp-content\/uploads\/2025\/12\/ZONA-15.png'><img loading=\"lazy\" decoding=\"async\" width=\"150\" height=\"150\" src=\"https:\/\/www.rivera.gub.uy\/medioambiente\/wp-content\/uploads\/2025\/12\/ZONA-15-150x150.png\" class=\"attachment-thumbnail size-thumbnail\" alt=\"ZONA 15\" \/><\/a>\n\t\t\t<\/div><\/figure>\n\t\t<\/div>\n<\/p>\n<p>\t\t<\/div>\n\n\t\t<\/p>\n<p>\n\t\t\t\t\t<h3 role=\"button\" id=\"accordion-1-t3\" class=\"accordion-title js-accordion-controller\" aria-controls=\"accordion-1-c3\" aria-expanded=\"false\" tabindex=\"0\">\n\t\t\t\tRecolecci\u00f3n Selectiva \/ Plan de gesti\u00f3n de envases\t\t\t<\/h3>\n\t\t\n\t\t<div id=\"accordion-1-c3\" class=\"accordion-content\" aria-hidden=\"true\">\n\t\t\t<\/p>\n<p style=\"text-align: left;\">Rivera y Tranqueras cuentan con un programa denominado \u201cTu envase sirve\u201d, en el marco del Plan de Gesti\u00f3n de Envases No Retornables.<\/p>\n<p style=\"text-align: left;\"><strong>\u201cTu envase sirve\u201d<\/strong><br \/>\nConvenio entre la Intendencia de Rivera con los ministerios de Medio Ambiente (Mvotma) y de Desarrollo Social (Mides), y la C\u00e1mara de Industrias del Uruguay (CIU), es un sistema de gesti\u00f3n de envases que busca su recuperaci\u00f3n seg\u00fan lo establecido en la Ley de Envases, cuyo objetivo es minimizar la generaci\u00f3n de residuos de envases, promover su reutilizaci\u00f3n, reciclaje y dem\u00e1s formas de valorizaci\u00f3n. Este plan fomenta la clasificaci\u00f3n de los residuos secos o reciclables en el hogar, con inclusi\u00f3n social, donde participan 24 clasificadores en Rivera y 3 en Tranqueras.<\/p>\n<blockquote>\n<p style=\"text-align: left;\">Rivera y Tranqueras cuentan con recolecci\u00f3n selectiva una vez a la semana en el 100% de ambas ciudades. Los residuos reciclables recolectados son transportados hasta los Centros de Acopio o Plantas de clasificado, ubicadas una en Tranqueras y otra en Rivera, en el predio del relleno sanitario de Paso del Enano, donde se los separa por material y enfarda para su posterior venta para su reciclado. Otro lugar para disponer los residuos que clasificaste en tu casa, es en las Islas que se encuentran ubicadas en algunos lugares, como grandes superficies o supermercados, donde tambi\u00e9n se pueden localizar a trav\u00e9s de la aplicaci\u00f3n <a href=\"https:\/\/play.google.com\/store\/apps\/details?id=com.datauy.dondereciclo.app&amp;hl=es_UY&amp;gl=US\" target=\"_blank\" rel=\"noopener noreferrer\">\u00bf\u201cD\u00f3nde Reciclo\u201d?<\/a>.<\/p>\n<\/blockquote>\n<p style=\"text-align: left;\"><strong>\u00bfQu\u00e9 residuos integran los \u201csecos\u201d o \u201creciclables\u201d?<\/strong><br \/>\nGran parte de los residuos que generamos pueden ser reciclados, como por ejemplo el pl\u00e1stico, el cart\u00f3n, el papel, el vidrio, el metal y las latas.<\/p>\n<table style=\"height: 241px;\" width=\"389\">\n<tbody>\n<tr>\n<td style=\"text-align: center; width: 74px;\">Turnos<\/td>\n<td style=\"text-align: center; width: 69px;\">Matutino<\/td>\n<td style=\"text-align: center; width: 70px;\">Nocturno<\/td>\n<\/tr>\n<tr>\n<td style=\"width: 74px;\">Lunes<\/td>\n<td style=\"text-align: center; width: 69px;\">7<\/td>\n<td style=\"text-align: center; width: 70px;\">10<\/td>\n<\/tr>\n<tr>\n<td style=\"width: 74px;\">Martes<\/td>\n<td style=\"text-align: center; width: 69px;\">4 y 6<\/td>\n<td style=\"text-align: center; width: 70px;\">2<\/td>\n<\/tr>\n<tr>\n<td style=\"width: 74px;\">Mi\u00e9rcoles<\/td>\n<td style=\"text-align: center; width: 69px;\">8<\/td>\n<td style=\"text-align: center; width: 70px;\">1 y 3<\/td>\n<\/tr>\n<tr>\n<td style=\"width: 74px;\">Jueves<\/td>\n<td style=\"text-align: center; width: 69px;\">9 y 12<\/td>\n<td style=\"text-align: center; width: 70px;\">5<\/td>\n<\/tr>\n<tr>\n<td style=\"width: 74px;\">Viernes<\/td>\n<td style=\"text-align: center; width: 69px;\">11<\/td>\n<td style=\"text-align: center; width: 70px;\"><\/td>\n<\/tr>\n<\/tbody>\n<\/table>\n<p><strong>IMPORTANTE:<\/strong><br \/>\n\u00a1Se parte! Clasifica los residuos en tu casa, oficina, Instituci\u00f3n o empresa.<\/p>\n<p><div id='gallery-3' class='gallery galleryid-762 gallery-columns-4 gallery-size-thumbnail'><figure class='gallery-item'>\n\t\t\t<div class='gallery-icon landscape'>\n\t\t\t\t<a href='https:\/\/www.rivera.gub.uy\/medioambiente\/wp-content\/uploads\/2024\/05\/CALENDARIO-SELECTIVA_Z1.png'><img loading=\"lazy\" decoding=\"async\" width=\"150\" height=\"150\" src=\"https:\/\/www.rivera.gub.uy\/medioambiente\/wp-content\/uploads\/2024\/05\/CALENDARIO-SELECTIVA_Z1-150x150.png\" class=\"attachment-thumbnail size-thumbnail\" alt=\"\" srcset=\"https:\/\/www.rivera.gub.uy\/medioambiente\/wp-content\/uploads\/2024\/05\/CALENDARIO-SELECTIVA_Z1-150x150.png 150w, https:\/\/www.rivera.gub.uy\/medioambiente\/wp-content\/uploads\/2024\/05\/CALENDARIO-SELECTIVA_Z1-300x300.png 300w, https:\/\/www.rivera.gub.uy\/medioambiente\/wp-content\/uploads\/2024\/05\/CALENDARIO-SELECTIVA_Z1-1024x1024.png 1024w, https:\/\/www.rivera.gub.uy\/medioambiente\/wp-content\/uploads\/2024\/05\/CALENDARIO-SELECTIVA_Z1-768x768.png 768w, https:\/\/www.rivera.gub.uy\/medioambiente\/wp-content\/uploads\/2024\/05\/CALENDARIO-SELECTIVA_Z1-1536x1536.png 1536w, https:\/\/www.rivera.gub.uy\/medioambiente\/wp-content\/uploads\/2024\/05\/CALENDARIO-SELECTIVA_Z1-2048x2048.png 2048w, https:\/\/www.rivera.gub.uy\/medioambiente\/wp-content\/uploads\/2024\/05\/CALENDARIO-SELECTIVA_Z1-820x820.png 820w\" sizes=\"(max-width: 150px) 100vw, 150px\" \/><\/a>\n\t\t\t<\/div><\/figure><figure class='gallery-item'>\n\t\t\t<div class='gallery-icon landscape'>\n\t\t\t\t<a href='https:\/\/www.rivera.gub.uy\/medioambiente\/wp-content\/uploads\/2024\/05\/CALENDARIO-SELECTIVA_Z2.png'><img loading=\"lazy\" decoding=\"async\" width=\"150\" height=\"150\" src=\"https:\/\/www.rivera.gub.uy\/medioambiente\/wp-content\/uploads\/2024\/05\/CALENDARIO-SELECTIVA_Z2-150x150.png\" class=\"attachment-thumbnail size-thumbnail\" alt=\"\" srcset=\"https:\/\/www.rivera.gub.uy\/medioambiente\/wp-content\/uploads\/2024\/05\/CALENDARIO-SELECTIVA_Z2-150x150.png 150w, https:\/\/www.rivera.gub.uy\/medioambiente\/wp-content\/uploads\/2024\/05\/CALENDARIO-SELECTIVA_Z2-300x300.png 300w, https:\/\/www.rivera.gub.uy\/medioambiente\/wp-content\/uploads\/2024\/05\/CALENDARIO-SELECTIVA_Z2-1024x1024.png 1024w, https:\/\/www.rivera.gub.uy\/medioambiente\/wp-content\/uploads\/2024\/05\/CALENDARIO-SELECTIVA_Z2-768x768.png 768w, https:\/\/www.rivera.gub.uy\/medioambiente\/wp-content\/uploads\/2024\/05\/CALENDARIO-SELECTIVA_Z2-1536x1536.png 1536w, https:\/\/www.rivera.gub.uy\/medioambiente\/wp-content\/uploads\/2024\/05\/CALENDARIO-SELECTIVA_Z2-2048x2048.png 2048w, https:\/\/www.rivera.gub.uy\/medioambiente\/wp-content\/uploads\/2024\/05\/CALENDARIO-SELECTIVA_Z2-820x820.png 820w\" sizes=\"(max-width: 150px) 100vw, 150px\" \/><\/a>\n\t\t\t<\/div><\/figure><figure class='gallery-item'>\n\t\t\t<div class='gallery-icon landscape'>\n\t\t\t\t<a href='https:\/\/www.rivera.gub.uy\/medioambiente\/wp-content\/uploads\/2024\/05\/CALENDARIO-SELECTIVA_Z3.png'><img loading=\"lazy\" decoding=\"async\" width=\"150\" height=\"150\" src=\"https:\/\/www.rivera.gub.uy\/medioambiente\/wp-content\/uploads\/2024\/05\/CALENDARIO-SELECTIVA_Z3-150x150.png\" class=\"attachment-thumbnail size-thumbnail\" alt=\"\" srcset=\"https:\/\/www.rivera.gub.uy\/medioambiente\/wp-content\/uploads\/2024\/05\/CALENDARIO-SELECTIVA_Z3-150x150.png 150w, https:\/\/www.rivera.gub.uy\/medioambiente\/wp-content\/uploads\/2024\/05\/CALENDARIO-SELECTIVA_Z3-300x300.png 300w, https:\/\/www.rivera.gub.uy\/medioambiente\/wp-content\/uploads\/2024\/05\/CALENDARIO-SELECTIVA_Z3-1024x1024.png 1024w, https:\/\/www.rivera.gub.uy\/medioambiente\/wp-content\/uploads\/2024\/05\/CALENDARIO-SELECTIVA_Z3-768x768.png 768w, https:\/\/www.rivera.gub.uy\/medioambiente\/wp-content\/uploads\/2024\/05\/CALENDARIO-SELECTIVA_Z3-1536x1536.png 1536w, https:\/\/www.rivera.gub.uy\/medioambiente\/wp-content\/uploads\/2024\/05\/CALENDARIO-SELECTIVA_Z3-2048x2048.png 2048w, https:\/\/www.rivera.gub.uy\/medioambiente\/wp-content\/uploads\/2024\/05\/CALENDARIO-SELECTIVA_Z3-820x820.png 820w\" sizes=\"(max-width: 150px) 100vw, 150px\" \/><\/a>\n\t\t\t<\/div><\/figure><figure class='gallery-item'>\n\t\t\t<div class='gallery-icon landscape'>\n\t\t\t\t<a href='https:\/\/www.rivera.gub.uy\/medioambiente\/wp-content\/uploads\/2024\/05\/CALENDARIO-SELECTIVA_Z4.png'><img loading=\"lazy\" decoding=\"async\" width=\"150\" height=\"150\" src=\"https:\/\/www.rivera.gub.uy\/medioambiente\/wp-content\/uploads\/2024\/05\/CALENDARIO-SELECTIVA_Z4-150x150.png\" class=\"attachment-thumbnail size-thumbnail\" alt=\"\" srcset=\"https:\/\/www.rivera.gub.uy\/medioambiente\/wp-content\/uploads\/2024\/05\/CALENDARIO-SELECTIVA_Z4-150x150.png 150w, https:\/\/www.rivera.gub.uy\/medioambiente\/wp-content\/uploads\/2024\/05\/CALENDARIO-SELECTIVA_Z4-300x300.png 300w, https:\/\/www.rivera.gub.uy\/medioambiente\/wp-content\/uploads\/2024\/05\/CALENDARIO-SELECTIVA_Z4-1024x1024.png 1024w, https:\/\/www.rivera.gub.uy\/medioambiente\/wp-content\/uploads\/2024\/05\/CALENDARIO-SELECTIVA_Z4-768x768.png 768w, https:\/\/www.rivera.gub.uy\/medioambiente\/wp-content\/uploads\/2024\/05\/CALENDARIO-SELECTIVA_Z4-1536x1536.png 1536w, https:\/\/www.rivera.gub.uy\/medioambiente\/wp-content\/uploads\/2024\/05\/CALENDARIO-SELECTIVA_Z4-2048x2048.png 2048w, https:\/\/www.rivera.gub.uy\/medioambiente\/wp-content\/uploads\/2024\/05\/CALENDARIO-SELECTIVA_Z4-820x820.png 820w\" sizes=\"(max-width: 150px) 100vw, 150px\" \/><\/a>\n\t\t\t<\/div><\/figure><figure class='gallery-item'>\n\t\t\t<div class='gallery-icon portrait'>\n\t\t\t\t<a href='https:\/\/www.rivera.gub.uy\/medioambiente\/wp-content\/uploads\/2024\/05\/CALENDARIO-SELECTIVA_Z5.png'><img loading=\"lazy\" decoding=\"async\" width=\"150\" height=\"150\" src=\"https:\/\/www.rivera.gub.uy\/medioambiente\/wp-content\/uploads\/2024\/05\/CALENDARIO-SELECTIVA_Z5-150x150.png\" class=\"attachment-thumbnail size-thumbnail\" alt=\"\" srcset=\"https:\/\/www.rivera.gub.uy\/medioambiente\/wp-content\/uploads\/2024\/05\/CALENDARIO-SELECTIVA_Z5-150x150.png 150w, https:\/\/www.rivera.gub.uy\/medioambiente\/wp-content\/uploads\/2024\/05\/CALENDARIO-SELECTIVA_Z5-300x300.png 300w, https:\/\/www.rivera.gub.uy\/medioambiente\/wp-content\/uploads\/2024\/05\/CALENDARIO-SELECTIVA_Z5-1024x1024.png 1024w, https:\/\/www.rivera.gub.uy\/medioambiente\/wp-content\/uploads\/2024\/05\/CALENDARIO-SELECTIVA_Z5-768x768.png 768w, https:\/\/www.rivera.gub.uy\/medioambiente\/wp-content\/uploads\/2024\/05\/CALENDARIO-SELECTIVA_Z5-1536x1536.png 1536w, https:\/\/www.rivera.gub.uy\/medioambiente\/wp-content\/uploads\/2024\/05\/CALENDARIO-SELECTIVA_Z5-2048x2048.png 2048w, https:\/\/www.rivera.gub.uy\/medioambiente\/wp-content\/uploads\/2024\/05\/CALENDARIO-SELECTIVA_Z5-820x820.png 820w\" sizes=\"(max-width: 150px) 100vw, 150px\" \/><\/a>\n\t\t\t<\/div><\/figure><figure class='gallery-item'>\n\t\t\t<div class='gallery-icon landscape'>\n\t\t\t\t<a href='https:\/\/www.rivera.gub.uy\/medioambiente\/wp-content\/uploads\/2024\/05\/CALENDARIO-SELECTIVA_Z6.png'><img loading=\"lazy\" decoding=\"async\" width=\"150\" height=\"150\" src=\"https:\/\/www.rivera.gub.uy\/medioambiente\/wp-content\/uploads\/2024\/05\/CALENDARIO-SELECTIVA_Z6-150x150.png\" class=\"attachment-thumbnail size-thumbnail\" alt=\"\" srcset=\"https:\/\/www.rivera.gub.uy\/medioambiente\/wp-content\/uploads\/2024\/05\/CALENDARIO-SELECTIVA_Z6-150x150.png 150w, https:\/\/www.rivera.gub.uy\/medioambiente\/wp-content\/uploads\/2024\/05\/CALENDARIO-SELECTIVA_Z6-300x300.png 300w, https:\/\/www.rivera.gub.uy\/medioambiente\/wp-content\/uploads\/2024\/05\/CALENDARIO-SELECTIVA_Z6-1024x1024.png 1024w, https:\/\/www.rivera.gub.uy\/medioambiente\/wp-content\/uploads\/2024\/05\/CALENDARIO-SELECTIVA_Z6-768x768.png 768w, https:\/\/www.rivera.gub.uy\/medioambiente\/wp-content\/uploads\/2024\/05\/CALENDARIO-SELECTIVA_Z6-1536x1536.png 1536w, https:\/\/www.rivera.gub.uy\/medioambiente\/wp-content\/uploads\/2024\/05\/CALENDARIO-SELECTIVA_Z6-2048x2048.png 2048w, https:\/\/www.rivera.gub.uy\/medioambiente\/wp-content\/uploads\/2024\/05\/CALENDARIO-SELECTIVA_Z6-820x820.png 820w\" sizes=\"(max-width: 150px) 100vw, 150px\" \/><\/a>\n\t\t\t<\/div><\/figure><figure class='gallery-item'>\n\t\t\t<div class='gallery-icon landscape'>\n\t\t\t\t<a href='https:\/\/www.rivera.gub.uy\/medioambiente\/wp-content\/uploads\/2024\/05\/CALENDARIO-SELECTIVA_Z7.png'><img loading=\"lazy\" decoding=\"async\" width=\"150\" height=\"150\" src=\"https:\/\/www.rivera.gub.uy\/medioambiente\/wp-content\/uploads\/2024\/05\/CALENDARIO-SELECTIVA_Z7-150x150.png\" class=\"attachment-thumbnail size-thumbnail\" alt=\"\" srcset=\"https:\/\/www.rivera.gub.uy\/medioambiente\/wp-content\/uploads\/2024\/05\/CALENDARIO-SELECTIVA_Z7-150x150.png 150w, https:\/\/www.rivera.gub.uy\/medioambiente\/wp-content\/uploads\/2024\/05\/CALENDARIO-SELECTIVA_Z7-300x300.png 300w, https:\/\/www.rivera.gub.uy\/medioambiente\/wp-content\/uploads\/2024\/05\/CALENDARIO-SELECTIVA_Z7-1024x1024.png 1024w, https:\/\/www.rivera.gub.uy\/medioambiente\/wp-content\/uploads\/2024\/05\/CALENDARIO-SELECTIVA_Z7-768x768.png 768w, https:\/\/www.rivera.gub.uy\/medioambiente\/wp-content\/uploads\/2024\/05\/CALENDARIO-SELECTIVA_Z7-1536x1536.png 1536w, https:\/\/www.rivera.gub.uy\/medioambiente\/wp-content\/uploads\/2024\/05\/CALENDARIO-SELECTIVA_Z7-2048x2048.png 2048w, https:\/\/www.rivera.gub.uy\/medioambiente\/wp-content\/uploads\/2024\/05\/CALENDARIO-SELECTIVA_Z7-820x820.png 820w\" sizes=\"(max-width: 150px) 100vw, 150px\" \/><\/a>\n\t\t\t<\/div><\/figure><figure class='gallery-item'>\n\t\t\t<div class='gallery-icon portrait'>\n\t\t\t\t<a href='https:\/\/www.rivera.gub.uy\/medioambiente\/wp-content\/uploads\/2024\/05\/CALENDARIO-SELECTIVA_Z8.png'><img loading=\"lazy\" decoding=\"async\" width=\"150\" height=\"150\" src=\"https:\/\/www.rivera.gub.uy\/medioambiente\/wp-content\/uploads\/2024\/05\/CALENDARIO-SELECTIVA_Z8-150x150.png\" class=\"attachment-thumbnail size-thumbnail\" alt=\"\" srcset=\"https:\/\/www.rivera.gub.uy\/medioambiente\/wp-content\/uploads\/2024\/05\/CALENDARIO-SELECTIVA_Z8-150x150.png 150w, https:\/\/www.rivera.gub.uy\/medioambiente\/wp-content\/uploads\/2024\/05\/CALENDARIO-SELECTIVA_Z8-300x300.png 300w, https:\/\/www.rivera.gub.uy\/medioambiente\/wp-content\/uploads\/2024\/05\/CALENDARIO-SELECTIVA_Z8-1024x1024.png 1024w, https:\/\/www.rivera.gub.uy\/medioambiente\/wp-content\/uploads\/2024\/05\/CALENDARIO-SELECTIVA_Z8-768x768.png 768w, https:\/\/www.rivera.gub.uy\/medioambiente\/wp-content\/uploads\/2024\/05\/CALENDARIO-SELECTIVA_Z8-1536x1536.png 1536w, https:\/\/www.rivera.gub.uy\/medioambiente\/wp-content\/uploads\/2024\/05\/CALENDARIO-SELECTIVA_Z8-2048x2048.png 2048w, https:\/\/www.rivera.gub.uy\/medioambiente\/wp-content\/uploads\/2024\/05\/CALENDARIO-SELECTIVA_Z8-820x820.png 820w\" sizes=\"(max-width: 150px) 100vw, 150px\" \/><\/a>\n\t\t\t<\/div><\/figure><figure class='gallery-item'>\n\t\t\t<div class='gallery-icon landscape'>\n\t\t\t\t<a href='https:\/\/www.rivera.gub.uy\/medioambiente\/wp-content\/uploads\/2024\/05\/CALENDARIO-SELECTIVA_Z9.png'><img loading=\"lazy\" decoding=\"async\" width=\"150\" height=\"150\" src=\"https:\/\/www.rivera.gub.uy\/medioambiente\/wp-content\/uploads\/2024\/05\/CALENDARIO-SELECTIVA_Z9-150x150.png\" class=\"attachment-thumbnail size-thumbnail\" alt=\"\" srcset=\"https:\/\/www.rivera.gub.uy\/medioambiente\/wp-content\/uploads\/2024\/05\/CALENDARIO-SELECTIVA_Z9-150x150.png 150w, https:\/\/www.rivera.gub.uy\/medioambiente\/wp-content\/uploads\/2024\/05\/CALENDARIO-SELECTIVA_Z9-300x300.png 300w, https:\/\/www.rivera.gub.uy\/medioambiente\/wp-content\/uploads\/2024\/05\/CALENDARIO-SELECTIVA_Z9-1024x1024.png 1024w, https:\/\/www.rivera.gub.uy\/medioambiente\/wp-content\/uploads\/2024\/05\/CALENDARIO-SELECTIVA_Z9-768x768.png 768w, https:\/\/www.rivera.gub.uy\/medioambiente\/wp-content\/uploads\/2024\/05\/CALENDARIO-SELECTIVA_Z9-1536x1536.png 1536w, https:\/\/www.rivera.gub.uy\/medioambiente\/wp-content\/uploads\/2024\/05\/CALENDARIO-SELECTIVA_Z9-2048x2048.png 2048w, https:\/\/www.rivera.gub.uy\/medioambiente\/wp-content\/uploads\/2024\/05\/CALENDARIO-SELECTIVA_Z9-820x820.png 820w\" sizes=\"(max-width: 150px) 100vw, 150px\" \/><\/a>\n\t\t\t<\/div><\/figure><figure class='gallery-item'>\n\t\t\t<div class='gallery-icon landscape'>\n\t\t\t\t<a href='https:\/\/www.rivera.gub.uy\/medioambiente\/wp-content\/uploads\/2024\/05\/CALENDARIO-SELECTIVA_Z10.png'><img loading=\"lazy\" decoding=\"async\" width=\"150\" height=\"150\" src=\"https:\/\/www.rivera.gub.uy\/medioambiente\/wp-content\/uploads\/2024\/05\/CALENDARIO-SELECTIVA_Z10-150x150.png\" class=\"attachment-thumbnail size-thumbnail\" alt=\"\" srcset=\"https:\/\/www.rivera.gub.uy\/medioambiente\/wp-content\/uploads\/2024\/05\/CALENDARIO-SELECTIVA_Z10-150x150.png 150w, https:\/\/www.rivera.gub.uy\/medioambiente\/wp-content\/uploads\/2024\/05\/CALENDARIO-SELECTIVA_Z10-300x300.png 300w, https:\/\/www.rivera.gub.uy\/medioambiente\/wp-content\/uploads\/2024\/05\/CALENDARIO-SELECTIVA_Z10-1024x1024.png 1024w, https:\/\/www.rivera.gub.uy\/medioambiente\/wp-content\/uploads\/2024\/05\/CALENDARIO-SELECTIVA_Z10-768x768.png 768w, https:\/\/www.rivera.gub.uy\/medioambiente\/wp-content\/uploads\/2024\/05\/CALENDARIO-SELECTIVA_Z10-1536x1536.png 1536w, https:\/\/www.rivera.gub.uy\/medioambiente\/wp-content\/uploads\/2024\/05\/CALENDARIO-SELECTIVA_Z10-2048x2048.png 2048w, https:\/\/www.rivera.gub.uy\/medioambiente\/wp-content\/uploads\/2024\/05\/CALENDARIO-SELECTIVA_Z10-820x820.png 820w\" sizes=\"(max-width: 150px) 100vw, 150px\" \/><\/a>\n\t\t\t<\/div><\/figure><figure class='gallery-item'>\n\t\t\t<div class='gallery-icon landscape'>\n\t\t\t\t<a href='https:\/\/www.rivera.gub.uy\/medioambiente\/wp-content\/uploads\/2024\/05\/CALENDARIO-SELECTIVA_Z11.png'><img loading=\"lazy\" decoding=\"async\" width=\"150\" height=\"150\" src=\"https:\/\/www.rivera.gub.uy\/medioambiente\/wp-content\/uploads\/2024\/05\/CALENDARIO-SELECTIVA_Z11-150x150.png\" class=\"attachment-thumbnail size-thumbnail\" alt=\"\" srcset=\"https:\/\/www.rivera.gub.uy\/medioambiente\/wp-content\/uploads\/2024\/05\/CALENDARIO-SELECTIVA_Z11-150x150.png 150w, https:\/\/www.rivera.gub.uy\/medioambiente\/wp-content\/uploads\/2024\/05\/CALENDARIO-SELECTIVA_Z11-300x300.png 300w, https:\/\/www.rivera.gub.uy\/medioambiente\/wp-content\/uploads\/2024\/05\/CALENDARIO-SELECTIVA_Z11-1024x1024.png 1024w, https:\/\/www.rivera.gub.uy\/medioambiente\/wp-content\/uploads\/2024\/05\/CALENDARIO-SELECTIVA_Z11-768x768.png 768w, https:\/\/www.rivera.gub.uy\/medioambiente\/wp-content\/uploads\/2024\/05\/CALENDARIO-SELECTIVA_Z11-1536x1536.png 1536w, https:\/\/www.rivera.gub.uy\/medioambiente\/wp-content\/uploads\/2024\/05\/CALENDARIO-SELECTIVA_Z11-2048x2048.png 2048w, https:\/\/www.rivera.gub.uy\/medioambiente\/wp-content\/uploads\/2024\/05\/CALENDARIO-SELECTIVA_Z11-820x820.png 820w\" sizes=\"(max-width: 150px) 100vw, 150px\" \/><\/a>\n\t\t\t<\/div><\/figure><figure class='gallery-item'>\n\t\t\t<div class='gallery-icon landscape'>\n\t\t\t\t<a href='https:\/\/www.rivera.gub.uy\/medioambiente\/wp-content\/uploads\/2024\/05\/CALENDARIO-SELECTIVA_Z12.png'><img loading=\"lazy\" decoding=\"async\" width=\"150\" height=\"150\" src=\"https:\/\/www.rivera.gub.uy\/medioambiente\/wp-content\/uploads\/2024\/05\/CALENDARIO-SELECTIVA_Z12-150x150.png\" class=\"attachment-thumbnail size-thumbnail\" alt=\"\" srcset=\"https:\/\/www.rivera.gub.uy\/medioambiente\/wp-content\/uploads\/2024\/05\/CALENDARIO-SELECTIVA_Z12-150x150.png 150w, https:\/\/www.rivera.gub.uy\/medioambiente\/wp-content\/uploads\/2024\/05\/CALENDARIO-SELECTIVA_Z12-300x300.png 300w, https:\/\/www.rivera.gub.uy\/medioambiente\/wp-content\/uploads\/2024\/05\/CALENDARIO-SELECTIVA_Z12-1024x1024.png 1024w, https:\/\/www.rivera.gub.uy\/medioambiente\/wp-content\/uploads\/2024\/05\/CALENDARIO-SELECTIVA_Z12-768x768.png 768w, https:\/\/www.rivera.gub.uy\/medioambiente\/wp-content\/uploads\/2024\/05\/CALENDARIO-SELECTIVA_Z12-1536x1536.png 1536w, https:\/\/www.rivera.gub.uy\/medioambiente\/wp-content\/uploads\/2024\/05\/CALENDARIO-SELECTIVA_Z12-2048x2048.png 2048w, https:\/\/www.rivera.gub.uy\/medioambiente\/wp-content\/uploads\/2024\/05\/CALENDARIO-SELECTIVA_Z12-820x820.png 820w\" sizes=\"(max-width: 150px) 100vw, 150px\" \/><\/a>\n\t\t\t<\/div><\/figure>\n\t\t<\/div>\n<\/p>\n<p>\t\t<\/div>\n\n\t\t<\/p>\n<p>\n\t\t\t\t\t<h3 role=\"button\" id=\"accordion-1-t4\" class=\"accordion-title js-accordion-controller\" aria-controls=\"accordion-1-c4\" aria-expanded=\"false\" tabindex=\"0\">\n\t\t\t\tCompostaje casero\t\t\t<\/h3>\n\t\t\n\t\t<div id=\"accordion-1-c4\" class=\"accordion-content\" aria-hidden=\"true\">\n\t\t\t<\/p>\n<p>Enmarcado en el programa \"Rivera Composta\", Su objetivo es incentivar el pensamiento cr\u00edtico en j\u00f3venes, relacionando t\u00e9cnicas de compostaje con sus efectos sobre el cambio clim\u00e1tico, la regeneraci\u00f3n de suelos y la disminuci\u00f3n de residuos a disposici\u00f3n final. Las t\u00e9cnicas regenerativas, incluyendo el proceso de compostaje, aportan a la consecuci\u00f3n de los Objetivos de Desarrollo Sostenible y de las metas definidas en el Plan Nacional de Gesti\u00f3n de Residuos.<\/p>\n<p>Gu\u00eda Compost (<a href=\"https:\/\/drive.google.com\/file\/d\/1vCO1C2QbFEOe87GVN8BWjBHy6tOdGcsV\/view?usp=drive_link\" target=\"_blank\" rel=\"noopener\">descargar<\/a>)<\/p>\n<p>\t\t<\/div>\n\n\t\t<\/p>\n<p>\n\t\t\t\t\t<h3 role=\"button\" id=\"accordion-1-t5\" class=\"accordion-title js-accordion-controller\" aria-controls=\"accordion-1-c5\" aria-expanded=\"false\" tabindex=\"0\">\n\t\t\t\tBarrido Urbano \/ Mantenimiento de papeleras\t\t\t<\/h3>\n\t\t\n\t\t<div id=\"accordion-1-c5\" class=\"accordion-content\" aria-hidden=\"true\">\n\t\t\t<\/p>\n<p style=\"text-align: left;\">La IDR cuenta con servicio de barrido urbano manual y mec\u00e1nico. Se recomienda que los vecinos limpien la vereda, teniendo en cuenta la frecuencia de barrido de la calle donde se encuentra cada hogar, de esa manera se valora el trabajo de los barredores. Otra opci\u00f3n es barrer la vereda y juntar el residuo para colocarlo en la recolecci\u00f3n domiciliaria.<\/p>\n<p style=\"text-align: left;\">Las papeleras en la v\u00eda p\u00fablica no son para depositar bolsas de residuos generadas en los domicilios, sino para aquellos residuos chicos que generamos cuando estamos en la calle, como papeles de golosinas, etc.<\/p>\n<p>\t\t<\/div>\n\n\t\t<\/p>\n<p>\n\t\t\t\t\t<h3 role=\"button\" id=\"accordion-1-t6\" class=\"accordion-title js-accordion-controller\" aria-controls=\"accordion-1-c6\" aria-expanded=\"false\" tabindex=\"0\">\n\t\t\t\tControl de basurales, limpiezas generales y desmalezados.\t\t\t<\/h3>\n\t\t\n\t\t<div id=\"accordion-1-c6\" class=\"accordion-content\" aria-hidden=\"true\">\n\t\t\t<\/p>\n<p style=\"text-align: left;\">Para el control de basurales se cuenta con la ubicaci\u00f3n de volqueta ubicados en diferentes puntos de la ciudad. En caso de realizar limpieza en los hogares fuera de la fecha de la recolecci\u00f3n de residuos extraordinarios por calendario, los residuos podr\u00e1n ser depositados en dichas volquetas. La IDR cuenta con este servicio, teniendo circuitos de control de basurales.<\/p>\n<p style=\"text-align: left;\"><strong>Ubicaci\u00f3n de volquetas en la ciudad de Rivera:<\/strong><\/p>\n<table width=\"100%\">\n<colgroup>\n<col width=\"98\" \/>\n<col width=\"503\" \/> <\/colgroup>\n<tbody>\n<tr>\n<td align=\"center\" width=\"13%\">\n<p dir=\"ltr\"><strong id=\"docs-internal-guid-11db16d4-40e1-0dc1-8359-888cf281f21b\">Cantidad<\/strong><\/p>\n<\/td>\n<td align=\"center\" width=\"87%\">\n<p dir=\"ltr\"><strong id=\"docs-internal-guid-11db16d4-40e1-0dc1-8359-888cf281f21b\">Calles<\/strong><\/p>\n<\/td>\n<\/tr>\n<tr>\n<td align=\"center\">\n<p dir=\"ltr\"><em>1<\/em><\/p>\n<\/td>\n<td>\n<p dir=\"ltr\">Mar\u00eda Balestra y Ventura Piriz<\/p>\n<\/td>\n<\/tr>\n<tr>\n<td align=\"center\">\n<p dir=\"ltr\"><em>2<\/em><\/p>\n<\/td>\n<td>\n<p dir=\"ltr\">Noroeste de Estadio Municipal<\/p>\n<\/td>\n<\/tr>\n<tr>\n<td align=\"center\">\n<p dir=\"ltr\"><em>2<\/em><\/p>\n<\/td>\n<td>\n<p dir=\"ltr\">Rod\u00f3 y Luis A. de Herrera<\/p>\n<\/td>\n<\/tr>\n<tr>\n<td align=\"center\">\n<p dir=\"ltr\"><em>3<\/em><\/p>\n<\/td>\n<td>\n<p dir=\"ltr\">Sacrificio de Sonia: Manuel Freire y Hnos Artigas, Manuel Mel\u00e9ndez entre Celedonio Rosas y Hnos Spikerman<\/p>\n<\/td>\n<\/tr>\n<tr>\n<td align=\"center\">\n<p dir=\"ltr\"><em>2<\/em><\/p>\n<\/td>\n<td>\n<p dir=\"ltr\">Pueblo Nuevo: Tabob\u00e1 y Espa\u00f1a, Benito Nardone y Faustino Car\u00e1mbula<\/p>\n<\/td>\n<\/tr>\n<tr>\n<td align=\"center\">\n<p dir=\"ltr\"><em>3<\/em><\/p>\n<\/td>\n<td>\n<p dir=\"ltr\">V\u00eda F\u00e9rrea y D. Ug\u00f3n, L. G\u00f3mez y Gestido<\/p>\n<\/td>\n<\/tr>\n<tr>\n<td align=\"center\">\n<p dir=\"ltr\"><em>4<\/em><\/p>\n<\/td>\n<td>\n<p dir=\"ltr\">Serralta y Luisa Izaguirre de Paines; Luisa Izaguirre de Paines y Agr. Mart\u00edn Pays; Serralta y Magali Herrera; Magali Herrera y Agr. Mart\u00edn Pays<\/p>\n<\/td>\n<\/tr>\n<tr>\n<td align=\"center\">\n<p dir=\"ltr\"><em>3<\/em><\/p>\n<\/td>\n<td>\n<p dir=\"ltr\">La Colina<\/p>\n<\/td>\n<\/tr>\n<\/tbody>\n<\/table>\n<p>\t\t<\/div>\n\n\t\t<\/p>\n<p>\n\t\t\t\t\t<h3 role=\"button\" id=\"accordion-1-t7\" class=\"accordion-title js-accordion-controller\" aria-controls=\"accordion-1-c7\" aria-expanded=\"false\" tabindex=\"0\">\n\t\t\t\tSitio de disposici\u00f3n final de residuos (Relleno sanitario de Paso del Enano)\t\t\t<\/h3>\n\t\t\n\t\t<div id=\"accordion-1-c7\" class=\"accordion-content\" aria-hidden=\"true\">\n\t\t\t<\/p>\n<p style=\"text-align: left;\">A 5 km del centro de la ciudad se ubica el relleno sanitario, lugar destinado para la disposici\u00f3n final de residuos con medidas especiales para reducir los problemas ambientales generados, el mismo se encuentra en etapas de abandono, contando la IDR con un nuevo predio en el paraje Curticeiras para un nuevo relleno sanitario o la soluci\u00f3n m\u00e1s adecuada para la disposici\u00f3n final de los residuos s\u00f3lidos urbanos.<\/p>\n<p><strong>\u00bfQu\u00e9 es relleno sanitario?<\/strong><br \/>\nEl relleno sanitario es un sistema de disposici\u00f3n final de residuos s\u00f3lidos, que tiene una adecuada impermeabilizaci\u00f3n para que no se contamine la capa fre\u00e1tica, un sistema de extracci\u00f3n y tratamiento de los l\u00edquidos lixiviados y un sistema de captura y tratamiento de los gases para mitigar el efecto invernadero.<br \/>\nLos residuos al entrar en descomposici\u00f3n desprenden l\u00edquidos con alta concentraci\u00f3n de contaminantes (lixiviados) y gases (principalmente metano) que afectan el ambiente, y que contribuyen a agravar el fen\u00f3meno del cambio clim\u00e1tico que actualmente afecta a nuestro planeta (Gases de Efecto Invernadero).<\/p>\n<p>\t\t<\/div>\n\n\t\t<\/p>\n<p>\n\t\t\t\t\t<h3 role=\"button\" id=\"accordion-1-t8\" class=\"accordion-title js-accordion-controller\" aria-controls=\"accordion-1-c8\" aria-expanded=\"false\" tabindex=\"0\">\n\t\t\t\t\u00cdndices de generaci\u00f3n de residuos\t\t\t<\/h3>\n\t\t\n\t\t<div id=\"accordion-1-c8\" class=\"accordion-content\" aria-hidden=\"true\">\n\t\t\t<\/p>\n<p><a href=\"https:\/\/www.rivera.gub.uy\/medioambiente\/wp-content\/uploads\/2023\/08\/Tabla-con-residuos-IDR.xls-Hoja1-04-21.png\"><img loading=\"lazy\" decoding=\"async\" class=\"aligncenter wp-image-7869 size-medium\" src=\"https:\/\/www.rivera.gub.uy\/medioambiente\/wp-content\/uploads\/2023\/08\/Tabla-con-residuos-IDR.xls-Hoja1-04-21-300x51.png\" alt=\"\" width=\"300\" height=\"51\" srcset=\"https:\/\/www.rivera.gub.uy\/medioambiente\/wp-content\/uploads\/2023\/08\/Tabla-con-residuos-IDR.xls-Hoja1-04-21-300x51.png 300w, https:\/\/www.rivera.gub.uy\/medioambiente\/wp-content\/uploads\/2023\/08\/Tabla-con-residuos-IDR.xls-Hoja1-04-21-1024x173.png 1024w, https:\/\/www.rivera.gub.uy\/medioambiente\/wp-content\/uploads\/2023\/08\/Tabla-con-residuos-IDR.xls-Hoja1-04-21-768x130.png 768w, https:\/\/www.rivera.gub.uy\/medioambiente\/wp-content\/uploads\/2023\/08\/Tabla-con-residuos-IDR.xls-Hoja1-04-21-1536x260.png 1536w, https:\/\/www.rivera.gub.uy\/medioambiente\/wp-content\/uploads\/2023\/08\/Tabla-con-residuos-IDR.xls-Hoja1-04-21-2048x347.png 2048w, https:\/\/www.rivera.gub.uy\/medioambiente\/wp-content\/uploads\/2023\/08\/Tabla-con-residuos-IDR.xls-Hoja1-04-21-820x139.png 820w\" sizes=\"(max-width: 300px) 100vw, 300px\" \/><\/a><\/p>\n<p>\t\t<\/div>\n\n\t\t<\/p>\n<p>\n\t\t\t\t\t<h3 role=\"button\" id=\"accordion-1-t9\" class=\"accordion-title js-accordion-controller\" aria-controls=\"accordion-1-c9\" aria-expanded=\"false\" tabindex=\"0\">\n\t\t\t\tPrograma Tu pila vale pila\t\t\t<\/h3>\n\t\t\n\t\t<div id=\"accordion-1-c9\" class=\"accordion-content\" aria-hidden=\"true\">\n\t\t\t<\/p>\n<p style=\"text-align: left;\">Este programa surge con el fin de estimular la conciencia de la ciudadan\u00eda sobre la gran contaminaci\u00f3n que producen las pilas usadas cuando son arrojadas al suelo o al agua.<\/p>\n<p><strong>Objetivo espec\u00edfico<\/strong><br \/>\nQuitar las pilas del ambiente mediante este Programa que lleva 15 a\u00f1os, y su confinamiento en un sitio de disposici\u00f3n final ambientalmente apropiado.<\/p>\n<p><strong>Metodolog\u00eda \/ Actividades.<\/strong><br \/>\nSe convoca p\u00fablicamente a escolares, estudiantes, centros educativos, instituciones, empresas que deseen participar en el Programa que tiene realizaci\u00f3n anual. Se reciben las pilas en la oficina de la Divisi\u00f3n Medio Ambiente, las que son pesadas en balanza, registr\u00e1ndose al participante en una Ficha Particular interna, dividi\u00e9ndose en dos categor\u00edas: INDIVIDUAL (escolares, liceales, vecinos) o ENTIDADES (centros educativos, comercios, empresas, comisiones barriales). Se emite un recibo al participante por la cantidad recibida.<\/p>\n<p>El 31 de Octubre de cada a\u00f1o se cierra la puntuaci\u00f3n del a\u00f1o corriente, pero al d\u00eda h\u00e1bil siguiente ya se reciben para el programa del a\u00f1o siguiente, de modo que el programa no se detiene nunca, garantizando la recepci\u00f3n TODOS los d\u00edas del a\u00f1o. Una vez elaborada la lista de puntuaci\u00f3n a esa fecha en ambas categor\u00edas, se adjudican obsequios cuya importancia est\u00e1 relacionada a la cantidad de kilogramos de pilas entregados hasta la fecha antedicha.<\/p>\n<p>A mediados de Noviembre de cada a\u00f1o se entregan los obsequios en un Acto donde concurren todos los participantes, delegaciones escolares, instituciones y los obsequios son entregados por el Intendente Departamental, autoridades de Educaci\u00f3n Primaria y Secundaria y Empresas cooperantes. Se recuerda que en ese momento ya se est\u00e1n recibiendo pilas para programa del a\u00f1o siguiente.<\/p>\n<p>Se entregan unos 150 premios consistentes en Canastas de \u00datiles Escolares, redes y pelotas de volleyball, pelotas de f\u00fatbol y de handball, bicicletas, televisores, radios, reproductores de DVD, m\u00e1quinas fotogr\u00e1ficas, tel\u00e9fonos celulares, calculadoras cient\u00edficas, pen drives, mochilas escolares, cartucheras de \u00fatiles, diccionarios enciclop\u00e9dicos, planisferios, juegos did\u00e1cticos, kits para asadores, y otros. En algunos a\u00f1os se otorgaron viajes a las termas en Salto y Paysand\u00fa para el grupo ganador, en el caso de centros educativos escolares, y visitas guiadas a la Reserva de Fauna y Flora \u201cGruta de Piria\u201d.<\/p>\n<ul>\n<li>En toda la difusi\u00f3n del programa se pone \u00e9nfasis en que no se trata de una competencia, sino que el otorgamiento de premios es apenas un est\u00edmulo al mayor compromiso del cuidado del ambiente. Precisamente se hace notar siempre que el principal premio es obtener un medio ambiente menos contaminado y m\u00e1s saludable.<\/li>\n<\/ul>\n<p><strong>Destino final de las pilas<\/strong><br \/>\nLas pilas usadas que se reciben, peri\u00f3dicamente son trasladadas al Relleno Sanitario Municipal, donde son colocadas en grandes reservorios de hormig\u00f3n, los que una vez llenados se sellan definitivamente quedando as\u00ed confinadas sin contacto con el ambiente. Los reservorios son pintados de blanco de modo de detectar filtraciones, para que puedan ser revestidos nuevamente con hormig\u00f3n. Esto no ha sido necesario en los 15 a\u00f1os del Programa\u2026. Se recuerda que la humanidad no ha encontrado un m\u00e9todo rentable y amigable ambientalmente de reciclar las pilas usadas o alguno de sus componentes.<\/p>\n<ul>\n<li>En las campa\u00f1as de difusi\u00f3n de la actividad, y base al dato que una pila contamina m\u00e1s de 500 litros de agua, y atento al promedio de pilas contenidas en un kilogramo, se hace notar que los participantes de \u201cTu Pila Vale Pila\u201d evitan la contaminaci\u00f3n de cerca de 75 MILLONES de litros de agua por a\u00f1o en el departamento de Rivera.<\/li>\n<\/ul>\n<p>\t\t<\/div>\n\n\t\t<\/p>\n<p>\n\t\t\t\t\t<h3 role=\"button\" id=\"accordion-1-t10\" class=\"accordion-title js-accordion-controller\" aria-controls=\"accordion-1-c10\" aria-expanded=\"false\" tabindex=\"0\">\n\t\t\t\tCentro de acopio de lubricantes y aceites usados\t\t\t<\/h3>\n\t\t\n\t\t<div id=\"accordion-1-c10\" class=\"accordion-content\" aria-hidden=\"true\">\n\t\t\t<\/p>\n<p style=\"text-align: left;\">El 4 del Julio de 2012, se realiz\u00f3 en la Divisi\u00f3n Medio Ambiente una Charla Informativa sobre Lubricantes usados. Se cont\u00f3 con la disertaci\u00f3n de la Ing. Quim. Silvia Borghini de la Gerencia de Medio Ambiente de ANCAP y la presencia de otros t\u00e9cnicos que la acompa\u00f1aban. En la oportunidad se cont\u00f3 con la asistencia de representantes de instituciones p\u00fablicas de la ciudad, funcionarios y T\u00e9cnicos de Empresas forestales, de Estaciones de Servicios, Talleres Mec\u00e1nicos, estudiantes y otros interesados.<\/p>\n<p style=\"text-align: left;\">La actividad se enmarc\u00f3 en el Programa de Gesti\u00f3n de Lubricantes usados, que la Intendencia de Rivera ( la primera del pa\u00eds en hacerlo ) ven\u00eda trabajando en forma primaria. En d\u00edas posteriores a dicho Taller y dentro de dicho Programa se habilit\u00f3 en el predio del Relleno Sanitario un Centro de Acopio para recepci\u00f3n de lubricantes usados. Para ello se tuvo la especial colaboraci\u00f3n en insumos de Empresa Rodino &amp; Mignot de Rivera, Empresas forestales, la Cantera Municipal y se mont\u00f3 una log\u00edstica sustentable.<\/p>\n<p style=\"text-align: left;\">En el Centro de piso de concreto y rodeado con tejido ol\u00edmpico y carteler\u00eda apropiada, se reciben los lubricantes usados, los que son depositados en grandes tarrinas pl\u00e1sticas, entregando acta-recibo al remitente. Peri\u00f3dicamente la Empresa Petrom\u00f3vil al servicio de ANCAP env\u00eda un cami\u00f3n cisterna a recoger dicho lubricante usado, el que es transportado a la planta elaboradora de cemento portland de ANCAP en la ciudad de Minas, donde se usa como combustible de la cementera; por lo tanto lo que hasta ahora era un residuo en Rivera y que antes iba a la red de saneamiento o directamente al suelo contaminando en ambos casos nuestra agua, ahora es un combustible de utilidad.<\/p>\n<p><a href=\"http:\/\/www.rivera.gub.uy\/medioambiente\/wp-content\/uploads\/2017\/04\/centro-de-acopio-de-lubricantes-y-aceites-usados.jpg\"><img loading=\"lazy\" decoding=\"async\" class=\"aligncenter wp-image-968 size-full\" src=\"http:\/\/www.rivera.gub.uy\/medioambiente\/wp-content\/uploads\/2017\/04\/centro-de-acopio-de-lubricantes-y-aceites-usados.jpg\" alt=\"\" width=\"1000\" height=\"189\" srcset=\"https:\/\/www.rivera.gub.uy\/medioambiente\/wp-content\/uploads\/2017\/04\/centro-de-acopio-de-lubricantes-y-aceites-usados.jpg 1000w, https:\/\/www.rivera.gub.uy\/medioambiente\/wp-content\/uploads\/2017\/04\/centro-de-acopio-de-lubricantes-y-aceites-usados-300x57.jpg 300w, https:\/\/www.rivera.gub.uy\/medioambiente\/wp-content\/uploads\/2017\/04\/centro-de-acopio-de-lubricantes-y-aceites-usados-768x145.jpg 768w, https:\/\/www.rivera.gub.uy\/medioambiente\/wp-content\/uploads\/2017\/04\/centro-de-acopio-de-lubricantes-y-aceites-usados-820x155.jpg 820w\" sizes=\"(max-width: 1000px) 100vw, 1000px\" \/><\/a><\/p>\n<p>\t\t<\/div>\n\n\t\t<\/p>\n<p>\n\t\t\t\t\t<h3 role=\"button\" id=\"accordion-1-t11\" class=\"accordion-title js-accordion-controller\" aria-controls=\"accordion-1-c11\" aria-expanded=\"false\" tabindex=\"0\">\n\t\t\t\tCentro de acopio de envases de agroqu\u00edmicos\t\t\t<\/h3>\n\t\t\n\t\t<div id=\"accordion-1-c11\" class=\"accordion-content\" aria-hidden=\"true\">\n\t\t\t<\/p>\n<p style=\"text-align: left;\">Los envases de agroqu\u00edmicos se reciben triplemente lavados e inutilizados. Hace 11 a\u00f1os que se di\u00f3 apertura del Centro de acopio de envases de agroqu\u00edmicos, actualmente ampliado con \u201cPrograma Campo Limpio\u201d. La inauguraci\u00f3n de la ampliaci\u00f3n se llev\u00f3 a cabo en julio de 2015.<\/p>\n<p style=\"text-align: left;\"><strong>Destino Final:<\/strong> Estos envases son derivados para la elaboraci\u00f3n de porteras, bancos, postes, piques, etc. Vienen envases de todo el pa\u00eds, pues es el \u00fanico Centro sin costo para el remitente.<\/p>\n<p>\t\t<\/div>\n\n\t\t<\/p>\n<p>\n\t\t\t\t\t<h3 role=\"button\" id=\"accordion-1-t12\" class=\"accordion-title js-accordion-controller\" aria-controls=\"accordion-1-c12\" aria-expanded=\"false\" tabindex=\"0\">\n\t\t\t\tCentro de acopio de neum\u00e1ticos fuera de usos\t\t\t<\/h3>\n\t\t\n\t\t<div id=\"accordion-1-c12\" class=\"accordion-content\" aria-hidden=\"true\">\n\t\t\t<\/p>\n<p style=\"text-align: left;\">La Intendencia cuenta con un convenio con el Plan de NFU (Reciclo NFU), donde recolecta semanalmente en gomer\u00edas de peque\u00f1o porte los neum\u00e1ticos en desuso. \u00c9stos son transportados al Centro de Acopio en construcci\u00f3n ubicado en el predio de Paso del Enano, los que son transportados al Centro de Acopio ubicado en la Ruta 1, para su posterior destino final a una cementera, para su utilizaci\u00f3n como fuente de energ\u00eda mediante pir\u00f3lisis, mientras se investiga sobre otros usos. Las gomer\u00edas que generan importante NFU, llevan las mismas al Centro de Acopio.<\/p>\n<p>RECICLO NFU es un programa de recolecci\u00f3n gratuita y transformaci\u00f3n del neum\u00e1tico fuera de uso, que tiene como objetivo convertir este desecho en nuevos consumos con el fin de seguir moviendo y potenciando el desarrollo del pa\u00eds, de manera sustentable y comprometida con el medio ambiente.<\/p>\n<p>Hoy en d\u00eda el principal destino ser\u00e1 la valorizaci\u00f3n energ\u00e9tica, por eso luego de su recolecci\u00f3n y procesamiento ser\u00e1 trasladado a una cementera mientras se trabaja en la investigaci\u00f3n para nuevos usos.<\/p>\n<p>\t\t<\/div>\n\n\t\t<\/p>\n<p>\n\t\t\t\t\t<h3 role=\"button\" id=\"accordion-1-t13\" class=\"accordion-title js-accordion-controller\" aria-controls=\"accordion-1-c13\" aria-expanded=\"false\" tabindex=\"0\">\n\t\t\t\tPlanta de compostaje\t\t\t<\/h3>\n\t\t\n\t\t<div id=\"accordion-1-c13\" class=\"accordion-content\" aria-hidden=\"true\">\n\t\t\t<\/p>\n<p style=\"text-align: left;\">Ubicada en el predio de Paso del Enano, se procesan las podas y restos de vegetales, residuos provenientes de la recolecci\u00f3n de residuos extraordinarios por calendario, obteniendo el compost, producto mejorador de suelos. Con esta pr\u00e1ctica ambientalmente adecuada se evita el enterramiento de estos residuos, devolvi\u00e9ndole al suelo en forma de fertilizante org\u00e1nico.<\/p>\n<p style=\"text-align: left;\">El compost obtenido luego del proceso es utilizado por Divisi\u00f3n Parques y Jardines de la IDR en el mantenimiento de \u00e1reas verdes y enjardinado, como abono de espacios p\u00fablicos y tambi\u00e9n para uso del p\u00fablico en general. La entrada al relleno de compostaje, se regula por medio de una balanza electr\u00f3nica con control inform\u00e1tico.<a href=\"http:\/\/www.rivera.gub.uy\/medioambiente\/wp-content\/uploads\/2017\/04\/planta-de-compostaje.jpg\"><img loading=\"lazy\" decoding=\"async\" class=\"aligncenter wp-image-967 size-full\" src=\"http:\/\/www.rivera.gub.uy\/medioambiente\/wp-content\/uploads\/2017\/04\/planta-de-compostaje.jpg\" alt=\"\" width=\"1000\" height=\"230\" srcset=\"https:\/\/www.rivera.gub.uy\/medioambiente\/wp-content\/uploads\/2017\/04\/planta-de-compostaje.jpg 1000w, https:\/\/www.rivera.gub.uy\/medioambiente\/wp-content\/uploads\/2017\/04\/planta-de-compostaje-300x69.jpg 300w, https:\/\/www.rivera.gub.uy\/medioambiente\/wp-content\/uploads\/2017\/04\/planta-de-compostaje-768x177.jpg 768w, https:\/\/www.rivera.gub.uy\/medioambiente\/wp-content\/uploads\/2017\/04\/planta-de-compostaje-820x189.jpg 820w\" sizes=\"(max-width: 1000px) 100vw, 1000px\" \/><\/a><\/p>\n<p>\t\t<\/div>\n\n\t\t<\/p>\n<p>\n\t\t\t\t\t<h3 role=\"button\" id=\"accordion-1-t14\" class=\"accordion-title js-accordion-controller\" aria-controls=\"accordion-1-c14\" aria-expanded=\"false\" tabindex=\"0\">\n\t\t\t\tGesti\u00f3n de residuos para Empresas\t\t\t<\/h3>\n\t\t\n\t\t<div id=\"accordion-1-c14\" class=\"accordion-content\" aria-hidden=\"true\">\n\t\t\t<\/p>\n<p>Declaraci\u00f3n de gesti\u00f3n de residuos (<a href=\"https:\/\/www.rivera.gub.uy\/medioambiente\/wp-content\/uploads\/2019\/03\/Formulario-de-declaraci%C3%B3n-de-gesti%C3%B3n-de-residuos-s%C3%B3lidos-2019.xls\" target=\"_blank\" rel=\"noopener noreferrer\">descargar<\/a>)<\/p>\n<p>Curso de gesti\u00f3n de residuos para empresas (<a href=\"https:\/\/drive.google.com\/file\/d\/1YAQNfCNaH18jyETKFl4NbIv7AKzYOl7u\/view\" target=\"_blank\" rel=\"noopener noreferrer\">descargar<\/a>)<\/p>\n<p>Recuperaci\u00f3n de materiales reciclables (<a href=\"https:\/\/drive.google.com\/file\/d\/1zB-LLoGRlnksQR47YcL8TPRhwklvjl3B\/view?usp=drive_link\" target=\"_blank\" rel=\"noopener\">descargar<\/a>)<\/p>\n<p>\t\t<\/div>\n\n\t\t<\/p>\n<p><\/div>\n<\/div>\n<\/div><\/div><div id=\"panel-762-0-0-1\" class=\"so-panel widget widget_sow-button\" data-index=\"1\" ><div\n\t\t\t\n\t\t\tclass=\"so-widget-sow-button so-widget-sow-button-wire-f7ba9110029e-762\"\n\t\t\t\n\t\t><div class=\"ow-button-base ow-button-align-center\">\n\t<a\n\thref=\"https:\/\/drive.google.com\/file\/d\/18MteXGXbuuZhUTFEiKzvR5w6OvFKT-nl\/view?usp=sharing\"\n\t\tclass=\"ow-icon-placement-left ow-button-hover\" target=\"_blank\" rel=\"noopener noreferrer\" download=\"\" \t>\n\t\t<span>\n\t\t\t\n\t\t\tPlan Departamental de Gesti\u00f3n Integral de Residuos y Econom\u00eda Circular\t\t<\/span>\n\t<\/a>\n<\/div>\n<\/div><\/div><div id=\"panel-762-0-0-2\" class=\"so-panel widget widget_sow-button panel-last-child\" data-index=\"2\" ><div\n\t\t\t\n\t\t\tclass=\"so-widget-sow-button so-widget-sow-button-wire-f7ba9110029e-762\"\n\t\t\t\n\t\t><div class=\"ow-button-base ow-button-align-center\">\n\t<a\n\thref=\"https:\/\/drive.google.com\/file\/d\/1zB-LLoGRlnksQR47YcL8TPRhwklvjl3B\/view?usp=sharing\"\n\t\tclass=\"ow-icon-placement-left ow-button-hover\" target=\"_blank\" rel=\"noopener noreferrer\" download=\"\" \t>\n\t\t<span>\n\t\t\t\n\t\t\tRecuperaci\u00f3n de materiales reciclables\t\t<\/span>\n\t<\/a>\n<\/div>\n<\/div><\/div><\/div><\/div><\/div>","protected":false},"excerpt":{"rendered":"<p>La estrategia de la IDR en materia de residuos es visualizar los servicios de higiene urbana de forma integral, respetando criterios ambientales y comenzando un proceso de descentralizaci\u00f3n planificado desde la capital hacia las Alcald\u00edas. Se apunta a mejorar la eficacia y eficiencia de los servicios acompa\u00f1ando el crecimiento de la demanda y unificando la [&hellip;]<\/p>\n","protected":false},"author":2,"featured_media":0,"parent":546,"menu_order":0,"comment_status":"closed","ping_status":"closed","template":"","meta":{"footnotes":""},"_links":{"self":[{"href":"https:\/\/www.rivera.gub.uy\/medioambiente\/wp-json\/wp\/v2\/pages\/762"}],"collection":[{"href":"https:\/\/www.rivera.gub.uy\/medioambiente\/wp-json\/wp\/v2\/pages"}],"about":[{"href":"https:\/\/www.rivera.gub.uy\/medioambiente\/wp-json\/wp\/v2\/types\/page"}],"author":[{"embeddable":true,"href":"https:\/\/www.rivera.gub.uy\/medioambiente\/wp-json\/wp\/v2\/users\/2"}],"replies":[{"embeddable":true,"href":"https:\/\/www.rivera.gub.uy\/medioambiente\/wp-json\/wp\/v2\/comments?post=762"}],"version-history":[{"count":22,"href":"https:\/\/www.rivera.gub.uy\/medioambiente\/wp-json\/wp\/v2\/pages\/762\/revisions"}],"predecessor-version":[{"id":25066,"href":"https:\/\/www.rivera.gub.uy\/medioambiente\/wp-json\/wp\/v2\/pages\/762\/revisions\/25066"}],"up":[{"embeddable":true,"href":"https:\/\/www.rivera.gub.uy\/medioambiente\/wp-json\/wp\/v2\/pages\/546"}],"wp:attachment":[{"href":"https:\/\/www.rivera.gub.uy\/medioambiente\/wp-json\/wp\/v2\/media?parent=762"}],"curies":[{"name":"wp","href":"https:\/\/api.w.org\/{rel}","templated":true}]}}