{"id":993,"date":"2017-10-10T18:41:30","date_gmt":"2017-10-10T18:41:30","guid":{"rendered":"http:\/\/www.rivera.gub.uy\/medioambiente\/?page_id=993"},"modified":"2023-05-24T16:21:36","modified_gmt":"2023-05-24T16:21:36","slug":"proyecto-sandia","status":"publish","type":"page","link":"https:\/\/www.rivera.gub.uy\/medioambiente\/estrategias\/desarrollo-rural\/proyecto-sandia\/","title":{"rendered":"Proyecto Sand\u00eda"},"content":{"rendered":"<div id=\"pl-993\"  class=\"panel-layout\" ><div id=\"pg-993-0\"  class=\"panel-grid panel-no-style\" ><div id=\"pgc-993-0-0\"  class=\"panel-grid-cell\" ><div id=\"panel-993-0-0-0\" class=\"so-panel widget widget_sow-editor panel-first-child\" data-index=\"0\" ><div\n\t\t\t\n\t\t\tclass=\"so-widget-sow-editor so-widget-sow-editor-base\"\n\t\t\t\n\t\t>\n<div class=\"siteorigin-widget-tinymce textwidget\">\n\t<p><a href=\"https:\/\/www.rivera.gub.uy\/medioambiente\/wp-content\/uploads\/2019\/03\/cabezal-sandia-1-1.png\"><br \/>\n<img loading=\"lazy\" decoding=\"async\" class=\"aligncenter wp-image-1564\" src=\"https:\/\/www.rivera.gub.uy\/medioambiente\/wp-content\/uploads\/2019\/03\/cabezal-sandia-1-1-300x131.png\" alt=\"\" width=\"836\" height=\"365\" srcset=\"https:\/\/www.rivera.gub.uy\/medioambiente\/wp-content\/uploads\/2019\/03\/cabezal-sandia-1-1-300x131.png 300w, https:\/\/www.rivera.gub.uy\/medioambiente\/wp-content\/uploads\/2019\/03\/cabezal-sandia-1-1-768x336.png 768w, https:\/\/www.rivera.gub.uy\/medioambiente\/wp-content\/uploads\/2019\/03\/cabezal-sandia-1-1.png 800w\" sizes=\"(max-width: 836px) 100vw, 836px\" \/><\/a><\/p>\n<h2 style=\"text-align: center;\">\u201cFortalecimiento de la Cadena de Producci\u00f3n de la Sand\u00eda en Productores Familiares del Departamento de Rivera\u201d<\/h2>\n<h4 style=\"text-align: center;\">PRY 2016\/1016.\u00a0OPP-FDI - IDR<\/h4>\n<blockquote>\n<p>El objetivo del proyecto es fortalecer la cadena en todos sus eslabones, desde la producci\u00f3n teniendo en cuenta y especial cuidado con los recursos naturales y humanos, la calidad y diferenciaci\u00f3n del producto dando difusi\u00f3n y resaltando sus atributos y apoyando a los productores en la comercializaci\u00f3n.<\/p>\n<\/blockquote>\n<div id=\"accordion-1\" class=\"accordion no-js\"><\/p>\n<p>\n\t\t\t\t\t<h3 role=\"button\" id=\"accordion-1-t1\" class=\"accordion-title js-accordion-controller\" aria-controls=\"accordion-1-c1\" aria-expanded=\"false\" tabindex=\"0\">\n\t\t\t\tSOBRE EL PROYECTO\t\t\t<\/h3>\n\t\t\n\t\t<div id=\"accordion-1-c1\" class=\"accordion-content\" aria-hidden=\"true\">\n\t\t\t<\/p>\n<h3>Montos y forma de financiamiento<\/h3>\n<p>El proyecto est\u00e1 financiado por el Fondo de Desarrollo del Interior de la Oficina de Planificaci\u00f3n y Presupuesto (OPP-FDI) en un 85% ($2.045.100) y por la Intendencia Departamental de Rivera en un 15% ($360.900), el plazo de ejecuci\u00f3n del mismo finalizar\u00e1 en Diciembre del 2020.<\/p>\n<table width=\"752\">\n<tbody>\n<tr>\n<td width=\"250\">\n<p style=\"text-align: center;\">Fuente<\/p>\n<\/td>\n<td style=\"text-align: center;\" width=\"250\">Monto ($)<\/td>\n<td style=\"text-align: center;\" width=\"251\">Porcentaje<\/td>\n<\/tr>\n<tr>\n<td width=\"250\">\n<p style=\"text-align: center;\">FDI<\/p>\n<\/td>\n<td width=\"250\">\n<p style=\"text-align: center;\">3.700.900<\/p>\n<\/td>\n<td width=\"251\">\n<p style=\"text-align: center;\">85 %<\/p>\n<\/td>\n<\/tr>\n<tr>\n<td width=\"250\">\n<p style=\"text-align: center;\">Intendencia<\/p>\n<\/td>\n<td width=\"250\">\n<p style=\"text-align: center;\">653.100<\/p>\n<\/td>\n<td width=\"251\">\n<p style=\"text-align: center;\">15\u00a0 %<\/p>\n<\/td>\n<\/tr>\n<tr>\n<td style=\"text-align: center;\" width=\"250\">Total<\/td>\n<td style=\"text-align: center;\" width=\"250\">4.354.000<\/td>\n<td width=\"251\">\n<p style=\"text-align: center;\">100%<\/p>\n<\/td>\n<\/tr>\n<\/tbody>\n<\/table>\n<h3>Objetivos<\/h3>\n<ul>\n<li>Capacitar a los productores hort\u00edcolas en temas como Buenas Pr\u00e1cticas Agr\u00edcolas, Producci\u00f3n, Comercializaci\u00f3n y Asociativismo.<\/li>\n<li>Generar un producto de calidad diferenciada, dando importancia a atributos como la inocuidad, frescura, cuidados con el medio ambiente y con el productor y su familia, para de esa manera posicionar la producci\u00f3n de sand\u00eda del Departamento de Rivera en el mercado nacional y generar un producto exportable.<\/li>\n<li>Formar una asociaci\u00f3n de productores que permita mejorar la comercializaci\u00f3n de insumos y productos y generar l\u00edneas de investigaci\u00f3n en los diferentes eslabones de la cadena, construyendo relaciones interinstitucionales para fortalecer a este sector productivo.<\/li>\n<\/ul>\n<p>Instituciones vinculadas: OPP, IDR, INASE, INIA, Facultad de Agronom\u00eda (UdelaR), UTEC, MGAP-DIGEGRA, Direcci\u00f3n Nacional ADUANAS, Min. Interior, Mercado Modelo, Sociedad Fomento Rural de Rivera, DGI, BPS, MIDES.<\/p>\n<h3>Poblaci\u00f3n objetivo<\/h3>\n<p>Se beneficiar\u00e1n 14 productores seleccionados por sus caracter\u00edsticas los que tendr\u00e1n el asesoramiento t\u00e9cnico directo de la Divisi\u00f3n de Desarrollo Rural y de t\u00e9cnicos especialistas en el cultivo, adem\u00e1s de capacitar e integrar a 50 productores y sus familias que tienen entre sus principales ingresos el cultivo de Sand\u00eda.<\/p>\n<p>Productores integrantes del proyecto<\/p>\n<p><strong><br \/>\nProductores:<\/strong><\/p>\n<ul>\n<li><a href=\"https:\/\/www.rivera.gub.uy\/medioambiente\/proyecto-sandia-parte-1\/\" target=\"_blank\" rel=\"noopener noreferrer\">Junior Lovatto, Paraje Sindicato, Tranqueras<\/a><\/li>\n<li><a href=\"https:\/\/www.rivera.gub.uy\/medioambiente\/proyecto-sandia-parte-2\/\" target=\"_blank\" rel=\"noopener noreferrer\">Pereira Hnos.<\/a><\/li>\n<li><a href=\"https:\/\/www.rivera.gub.uy\/medioambiente\/proyecto-sandia-parte-3\/\" target=\"_blank\" rel=\"noopener noreferrer\">Edilio Sanguinet, Paraje Batov\u00ed<\/a><\/li>\n<li><a href=\"https:\/\/www.rivera.gub.uy\/medioambiente\/proyecto-sandia-parte-4\/\" target=\"_blank\" rel=\"noopener noreferrer\">Eloir Franco, Paraje Batov\u00ed<\/a><\/li>\n<li><a href=\"https:\/\/www.rivera.gub.uy\/medioambiente\/proyecto-sandia-parte-5\/\" target=\"_blank\" rel=\"noopener noreferrer\">Cesar Dayuto, La Lata<\/a><\/li>\n<li><a href=\"https:\/\/www.rivera.gub.uy\/medioambiente\/proyecto-sandia-parte-6\/\" target=\"_blank\" rel=\"noopener noreferrer\">Junior Cal, La Lata<\/a><\/li>\n<li><a href=\"https:\/\/www.rivera.gub.uy\/medioambiente\/proyecto-sandia-parte-7\/\" target=\"_blank\" rel=\"noopener noreferrer\">Carlos Trindade, Sauzal, Tranqueras<\/a><\/li>\n<li><a href=\"https:\/\/www.rivera.gub.uy\/medioambiente\/proyecto-sandia-parte-8\/\" target=\"_blank\" rel=\"noopener noreferrer\">Claudia Cuebas, Parada Medina<\/a><\/li>\n<li><a href=\"https:\/\/www.rivera.gub.uy\/medioambiente\/proyecto-sandia-parte-9\/\" target=\"_blank\" rel=\"noopener noreferrer\">Juan Sotto, Sauzal Tranqueras<\/a><\/li>\n<li><a href=\"https:\/\/www.rivera.gub.uy\/medioambiente\/proyecto-sandia-parte-10\/\" target=\"_blank\" rel=\"noopener noreferrer\">Hermindo Sotto, Sauzal, Tranqueras<\/a><\/li>\n<li><a href=\"https:\/\/www.rivera.gub.uy\/medioambiente\/proyecto-sandia-parte-11\/\" target=\"_blank\" rel=\"noopener noreferrer\">Luna Hnos<\/a><\/li>\n<li><a href=\"https:\/\/www.rivera.gub.uy\/medioambiente\/proyecto-sandia-parte-12\/\" target=\"_blank\" rel=\"noopener noreferrer\">Flia. Arbiza de Oliveira<\/a><\/li>\n<li><a href=\"https:\/\/www.rivera.gub.uy\/medioambiente\/proyecto-sandia-parte-13\/\" target=\"_blank\" rel=\"noopener noreferrer\">Flia. Lotito<\/a><\/li>\n<\/ul>\n<p><strong>Equipo de trabajo:<\/strong><\/p>\n<ul>\n<li>Tec. Agr. Ra\u00fal Armand Ug\u00f3n, Director de la Divisi\u00f3n de Desarrollo Rural<\/li>\n<li>Ing. Agr. Pedro Maciel Yo.<\/li>\n<li>Ing. Agr. Gerardo D\u00edas.<\/li>\n<li>M.A.A. Juan Ignacio dos Santos Villar, Coordinador del Proyecto.<\/li>\n<\/ul>\n<p>\t\t<\/div>\n\n\t\t<\/p>\n<p>\n\t\t\t\t\t<h3 role=\"button\" id=\"accordion-1-t2\" class=\"accordion-title js-accordion-controller\" aria-controls=\"accordion-1-c2\" aria-expanded=\"false\" tabindex=\"0\">\n\t\t\t\tIDENTIDAD VISUAL\t\t\t<\/h3>\n\t\t\n\t\t<div id=\"accordion-1-c2\" class=\"accordion-content\" aria-hidden=\"true\">\n\t\t\t<\/p>\n<p>&nbsp;<\/p>\n<p><iframe style=\"border: none; width: 100%; height: 500px;\" src=\"https:\/\/e.issuu.com\/anonymous-embed.html?u=unidaddecomunicaciones8&amp;d=manual\" allowfullscreen=\"allowfullscreen\"><\/iframe><\/p>\n<div class=\"page\" title=\"Page 4\">\n<div class=\"section\">\n<div class=\"layoutArea\">\n<div class=\"column\">\n<h3>\u201cSCM APLICADO A SANDI\u0301AS DE RIVERA\u201d<\/h3>\n<p>El proyecto \u201cSCM (Supply Chain Management o Gestio\u0301n de la Cadena de Suministros) e imagen de marca aplicado a Sandi\u0301as de Rivera\u201d\u00a0 Es un proyecto realizado en el marco del programa IDEI InnovaTe de la Universidad Tecnol\u00f3gica, Realizado en conjunto con la Intendencia de Rivera mediante la Direcci\u00f3n general de Desarrollo y medio Ambiente, el mismo consta de 3 grandes ejes de trabajo.<\/p>\n<ol>\n<li>El ana\u0301lisis de la cadena de suministros de la sandi\u0301a, desde que sale del productor Rural, hasta que llega al punto de venta, reuniendo tiempos de procesos, actores involucrados, documentacio\u0301n y tra\u0301mites relacionados.<\/li>\n<li>La mejora de la imagen de marca, generando una nueva identidad visual para \u201cSandi\u0301as de Rivera\u201d, a partir de la zafra 2019-2020 el proyecto exhibira\u0301 su nuevo logo, y a trave\u0301s del escaneo de los co\u0301digos QR estampados en cada sandi\u0301a se podra\u0301 conocer al productor que planto\u0301 esa fruta, que especie de sandi\u0301as planta y hasta que fertilizantes empleo\u0301.\n<div class=\"mceTemp\"><\/div>\n<\/li>\n<li>Estudio de fuerzas y compresio\u0301n como causantes de pe\u0301rdidas en la produccio\u0301n.<br \/>\n<img loading=\"lazy\" decoding=\"async\" class=\"wp-image-1567 aligncenter\" src=\"https:\/\/www.rivera.gub.uy\/medioambiente\/wp-content\/uploads\/2019\/03\/QR-300x300.png\" alt=\"Formato de Ficha Web de ejemplo para productores 2019-2020\" width=\"166\" height=\"166\" srcset=\"https:\/\/www.rivera.gub.uy\/medioambiente\/wp-content\/uploads\/2019\/03\/QR-300x300.png 300w, https:\/\/www.rivera.gub.uy\/medioambiente\/wp-content\/uploads\/2019\/03\/QR-150x150.png 150w, https:\/\/www.rivera.gub.uy\/medioambiente\/wp-content\/uploads\/2019\/03\/QR.png 512w\" sizes=\"(max-width: 166px) 100vw, 166px\" \/><\/li>\n<\/ol>\n<\/div>\n<\/div>\n<\/div>\n<\/div>\n<div class=\"page\" title=\"Page 5\">\n<div class=\"section\">\n<div class=\"layoutArea\">\n<div class=\"column\">\n<h3>FOLLETO SAND\u00cdAS DE RIVERA_CUADERNO DE CAMPO<\/h3>\n<p><span style=\"font-weight: 400;\">El folleto consta de un material impreso dise\u00f1ado como una herramienta para el productor rural, la misma permitir\u00e1 recolectar buena parte de los datos necesarios para la implementaci\u00f3n de la trazabilidad del producto, aparte de recolectar muchos datos que permitir\u00e1n analizar puntos de mejora en la producci\u00f3n.<\/span><\/p>\n<p><iframe style=\"border: none; width: 100%; height: 500px;\" src=\"https:\/\/e.issuu.com\/anonymous-embed.html?u=unidaddecomunicaciones8&amp;d=sandi_as_de_rivera_cuaderno_de_camp\" allowfullscreen=\"allowfullscreen\"><\/iframe><\/p>\n<h3>LA SANDI\u0301A<\/h3>\n<p>CARACTERI\u0301STICAS DE LA FRUTA<\/p>\n<p>---<\/p>\n<ul>\n<li>\u25cb \u00a0Se consume su fruto maduro. Muy apreciada por ser refrescante y rica en agua y sales.<\/li>\n<li>\u25cb \u00a0Requiere temperaturas promedio mayores a 21 oC con una o\u0301ptima de 35oC.<\/li>\n<li>\u25cb \u00a0Necesita 10 h de luz\/di\u0301a.<\/li>\n<li>\u25cb \u00a0Demanda suelos con buen drenaje, franco arenosos a francos son los mejores.<\/li>\n<li>\u25cb \u00a0Tolera suelos a\u0301cidos y levemente alcalinos.<\/li>\n<li>\u25cb \u00a0El fo\u0301sforo es el mineral que ma\u0301s incide en el dulzor del fruto (presencia de azu\u0301cares).<\/li>\n<li>\u25cb \u00a0Se siembra en Agosto-Octubre, segu\u0301n el lugar.<\/li>\n<li>\u25cb \u00a0Se realizan carpidas durante el desarrollo del cultivo, hasta que se ramifiquen las gui\u0301as.<\/li>\n<li>\u25cb \u00a0El comienzo de cosecha se da aproximadamente entre los 90 y 100 di\u0301as<\/li>\n<li>\u25cb \u00a0de la siembra segu\u0301n la variedad (45 a 50 di\u0301as de la floracio\u0301n).<\/li>\n<li>\u25cb \u00a0Nos damos cuenta que esta\u0301 madura porque al golpear el fruto con los nudillos suena sordo, adema\u0301s se secan los zarcillos y el fruto se cubre de un polvillo blanco.<\/li>\n<li>\u25cb \u00a0Al cortar debemos dejar una porcio\u0301n de 5 cm del pedu\u0301nculo para evitar que entren pato\u0301genos en la pulpa.<\/li>\n<li>\u25cb \u00a0El peso promedio es de 8 a 12 kg cada fruto.<\/li>\n<\/ul>\n<\/div>\n<\/div>\n<\/div>\n<\/div>\n<div class=\"layoutArea\"><\/div>\n<div><\/div>\n<div class=\"page\" title=\"Page 6\">\n<div class=\"section\">\n<div class=\"layoutArea\">\n<div class=\"column\">\n<h4>EQUIPO DE\u200b \u200bTRABAJO<\/h4>\n<p>Te\u0301c.\u200b \u200bAlejandro Salmanto\u0301n; Leandro Ca\u0301nepa<\/p>\n<h4>DOCENTE REFERENTE<\/h4>\n<p>Dra. Raisi Natalia Lenz<\/p>\n<h4>AGRADECIMIENTOS<\/h4>\n<p>Mag. Juan Ignacio Dos Santos (Coord. Proy. Sandi\u0301as IDR)<\/p>\n<p>QF. Alejandro Berto\u0301n (IDR)<\/p>\n<p>Lic. Santiago Este\u0301vez (IDR)<\/p>\n<p>Agr. Gerardo Di\u0301az (OPP)<\/p>\n<p>Pablo Pacheco (Mercado Modelo)<\/p>\n<p>Diego Romero (Mercado Modelo)<\/p>\n<p>Lic. Gabriela Glisenti (UAM)<\/p>\n<p>Fabia\u0301n Capdevielle (UTEC - IDEI)<\/p>\n<p>Alvaro Pena (UTEC- PE)<\/p>\n<p>Luis Garci\u0301a Bonsignore (UTEC)<\/p>\n<p>Dayhana Acosta (UTEC)<\/p>\n<p>Pablo Dayuto (Productor)<\/p>\n<\/div>\n<\/div>\n<p><a href=\"https:\/\/www.rivera.gub.uy\/medioambiente\/wp-content\/uploads\/2020\/01\/logos-proyecto-sand\u00eda_Mesa-de-trabajo-1_Mesa-de-trabajo-1.jpg\"><img loading=\"lazy\" decoding=\"async\" class=\"aligncenter wp-image-1898 size-full\" src=\"https:\/\/www.rivera.gub.uy\/medioambiente\/wp-content\/uploads\/2020\/01\/logos-proyecto-sand\u00eda_Mesa-de-trabajo-1_Mesa-de-trabajo-1.jpg\" alt=\"\" width=\"1667\" height=\"730\" srcset=\"https:\/\/www.rivera.gub.uy\/medioambiente\/wp-content\/uploads\/2020\/01\/logos-proyecto-sand\u00eda_Mesa-de-trabajo-1_Mesa-de-trabajo-1.jpg 1667w, https:\/\/www.rivera.gub.uy\/medioambiente\/wp-content\/uploads\/2020\/01\/logos-proyecto-sand\u00eda_Mesa-de-trabajo-1_Mesa-de-trabajo-1-300x131.jpg 300w, https:\/\/www.rivera.gub.uy\/medioambiente\/wp-content\/uploads\/2020\/01\/logos-proyecto-sand\u00eda_Mesa-de-trabajo-1_Mesa-de-trabajo-1-1024x448.jpg 1024w, https:\/\/www.rivera.gub.uy\/medioambiente\/wp-content\/uploads\/2020\/01\/logos-proyecto-sand\u00eda_Mesa-de-trabajo-1_Mesa-de-trabajo-1-768x336.jpg 768w, https:\/\/www.rivera.gub.uy\/medioambiente\/wp-content\/uploads\/2020\/01\/logos-proyecto-sand\u00eda_Mesa-de-trabajo-1_Mesa-de-trabajo-1-1536x673.jpg 1536w, https:\/\/www.rivera.gub.uy\/medioambiente\/wp-content\/uploads\/2020\/01\/logos-proyecto-sand\u00eda_Mesa-de-trabajo-1_Mesa-de-trabajo-1-820x359.jpg 820w\" sizes=\"(max-width: 1667px) 100vw, 1667px\" \/><\/a><\/p>\n<div class=\"layoutArea\">\n<div class=\"column\">\n<h4><\/h4>\n<h4>TELE\u0301FONOS DE INTERE\u0301S<\/h4>\n<p>UTEC - ITR Norte - Tel: \u200b<a href=\"tel:+59846222147\">462 22147<\/a><\/p>\n<p>Bomberos Rivera - Tel: \u200b<a href=\"tel:+59846223130\">4622 3130<\/a><\/p>\n<p>Polici\u0301a de Rivera<\/p>\n<ul>\n<li>\u25cb \u00a02da (Tranqueras): Tel: \u200b<a href=\"tel:+59806562004\">0656 2004<\/a><\/li>\n<li>\u25cb \u00a06ta (Ruta 27): Tel: \u200b<a href=\"tel:+59806508134\">0650 8134<\/a><\/li>\n<li>\u25cb \u00a0Patrulla: Tel:\u200b <a href=\"tel:+598109\">109<\/a><\/li>\n<\/ul>\n<p>Intendencia - Tel: \u200b<a href=\"tel:+59846231900\">4623 1900\u00a0<\/a><\/p>\n<p>Desarrollo Rural - Tel: <a href=\"tel:+59846202260\">\u200b4620 2260<\/a><\/p>\n<p>Hospital (ASSE) - Tel: \u200b<a href=\"tel:+59846223307\">4622 3307<\/a><\/p>\n<\/div>\n<\/div>\n<\/div>\n<\/div>\n<p>\t\t<\/div>\n\n\t\t<\/p>\n<p>\n\t\t\t\t\t<h3 role=\"button\" id=\"accordion-1-t3\" class=\"accordion-title js-accordion-controller\" aria-controls=\"accordion-1-c3\" aria-expanded=\"false\" tabindex=\"0\">\n\t\t\t\tEVALUACI\u00d3N DEL PROYECTO\t\t\t<\/h3>\n\t\t\n\t\t<div id=\"accordion-1-c3\" class=\"accordion-content\" aria-hidden=\"true\">\n\t\t\t<\/p>\n<p><iframe class=\"fp-iframe\" style=\"border: 1px solid lightgray; width: 100%; height: 400px;\" src=\"https:\/\/heyzine.com\/flip-book\/0ad1606977.html\" scrolling=\"no\" allowfullscreen=\"allowfullscreen\"><\/iframe><\/p>\n<p>&nbsp;<\/p>\n<p>\t\t<\/div>\n\n\t\t<\/p>\n<p><\/div>\n<h3><\/h3>\n<h3>Geolocalizaci\u00f3n de Productores Zafras 2017, 2018 y 2019<\/h3>\n<p>Cada Icono de sand\u00edas sobre el mapa representa la localizaci\u00f3n de un productor.<br \/>\nPara obtener m\u00e1s informaci\u00f3n haga click sobre el productor que desee en el mapa.<\/p>\n<p><iframe loading=\"lazy\" src=\"https:\/\/www.google.com\/maps\/d\/embed?mid=1ep3jaXT9b6SbCYsFgbc6p5bacsw\" width=\"940\" height=\"480\"><span data-mce-type=\"bookmark\" style=\"display: inline-block; width: 0px; overflow: hidden; line-height: 0;\" class=\"mce_SELRES_start\">\ufeff<\/span><\/iframe><\/p>\n<p style=\"text-align: center;\"><strong>Contacto:\u00a0<\/strong><a href=\"mailto:desarrollo.sandia@rivera.gub.uy\">desarrollo.sandia@rivera.gub.uy<\/a><\/p>\n<\/div>\n<\/div><\/div><div id=\"panel-993-0-0-1\" class=\"so-panel widget widget_sow-editor panel-last-child\" data-index=\"1\" ><div\n\t\t\t\n\t\t\tclass=\"so-widget-sow-editor so-widget-sow-editor-base\"\n\t\t\t\n\t\t>\n<div class=\"siteorigin-widget-tinymce textwidget\">\n\t<hr \/>\n<p>Elementos para descargar<\/p>\n<\/div>\n<\/div><\/div><\/div><\/div><div id=\"pg-993-1\"  class=\"panel-grid panel-no-style\" ><div id=\"pgc-993-1-0\"  class=\"panel-grid-cell panel-grid-cell-mobile-last\" ><div id=\"panel-993-1-0-0\" class=\"so-panel widget widget_sow-button panel-first-child\" data-index=\"2\" ><div\n\t\t\t\n\t\t\tclass=\"so-widget-sow-button so-widget-sow-button-wire-1873d5b4e76e-993\"\n\t\t\t\n\t\t><div class=\"ow-button-base ow-button-align-left\">\n\t<a\n\thref=\"https:\/\/www.rivera.gub.uy\/medioambiente\/wp-content\/uploads\/2023\/05\/Presentacion-informe-evaluacion_Ev.Sandias_24-03-022_IDR.pdf\"\n\t\tclass=\"ow-icon-placement-right ow-button-hover\" download=\"\" \t>\n\t\t<span>\n\t\t\t<span class=\"sow-icon-fontawesome sow-far\" data-sow-icon=\"&#xf358;\"\n\t\tstyle=\"\" \n\t\taria-hidden=\"true\"><\/span>\n\t\t\tEvaluaci\u00f3n del Proyecto\t\t<\/span>\n\t<\/a>\n<\/div>\n<\/div><\/div><div id=\"panel-993-1-0-1\" class=\"so-panel widget widget_sow-button\" data-index=\"3\" ><div\n\t\t\t\n\t\t\tclass=\"so-widget-sow-button so-widget-sow-button-wire-1873d5b4e76e-993\"\n\t\t\t\n\t\t><div class=\"ow-button-base ow-button-align-left\">\n\t<a\n\thref=\"https:\/\/www.rivera.gub.uy\/medioambiente\/wp-content\/uploads\/2023\/05\/cuaderno-de-campo-sandia_compressed.pdf\"\n\t\tclass=\"ow-icon-placement-right ow-button-hover\" download=\"\" \t>\n\t\t<span>\n\t\t\t<span class=\"sow-icon-fontawesome sow-far\" data-sow-icon=\"&#xf358;\"\n\t\tstyle=\"\" \n\t\taria-hidden=\"true\"><\/span>\n\t\t\tCuaderno de campo\t\t<\/span>\n\t<\/a>\n<\/div>\n<\/div><\/div><div id=\"panel-993-1-0-2\" class=\"so-panel widget widget_sow-button\" data-index=\"4\" ><div\n\t\t\t\n\t\t\tclass=\"so-widget-sow-button so-widget-sow-button-wire-1873d5b4e76e-993\"\n\t\t\t\n\t\t><div class=\"ow-button-base ow-button-align-left\">\n\t<a\n\thref=\"https:\/\/www.rivera.gub.uy\/medioambiente\/wp-content\/uploads\/2023\/05\/Manual-Proyecto-sandia.pdf\"\n\t\tclass=\"ow-icon-placement-right ow-button-hover\" download=\"\" \t>\n\t\t<span>\n\t\t\t<span class=\"sow-icon-fontawesome sow-far\" data-sow-icon=\"&#xf358;\"\n\t\tstyle=\"\" \n\t\taria-hidden=\"true\"><\/span>\n\t\t\tManual de Identidad Visual\t\t<\/span>\n\t<\/a>\n<\/div>\n<\/div><\/div><div id=\"panel-993-1-0-3\" class=\"so-panel widget widget_sow-button panel-last-child\" data-index=\"5\" ><div\n\t\t\t\n\t\t\tclass=\"so-widget-sow-button so-widget-sow-button-wire-1873d5b4e76e-993\"\n\t\t\t\n\t\t><div class=\"ow-button-base ow-button-align-left\">\n\t<a\n\thref=\"https:\/\/www.rivera.gub.uy\/medioambiente\/wp-content\/uploads\/2023\/05\/logospsandia.zip\"\n\t\tclass=\"ow-icon-placement-right ow-button-hover\" download=\"\" \t>\n\t\t<span>\n\t\t\t<span class=\"sow-icon-fontawesome sow-far\" data-sow-icon=\"&#xf358;\"\n\t\tstyle=\"\" \n\t\taria-hidden=\"true\"><\/span>\n\t\t\tLogos\t\t<\/span>\n\t<\/a>\n<\/div>\n<\/div><\/div><\/div><div id=\"pgc-993-1-1\"  class=\"panel-grid-cell panel-grid-cell-empty\" ><\/div><\/div><\/div>","protected":false},"excerpt":{"rendered":"<p>\u201cFortalecimiento de la Cadena de Producci\u00f3n de la Sand\u00eda en Productores Familiares del Departamento de Rivera\u201d PRY 2016\/1016.\u00a0OPP-FDI &#8211; IDR El objetivo del proyecto es fortalecer la cadena en todos sus eslabones, desde la producci\u00f3n teniendo en cuenta y especial cuidado con los recursos naturales y humanos, la calidad y diferenciaci\u00f3n del producto dando difusi\u00f3n [&hellip;]<\/p>\n","protected":false},"author":2,"featured_media":0,"parent":766,"menu_order":0,"comment_status":"closed","ping_status":"closed","template":"","meta":{"footnotes":""},"_links":{"self":[{"href":"https:\/\/www.rivera.gub.uy\/medioambiente\/wp-json\/wp\/v2\/pages\/993"}],"collection":[{"href":"https:\/\/www.rivera.gub.uy\/medioambiente\/wp-json\/wp\/v2\/pages"}],"about":[{"href":"https:\/\/www.rivera.gub.uy\/medioambiente\/wp-json\/wp\/v2\/types\/page"}],"author":[{"embeddable":true,"href":"https:\/\/www.rivera.gub.uy\/medioambiente\/wp-json\/wp\/v2\/users\/2"}],"replies":[{"embeddable":true,"href":"https:\/\/www.rivera.gub.uy\/medioambiente\/wp-json\/wp\/v2\/comments?post=993"}],"version-history":[{"count":56,"href":"https:\/\/www.rivera.gub.uy\/medioambiente\/wp-json\/wp\/v2\/pages\/993\/revisions"}],"predecessor-version":[{"id":6745,"href":"https:\/\/www.rivera.gub.uy\/medioambiente\/wp-json\/wp\/v2\/pages\/993\/revisions\/6745"}],"up":[{"embeddable":true,"href":"https:\/\/www.rivera.gub.uy\/medioambiente\/wp-json\/wp\/v2\/pages\/766"}],"wp:attachment":[{"href":"https:\/\/www.rivera.gub.uy\/medioambiente\/wp-json\/wp\/v2\/media?parent=993"}],"curies":[{"name":"wp","href":"https:\/\/api.w.org\/{rel}","templated":true}]}}