{"id":291,"date":"2017-06-20T15:12:35","date_gmt":"2017-06-20T15:12:35","guid":{"rendered":"http:\/\/rivera.gub.uy\/obras\/?page_id=291"},"modified":"2025-05-21T16:15:53","modified_gmt":"2025-05-21T16:15:53","slug":"proyectos-minas-de-corrales","status":"publish","type":"page","link":"https:\/\/www.rivera.gub.uy\/obras\/proyectos-minas-de-corrales\/","title":{"rendered":"Proyectos: Minas de Corrales"},"content":{"rendered":"<div id=\"pl-291\"  class=\"panel-layout\" ><div id=\"pg-291-0\"  class=\"panel-grid panel-no-style\" ><div id=\"pgc-291-0-0\"  class=\"panel-grid-cell\" ><div id=\"panel-291-0-0-0\" class=\"so-panel widget widget_pagesinwidgets_page_section pagesinwidgets_page_section panel-first-child\" data-index=\"0\" >\t\t\t<div class=\"homepage_section\">\r\n\t\t\t\t\t\t\t\t<\/div>\r\n\t\t\t<\/div><div id=\"panel-291-0-0-1\" class=\"so-panel widget widget_sow-editor\" data-index=\"1\" ><div\n\t\t\t\n\t\t\tclass=\"so-widget-sow-editor so-widget-sow-editor-base\"\n\t\t\t\n\t\t>\n<div class=\"siteorigin-widget-tinymce textwidget\">\n\t<h2 style=\"text-align: center;\">Mapa de Obras<\/h2>\n<p style=\"text-align: center;\">Detalle de cada una de las obras:<\/p>\n<p style=\"text-align: center;\"><iframe loading=\"lazy\" src=\"https:\/\/www.google.com\/maps\/d\/embed?mid=19RUg5Y8x2hwtfRRukHeGfK0cSOg\" width=\"800\" height=\"680\"><\/iframe><\/p>\n<\/div>\n<\/div><\/div><div id=\"panel-291-0-0-2\" class=\"so-panel widget widget_recent_posts_b recent_posts_b clearfix panel-last-child\" data-index=\"2\" >\n\t\t\t<div class=\"widget-inner clearfix\" style=\"background-color: ; color: \">\n\t\t\t\t\n\t\t\t\t\n\t\t\t\t\t<div class=\"recent-post first-post col-md-6 col-sm-6 clearfix\">\n\t\t\t\t\t\t<div class=\"recent-thumb\">\n\t\t\t\t\t\t\t<a href=\"https:\/\/www.rivera.gub.uy\/obras\/recorrida-de-obras-en-la-ciudad-de-tranqueras\/\">\n\t\t\t\t\t\t\t\t\t\t\t\t\t\t\t<img loading=\"lazy\" decoding=\"async\" width=\"600\" height=\"400\" src=\"https:\/\/www.rivera.gub.uy\/obras\/wp-content\/uploads\/2018\/07\/DSC_0523-600x400.jpg\" class=\"attachment-carousel-thumb size-carousel-thumb wp-post-image\" alt=\"\" srcset=\"https:\/\/www.rivera.gub.uy\/obras\/wp-content\/uploads\/2018\/07\/DSC_0523-600x400.jpg 600w, https:\/\/www.rivera.gub.uy\/obras\/wp-content\/uploads\/2018\/07\/DSC_0523-272x182.jpg 272w\" sizes=\"(max-width: 600px) 100vw, 600px\" \/>\t\t\t\t\t\t\t\t\t\t\t\t\t\t<\/a>\n\t\t\t\t\t\t<\/div>\n\t\t\t\t\t\t<div class=\"recent-content\">\n\t\t\t\t\t\t\t<h3 class=\"entry-title\"><a style=\"color:\" href=\"https:\/\/www.rivera.gub.uy\/obras\/recorrida-de-obras-en-la-ciudad-de-tranqueras\/\" rel=\"bookmark\">Recorrida de obras en la ciudad de Tranqueras<\/a><\/h3>\t\t\t\t\t\t\t<div class=\"entry-meta\" style=\"color: \">\n\t\t\t\t\t\t\t\t<span class=\"posted-on\"><i class=\"fa fa-calendar\"><\/i> <a href=\"https:\/\/www.rivera.gub.uy\/obras\/recorrida-de-obras-en-la-ciudad-de-tranqueras\/\" rel=\"bookmark\"><time class=\"entry-date published\" datetime=\"2018-07-02T17:03:17+00:00\">2 julio, 2018<\/time><time class=\"updated\" datetime=\"2018-07-02T17:03:37+00:00\">2 julio, 2018<\/time><\/a><\/span><span class=\"byline\"> <\/span>\t\t\t\t\t\t\t\t<span class=\"post-cat\"><i class=\"fa fa-folder\"><\/i><a href=\"https:\/\/www.rivera.gub.uy\/obras\/category\/novedades\/\" title=\"Ver todas las entradas en Novedades\">Novedades<\/a><\/span>\t\t\t\t\t\t\t<\/div>\n\t\t\t\t\t\t\t<p>Obras en barrio Artigas, entrega de maquinarias, y visita a Aserradero El pasado viernes 29 de junio, el Intendente Dptal. Dr. Marne Osorio, acompa\u00f1ado por parte de su equipo de gobierno, recorrieron obras en ejecuci\u00f3n en barrio Artigas, realizaron entrega de maquinar\u00edas al municipio y visitaron el Aserradero MADENOR, en la ciudad de Tranqueras.<\/p>\n\t\t\t\t\t\t<\/div>\n\t\t\t\t\t<\/div>\n\n\t\t\t\t\n\t\t\t\t\n\t\t\t\t\t<div class=\"recent-post col-md-6 col-sm-6 clearfix\">\n\t\t\t\t\t\t<div class=\"recent-thumb col-md-3 col-sm-3 col-xs-3\">\n\t\t\t\t\t\t\t<a href=\"https:\/\/www.rivera.gub.uy\/obras\/vichadero-recorrida-de-obras-dialogo-con-los-vecinos-y-visita-al-hogar-estudiantil\/\">\n\t\t\t\t\t\t\t\t\t\t\t\t\t\t\t<img loading=\"lazy\" decoding=\"async\" width=\"600\" height=\"400\" src=\"https:\/\/www.rivera.gub.uy\/obras\/wp-content\/uploads\/2018\/07\/vichadero-820x513-600x400.jpg\" class=\"attachment-carousel-thumb size-carousel-thumb wp-post-image\" alt=\"\" srcset=\"https:\/\/www.rivera.gub.uy\/obras\/wp-content\/uploads\/2018\/07\/vichadero-820x513-600x400.jpg 600w, https:\/\/www.rivera.gub.uy\/obras\/wp-content\/uploads\/2018\/07\/vichadero-820x513-272x182.jpg 272w\" sizes=\"(max-width: 600px) 100vw, 600px\" \/>\t\t\t\t\t\t\t\t\t\t\t\t\t\t<\/a>\n\t\t\t\t\t\t<\/div>\n\t\t\t\t\t\t<div class=\"recent-content col-md-9 col-sm-9 col-xs-9\">\n\t\t\t\t\t\t\t<h4 class=\"entry-title\"><a style=\"color:\" href=\"https:\/\/www.rivera.gub.uy\/obras\/vichadero-recorrida-de-obras-dialogo-con-los-vecinos-y-visita-al-hogar-estudiantil\/\" rel=\"bookmark\">Vichadero: Recorrida de obras, di\u00e1logo con los vecinos y visita al Hogar Estudiantil<\/a><\/h4>\t\t\t\t\t\t\t<div class=\"entry-meta\" style=\"color: \">\n\t\t\t\t\t\t\t\t<span class=\"posted-on\"><i class=\"fa fa-calendar\"><\/i> <a href=\"https:\/\/www.rivera.gub.uy\/obras\/vichadero-recorrida-de-obras-dialogo-con-los-vecinos-y-visita-al-hogar-estudiantil\/\" rel=\"bookmark\"><time class=\"entry-date published\" datetime=\"2018-03-07T17:25:54+00:00\">7 marzo, 2018<\/time><time class=\"updated\" datetime=\"2018-07-02T17:26:20+00:00\">2 julio, 2018<\/time><\/a><\/span><span class=\"byline\"> <\/span>\t\t\t\t\t\t\t\t<span class=\"post-cat\"><i class=\"fa fa-folder\"><\/i><a href=\"https:\/\/www.rivera.gub.uy\/obras\/category\/novedades\/\" title=\"Ver todas las entradas en Novedades\">Novedades<\/a><\/span>\t\t\t\t\t\t\t<\/div>\n\t\t\t\t\t\t<\/div>\n\t\t\t\t\t<\/div>\n\n\t\t\t\t\n\t\t\t\t\t<div class=\"recent-post col-md-6 col-sm-6 clearfix\">\n\t\t\t\t\t\t<div class=\"recent-thumb col-md-3 col-sm-3 col-xs-3\">\n\t\t\t\t\t\t\t<a href=\"https:\/\/www.rivera.gub.uy\/obras\/intendente-recorre-obras-de-camineria-rural-y-el-nuevo-hogar-estudiantil-de-minas-de-corrales\/\">\n\t\t\t\t\t\t\t\t\t\t\t\t\t\t\t<img loading=\"lazy\" decoding=\"async\" width=\"600\" height=\"400\" src=\"https:\/\/www.rivera.gub.uy\/obras\/wp-content\/uploads\/2018\/07\/recorridaminas6-600x400.jpg\" class=\"attachment-carousel-thumb size-carousel-thumb wp-post-image\" alt=\"\" srcset=\"https:\/\/www.rivera.gub.uy\/obras\/wp-content\/uploads\/2018\/07\/recorridaminas6-600x400.jpg 600w, https:\/\/www.rivera.gub.uy\/obras\/wp-content\/uploads\/2018\/07\/recorridaminas6-272x182.jpg 272w\" sizes=\"(max-width: 600px) 100vw, 600px\" \/>\t\t\t\t\t\t\t\t\t\t\t\t\t\t<\/a>\n\t\t\t\t\t\t<\/div>\n\t\t\t\t\t\t<div class=\"recent-content col-md-9 col-sm-9 col-xs-9\">\n\t\t\t\t\t\t\t<h4 class=\"entry-title\"><a style=\"color:\" href=\"https:\/\/www.rivera.gub.uy\/obras\/intendente-recorre-obras-de-camineria-rural-y-el-nuevo-hogar-estudiantil-de-minas-de-corrales\/\" rel=\"bookmark\">Intendente recorre obras de caminer\u00eda rural y el nuevo Hogar Estudiantil de Minas de Corrales<\/a><\/h4>\t\t\t\t\t\t\t<div class=\"entry-meta\" style=\"color: \">\n\t\t\t\t\t\t\t\t<span class=\"posted-on\"><i class=\"fa fa-calendar\"><\/i> <a href=\"https:\/\/www.rivera.gub.uy\/obras\/intendente-recorre-obras-de-camineria-rural-y-el-nuevo-hogar-estudiantil-de-minas-de-corrales\/\" rel=\"bookmark\"><time class=\"entry-date published\" datetime=\"2018-02-28T17:26:52+00:00\">28 febrero, 2018<\/time><time class=\"updated\" datetime=\"2018-07-02T17:30:18+00:00\">2 julio, 2018<\/time><\/a><\/span><span class=\"byline\"> <\/span>\t\t\t\t\t\t\t\t<span class=\"post-cat\"><i class=\"fa fa-folder\"><\/i><a href=\"https:\/\/www.rivera.gub.uy\/obras\/category\/novedades\/\" title=\"Ver todas las entradas en Novedades\">Novedades<\/a><\/span>\t\t\t\t\t\t\t<\/div>\n\t\t\t\t\t\t<\/div>\n\t\t\t\t\t<\/div>\n\n\t\t\t\t\n\t\t\t\t\t<div class=\"recent-post col-md-6 col-sm-6 clearfix\">\n\t\t\t\t\t\t<div class=\"recent-thumb col-md-3 col-sm-3 col-xs-3\">\n\t\t\t\t\t\t\t<a href=\"https:\/\/www.rivera.gub.uy\/obras\/firma-de-convenio-y-recorrida-de-obras-en-vichadero\/\">\n\t\t\t\t\t\t\t\t\t\t\t\t\t\t\t<img loading=\"lazy\" decoding=\"async\" width=\"600\" height=\"400\" src=\"https:\/\/www.rivera.gub.uy\/obras\/wp-content\/uploads\/2018\/07\/vivhadero-obras-820x461-600x400.jpg\" class=\"attachment-carousel-thumb size-carousel-thumb wp-post-image\" alt=\"\" srcset=\"https:\/\/www.rivera.gub.uy\/obras\/wp-content\/uploads\/2018\/07\/vivhadero-obras-820x461-600x400.jpg 600w, https:\/\/www.rivera.gub.uy\/obras\/wp-content\/uploads\/2018\/07\/vivhadero-obras-820x461-272x182.jpg 272w\" sizes=\"(max-width: 600px) 100vw, 600px\" \/>\t\t\t\t\t\t\t\t\t\t\t\t\t\t<\/a>\n\t\t\t\t\t\t<\/div>\n\t\t\t\t\t\t<div class=\"recent-content col-md-9 col-sm-9 col-xs-9\">\n\t\t\t\t\t\t\t<h4 class=\"entry-title\"><a style=\"color:\" href=\"https:\/\/www.rivera.gub.uy\/obras\/firma-de-convenio-y-recorrida-de-obras-en-vichadero\/\" rel=\"bookmark\">Firma de Convenio y Recorrida de Obras en Vichadero<\/a><\/h4>\t\t\t\t\t\t\t<div class=\"entry-meta\" style=\"color: \">\n\t\t\t\t\t\t\t\t<span class=\"posted-on\"><i class=\"fa fa-calendar\"><\/i> <a href=\"https:\/\/www.rivera.gub.uy\/obras\/firma-de-convenio-y-recorrida-de-obras-en-vichadero\/\" rel=\"bookmark\"><time class=\"entry-date published\" datetime=\"2018-02-21T17:46:14+00:00\">21 febrero, 2018<\/time><time class=\"updated\" datetime=\"2018-07-02T17:47:59+00:00\">2 julio, 2018<\/time><\/a><\/span><span class=\"byline\"> <\/span>\t\t\t\t\t\t\t\t<span class=\"post-cat\"><i class=\"fa fa-folder\"><\/i><a href=\"https:\/\/www.rivera.gub.uy\/obras\/category\/novedades\/\" title=\"Ver todas las entradas en Novedades\">Novedades<\/a><\/span>\t\t\t\t\t\t\t<\/div>\n\t\t\t\t\t\t<\/div>\n\t\t\t\t\t<\/div>\n\n\t\t\t\t\n\t\t\t\t\t<div class=\"recent-post col-md-6 col-sm-6 clearfix\">\n\t\t\t\t\t\t<div class=\"recent-thumb col-md-3 col-sm-3 col-xs-3\">\n\t\t\t\t\t\t\t<a href=\"https:\/\/www.rivera.gub.uy\/obras\/firma-del-contrato-para-la-realizacion-de-las-obras-de-remodelacion-del-barrio-artigas-en-tranqueras\/\">\n\t\t\t\t\t\t\t\t\t\t\t\t\t\t\t<img loading=\"lazy\" decoding=\"async\" width=\"600\" height=\"400\" src=\"https:\/\/www.rivera.gub.uy\/obras\/wp-content\/uploads\/2018\/07\/barrio-artigas-27-dic-portal-939x626-600x400.jpg\" class=\"attachment-carousel-thumb size-carousel-thumb wp-post-image\" alt=\"\" srcset=\"https:\/\/www.rivera.gub.uy\/obras\/wp-content\/uploads\/2018\/07\/barrio-artigas-27-dic-portal-939x626-600x400.jpg 600w, https:\/\/www.rivera.gub.uy\/obras\/wp-content\/uploads\/2018\/07\/barrio-artigas-27-dic-portal-939x626-300x200.jpg 300w, https:\/\/www.rivera.gub.uy\/obras\/wp-content\/uploads\/2018\/07\/barrio-artigas-27-dic-portal-939x626-768x512.jpg 768w, https:\/\/www.rivera.gub.uy\/obras\/wp-content\/uploads\/2018\/07\/barrio-artigas-27-dic-portal-939x626-820x547.jpg 820w, https:\/\/www.rivera.gub.uy\/obras\/wp-content\/uploads\/2018\/07\/barrio-artigas-27-dic-portal-939x626-272x182.jpg 272w, https:\/\/www.rivera.gub.uy\/obras\/wp-content\/uploads\/2018\/07\/barrio-artigas-27-dic-portal-939x626.jpg 939w\" sizes=\"(max-width: 600px) 100vw, 600px\" \/>\t\t\t\t\t\t\t\t\t\t\t\t\t\t<\/a>\n\t\t\t\t\t\t<\/div>\n\t\t\t\t\t\t<div class=\"recent-content col-md-9 col-sm-9 col-xs-9\">\n\t\t\t\t\t\t\t<h4 class=\"entry-title\"><a style=\"color:\" href=\"https:\/\/www.rivera.gub.uy\/obras\/firma-del-contrato-para-la-realizacion-de-las-obras-de-remodelacion-del-barrio-artigas-en-tranqueras\/\" rel=\"bookmark\">Firma del contrato para la realizaci\u00f3n de las obras de remodelaci\u00f3n del barrio Artigas en Tranqueras<\/a><\/h4>\t\t\t\t\t\t\t<div class=\"entry-meta\" style=\"color: \">\n\t\t\t\t\t\t\t\t<span class=\"posted-on\"><i class=\"fa fa-calendar\"><\/i> <a href=\"https:\/\/www.rivera.gub.uy\/obras\/firma-del-contrato-para-la-realizacion-de-las-obras-de-remodelacion-del-barrio-artigas-en-tranqueras\/\" rel=\"bookmark\"><time class=\"entry-date published\" datetime=\"2017-12-27T17:44:38+00:00\">27 diciembre, 2017<\/time><time class=\"updated\" datetime=\"2018-07-02T17:46:02+00:00\">2 julio, 2018<\/time><\/a><\/span><span class=\"byline\"> <\/span>\t\t\t\t\t\t\t\t<span class=\"post-cat\"><i class=\"fa fa-folder\"><\/i><a href=\"https:\/\/www.rivera.gub.uy\/obras\/category\/novedades\/\" title=\"Ver todas las entradas en Novedades\">Novedades<\/a><\/span>\t\t\t\t\t\t\t<\/div>\n\t\t\t\t\t\t<\/div>\n\t\t\t\t\t<\/div>\n\n\t\t\t\t\n\t\t\t\t\t<div class=\"recent-post col-md-6 col-sm-6 clearfix\">\n\t\t\t\t\t\t<div class=\"recent-thumb col-md-3 col-sm-3 col-xs-3\">\n\t\t\t\t\t\t\t<a href=\"https:\/\/www.rivera.gub.uy\/obras\/la-dgo-desea-felices-fiestas\/\">\n\t\t\t\t\t\t\t\t\t\t\t\t\t\t\t<img loading=\"lazy\" decoding=\"async\" width=\"600\" height=\"400\" src=\"https:\/\/www.rivera.gub.uy\/obras\/wp-content\/uploads\/2017\/12\/n1dgo-600x400.jpg\" class=\"attachment-carousel-thumb size-carousel-thumb wp-post-image\" alt=\"\" srcset=\"https:\/\/www.rivera.gub.uy\/obras\/wp-content\/uploads\/2017\/12\/n1dgo-600x400.jpg 600w, https:\/\/www.rivera.gub.uy\/obras\/wp-content\/uploads\/2017\/12\/n1dgo-300x200.jpg 300w, https:\/\/www.rivera.gub.uy\/obras\/wp-content\/uploads\/2017\/12\/n1dgo-768x512.jpg 768w, https:\/\/www.rivera.gub.uy\/obras\/wp-content\/uploads\/2017\/12\/n1dgo-1024x683.jpg 1024w, https:\/\/www.rivera.gub.uy\/obras\/wp-content\/uploads\/2017\/12\/n1dgo-820x547.jpg 820w, https:\/\/www.rivera.gub.uy\/obras\/wp-content\/uploads\/2017\/12\/n1dgo-272x182.jpg 272w, https:\/\/www.rivera.gub.uy\/obras\/wp-content\/uploads\/2017\/12\/n1dgo.jpg 1440w\" sizes=\"(max-width: 600px) 100vw, 600px\" \/>\t\t\t\t\t\t\t\t\t\t\t\t\t\t<\/a>\n\t\t\t\t\t\t<\/div>\n\t\t\t\t\t\t<div class=\"recent-content col-md-9 col-sm-9 col-xs-9\">\n\t\t\t\t\t\t\t<h4 class=\"entry-title\"><a style=\"color:\" href=\"https:\/\/www.rivera.gub.uy\/obras\/la-dgo-desea-felices-fiestas\/\" rel=\"bookmark\">La DGO desea Felices Fiestas!<\/a><\/h4>\t\t\t\t\t\t\t<div class=\"entry-meta\" style=\"color: \">\n\t\t\t\t\t\t\t\t<span class=\"posted-on\"><i class=\"fa fa-calendar\"><\/i> <a href=\"https:\/\/www.rivera.gub.uy\/obras\/la-dgo-desea-felices-fiestas\/\" rel=\"bookmark\"><time class=\"entry-date published updated\" datetime=\"2017-12-18T15:21:57+00:00\">18 diciembre, 2017<\/time><\/a><\/span><span class=\"byline\"> <\/span>\t\t\t\t\t\t\t\t<span class=\"post-cat\"><i class=\"fa fa-folder\"><\/i><a href=\"https:\/\/www.rivera.gub.uy\/obras\/category\/novedades\/\" title=\"Ver todas las entradas en Novedades\">Novedades<\/a><\/span>\t\t\t\t\t\t\t<\/div>\n\t\t\t\t\t\t<\/div>\n\t\t\t\t\t<\/div>\n\n\t\t\t\t\n\t\t\t<\/div>\n\n\t\t\t<\/div><\/div><\/div><\/div>","protected":false},"excerpt":{"rendered":"","protected":false},"author":1,"featured_media":0,"parent":0,"menu_order":0,"comment_status":"closed","ping_status":"closed","template":"","meta":{"footnotes":""},"_links":{"self":[{"href":"https:\/\/www.rivera.gub.uy\/obras\/wp-json\/wp\/v2\/pages\/291"}],"collection":[{"href":"https:\/\/www.rivera.gub.uy\/obras\/wp-json\/wp\/v2\/pages"}],"about":[{"href":"https:\/\/www.rivera.gub.uy\/obras\/wp-json\/wp\/v2\/types\/page"}],"author":[{"embeddable":true,"href":"https:\/\/www.rivera.gub.uy\/obras\/wp-json\/wp\/v2\/users\/1"}],"replies":[{"embeddable":true,"href":"https:\/\/www.rivera.gub.uy\/obras\/wp-json\/wp\/v2\/comments?post=291"}],"version-history":[{"count":5,"href":"https:\/\/www.rivera.gub.uy\/obras\/wp-json\/wp\/v2\/pages\/291\/revisions"}],"predecessor-version":[{"id":11005,"href":"https:\/\/www.rivera.gub.uy\/obras\/wp-json\/wp\/v2\/pages\/291\/revisions\/11005"}],"wp:attachment":[{"href":"https:\/\/www.rivera.gub.uy\/obras\/wp-json\/wp\/v2\/media?parent=291"}],"curies":[{"name":"wp","href":"https:\/\/api.w.org\/{rel}","templated":true}]}}