{"id":55,"date":"2017-06-07T16:04:10","date_gmt":"2017-06-07T16:04:10","guid":{"rendered":"http:\/\/rivera.gub.uy\/obras\/?page_id=55"},"modified":"2025-12-08T13:13:00","modified_gmt":"2025-12-08T13:13:00","slug":"arquitectura","status":"publish","type":"page","link":"https:\/\/www.rivera.gub.uy\/obras\/divisiones\/arquitectura\/","title":{"rendered":"Arquitectura"},"content":{"rendered":"<p style=\"text-align: center;\"><img loading=\"lazy\" decoding=\"async\" class=\"alignnone size-full wp-image-150\" src=\"http:\/\/rivera.gub.uy\/obras\/wp-content\/uploads\/2017\/06\/obras-divisionarquitectura.png\" alt=\"Direcci\u00f3n General de Obras - Divisi\u00f3n Arquitectura\" width=\"800\" height=\"350\" \/><\/p>\n<blockquote><p><span style=\"font-weight: 400;\">Unidad dedicada al contralor de edificaciones, Divisi\u00f3n Arquitectura brinda servicios en l\u00ednea y atenci\u00f3n personalizada a contribuyentes, en lo que se refiere a construcciones en general aplicando nuestro conocimiento en beneficio de la poblaci\u00f3n.<\/span><\/p><\/blockquote>\n<p><span style=\"font-weight: 400;\">Apuntamos a las necesidades e inquietudes de cada contribuyente, aportando soluciones basadas en normativas vigentes, para promover un mejor desarrollo del Departamento en el \u00e1rea edilicia. El Sistema de Gesti\u00f3n de Calidad regula parte de las tareas realizadas en \u00e9sta oficina mediante las normas ISO 9001:2008 otorgadas por el LSQA S.A. desde octubre de 2013.<\/span><\/p>\n<hr \/>\n<h3>Ordenanzas<\/h3>\n<p>Ordenanza N\u00b0 129 sobre Higiene de viviendas (<a href=\"http:\/\/rivera.gub.uy\/obras\/wp-content\/uploads\/2017\/06\/Ord.-129.pdf\" target=\"_blank\" rel=\"noopener noreferrer\">descargar<\/a>)<\/p>\n<p>Ordenanza N\u00b0 155 sobre Vivienda Econ\u00f3mica (<a href=\"http:\/\/rivera.gub.uy\/obras\/wp-content\/uploads\/2017\/06\/Ord.-155.pdf\" target=\"_blank\" rel=\"noopener noreferrer\">descargar<\/a>)<\/p>\n<p>Ordenanza N\u00b0 262 sobre Construcciones (<a href=\"http:\/\/rivera.gub.uy\/obras\/wp-content\/uploads\/2017\/06\/Ord.-262.pdf\" target=\"_blank\" rel=\"noopener noreferrer\">descargar<\/a>)<\/p>\n<p>Ordenanza N\u00ba 5\/017 &#8211; Plan de desarrollo y ordenamiento territorial de Tranqueras (<a href=\"http:\/\/rivera.gub.uy\/obras\/wp-content\/uploads\/2017\/06\/Plan-Director-Tranqueras.pdf\" target=\"_blank\" rel=\"noopener noreferrer\">descargar<\/a>)<\/p>\n<p>Ordenanza sobre Publicidad y Propaganda Est\u00e1tica (<a href=\"https:\/\/www.rivera.gub.uy\/obras\/wp-content\/uploads\/2019\/10\/ORD.-PUBLICIDAD-Y-PROPAGANDA-ESTATICA.pdf\" target=\"_blank\" rel=\"noopener noreferrer\">descargar<\/a>)<\/p>\n<p>Ordenanza N\u00b0 07\/2020 &#8211; Habitabilidad e Higiene de Viviendas (<a href=\"https:\/\/drive.google.com\/drive\/folders\/1gDrLKyozbDmOI_uJTf2IlPyCwsC7Vt_Y?usp=sharing\" target=\"_blank\" rel=\"noopener noreferrer\">descargar<\/a>)<\/p>\n<p>Plan parcial del microcentro de la ciudad de Rivera (<a href=\"http:\/\/rivera.gub.uy\/obras\/wp-content\/uploads\/2017\/06\/plan-microcentro-completo-a-aprobacion-definitiva.pdf\" target=\"_blank\" rel=\"noopener noreferrer\">descargar<\/a>)<\/p>\n<p>Plan Director IDR (<a href=\"http:\/\/www.rivera.gub.uy\/portal\/images\/arquitectura\/ordenanzas\/plan-director-idr.pdf\" target=\"_blank\" rel=\"noopener noreferrer\">descargar<\/a>)<\/p>\n<hr \/>\n<h3>Formulario y declaraciones<\/h3>\n<p>Declaraci\u00f3n Jurada del propietario (<a href=\"http:\/\/rivera.gub.uy\/obras\/wp-content\/uploads\/2017\/06\/Declaraci\u00f3n-Jurada-VE-Editable-1.pdf\" target=\"_blank\" rel=\"noopener noreferrer\">descargar<\/a>)<\/p>\n<p>Declaraci\u00f3n Jurada del T\u00e9cnico (<a href=\"http:\/\/rivera.gub.uy\/obras\/wp-content\/uploads\/2017\/06\/declaracion-tecnico.pdf\" target=\"_blank\" rel=\"noopener noreferrer\">descargar<\/a>)<\/p>\n<p>Hoja \u00abTipo\u00bb (<a href=\"http:\/\/rivera.gub.uy\/obras\/wp-content\/uploads\/2017\/06\/TAMA\u00d1O-HOJA.pdf\" target=\"_blank\" rel=\"noopener noreferrer\">descargar<\/a>)<\/p>\n<p>Formularios:<\/p>\n<ul>\n<li>FO.OB.AR. 002 &#8211; Gu\u00eda de estudio de Planos (<a href=\"http:\/\/rivera.gub.uy\/obras\/wp-content\/uploads\/2017\/06\/FO.OB_.AR_.-002-VERSI\u00d3N-AGOSTO-17-editable.pdf\" target=\"_blank\" rel=\"noopener noreferrer\">descargar<\/a>)<\/li>\n<li>FO.OB.AR. 003 &#8211; Declaraci\u00f3n de propietario para notificaciones (<a href=\"http:\/\/rivera.gub.uy\/obras\/wp-content\/uploads\/2017\/06\/FO.OB_.AR_.-003-VERSI\u00d3N-AGOSTO-17-editable.pdf\" target=\"_blank\" rel=\"noopener noreferrer\">descargar<\/a>)<\/li>\n<li>FO.OB.AR. 006 &#8211; Solicitud de inspecci\u00f3n final de obras (<a href=\"http:\/\/rivera.gub.uy\/obras\/wp-content\/uploads\/2017\/06\/FO.OB_.AR_.-006-VERSI\u00d3N-AGOSTO-17-editable.pdf\" target=\"_blank\" rel=\"noopener noreferrer\">descargar<\/a>)<\/li>\n<li>FO.OB.AR. 009 &#8211; Autorizaci\u00f3n del propietario para representaci\u00f3n (<a href=\"http:\/\/rivera.gub.uy\/obras\/wp-content\/uploads\/2017\/06\/FO.OB_.AR_.-009-VERSI\u00d3N-AGOSTO-17-editable.pdf\" target=\"_blank\" rel=\"noopener noreferrer\">descargar<\/a>)<\/li>\n<li>FO.OB.AR. 013 &#8211; Datos del Padr\u00f3n (<a href=\"https:\/\/www.rivera.gub.uy\/obras\/wp-content\/uploads\/2025\/12\/FO.OB_.AR-013.-2025-.pdf\" target=\"_blank\" rel=\"noopener\">descargar<\/a>)<\/li>\n<li>FO.OB.AR. 016 &#8211; R\u00f3tulos (<a href=\"http:\/\/rivera.gub.uy\/obras\/wp-content\/uploads\/2017\/06\/Rotulo-IDR-1.pdf\" target=\"_blank\" rel=\"noopener noreferrer\">descarga 1<\/a>) (<a href=\"http:\/\/rivera.gub.uy\/obras\/wp-content\/uploads\/2017\/06\/Rotulo-IDR-2.pdf\" target=\"_blank\" rel=\"noopener noreferrer\">descarga 2<\/a>) &#8211; (<a href=\"http:\/\/rivera.gub.uy\/obras\/wp-content\/uploads\/2017\/06\/Rotulo-y-planillas-NUREVOS.zip\" target=\"_blank\" rel=\"noopener noreferrer\">descargar dwg<\/a>)<\/li>\n<li>FO.OB.AR. 017 &#8211; Minuta Notarial (<a href=\"http:\/\/rivera.gub.uy\/obras\/wp-content\/uploads\/2017\/06\/FO.OB_.AR_.-017Minuta-Not.-Editable.pdf\" target=\"_blank\" rel=\"noopener noreferrer\">descargar<\/a>)<\/li>\n<li>FO.OB.AR. 018 &#8211; Registro de t\u00e9cnicos (<a href=\"http:\/\/rivera.gub.uy\/obras\/wp-content\/uploads\/2017\/06\/FO.OB_.AR_.-018-Registro-de-T\u00e9cnicos-1.pdf\" target=\"_blank\" rel=\"noopener noreferrer\">descargar<\/a>)<\/li>\n<\/ul>\n<hr \/>\n<h3>Tr\u00e1mites<\/h3>\n<ul>\n<li>Inspecci\u00f3n Ocular al Padr\u00f3n de Referencia\u00a0(<a href=\"https:\/\/tramites.gub.uy\/ampliados?id=4890\" target=\"_blank\" rel=\"noopener noreferrer\">ver tr\u00e1mite<\/a>)<\/li>\n<li>Permisos para Kioscos y Trailers\u00a0(<a href=\"https:\/\/tramites.gub.uy\/ampliados?id=4888\" target=\"_blank\" rel=\"noopener noreferrer\">ver tr\u00e1mite<\/a>)<\/li>\n<li>Solicitud de N\u00famero de Puerta\u00a0(<a href=\"https:\/\/tramites.gub.uy\/ampliados?id=4586\" target=\"_blank\" rel=\"noopener noreferrer\">ver tr\u00e1mite<\/a>)<\/li>\n<li>Solicitud para la Construcci\u00f3n de Vivienda &#8211; R\u00e9gimen Econ\u00f3mico &#8211;\u00a0(<a href=\"https:\/\/tramites.gub.uy\/ampliados?id=4894\" target=\"_blank\" rel=\"noopener noreferrer\">ver tr\u00e1mite<\/a>)<\/li>\n<li>Solicitud para la realizaci\u00f3n de obras menores (<a href=\"https:\/\/tramites.gub.uy\/ampliados?id=4889\" target=\"_blank\" rel=\"noopener noreferrer\">ver tr\u00e1mite<\/a>)<\/li>\n<li>Solicitud para obra en r\u00e9gimen com\u00fan (<a href=\"https:\/\/tramites.gub.uy\/ampliados?id=4895\" target=\"_blank\" rel=\"noopener noreferrer\">ver tr\u00e1mite<\/a>)<\/li>\n<\/ul>\n<p>&nbsp;<\/p>\n<hr \/>\n<p style=\"text-align: center;\"><b>Director:<\/b><span style=\"font-weight: 400;\"> Arq. Marcelo da Silveira<br \/>\n<\/span><span style=\"font-weight: 400;\">Agraciada 570 &#8211; Segundo piso.<br \/>\n<\/span><span style=\"font-weight: 400;\"><strong>Tel\u00e9fono:<\/strong> <a href=\"tel:+59846231900\">462 31900<\/a> Int. 131 \u2013 133<br \/>\n<\/span><span style=\"font-weight: 400;\"><strong>Horario de atenci\u00f3n:<\/strong> de lunes a viernes de 08:15 a 15:00 horas.<br \/>\n<\/span><span style=\"font-weight: 400;\"><strong>E-mail:<\/strong> <a href=\"mailto:arquitectura@rivera.gub.uy\">arquitectura@rivera.gub.uy<\/a><\/span><\/p>\n","protected":false},"excerpt":{"rendered":"<p>Unidad dedicada al contralor de edificaciones, Divisi\u00f3n Arquitectura brinda servicios en l\u00ednea y atenci\u00f3n personalizada a contribuyentes, en lo que se refiere a construcciones en general aplicando nuestro conocimiento en beneficio de la poblaci\u00f3n. Apuntamos a las necesidades e inquietudes de cada contribuyente, aportando soluciones basadas en normativas vigentes, para promover un mejor desarrollo del [&hellip;]<\/p>\n","protected":false},"author":2,"featured_media":0,"parent":10,"menu_order":0,"comment_status":"closed","ping_status":"closed","template":"","meta":{"footnotes":""},"_links":{"self":[{"href":"https:\/\/www.rivera.gub.uy\/obras\/wp-json\/wp\/v2\/pages\/55"}],"collection":[{"href":"https:\/\/www.rivera.gub.uy\/obras\/wp-json\/wp\/v2\/pages"}],"about":[{"href":"https:\/\/www.rivera.gub.uy\/obras\/wp-json\/wp\/v2\/types\/page"}],"author":[{"embeddable":true,"href":"https:\/\/www.rivera.gub.uy\/obras\/wp-json\/wp\/v2\/users\/2"}],"replies":[{"embeddable":true,"href":"https:\/\/www.rivera.gub.uy\/obras\/wp-json\/wp\/v2\/comments?post=55"}],"version-history":[{"count":17,"href":"https:\/\/www.rivera.gub.uy\/obras\/wp-json\/wp\/v2\/pages\/55\/revisions"}],"predecessor-version":[{"id":11073,"href":"https:\/\/www.rivera.gub.uy\/obras\/wp-json\/wp\/v2\/pages\/55\/revisions\/11073"}],"up":[{"embeddable":true,"href":"https:\/\/www.rivera.gub.uy\/obras\/wp-json\/wp\/v2\/pages\/10"}],"wp:attachment":[{"href":"https:\/\/www.rivera.gub.uy\/obras\/wp-json\/wp\/v2\/media?parent=55"}],"curies":[{"name":"wp","href":"https:\/\/api.w.org\/{rel}","templated":true}]}}