{"id":61,"date":"2017-06-07T17:29:11","date_gmt":"2017-06-07T17:29:11","guid":{"rendered":"http:\/\/rivera.gub.uy\/obras\/?page_id=61"},"modified":"2023-04-25T17:13:18","modified_gmt":"2023-04-25T17:13:18","slug":"unidad-de-proyectos","status":"publish","type":"page","link":"https:\/\/www.rivera.gub.uy\/obras\/divisiones\/unidad-de-proyectos\/","title":{"rendered":"Unidad de Proyectos"},"content":{"rendered":"<p style=\"text-align: center;\"><img loading=\"lazy\" decoding=\"async\" class=\"alignnone size-full wp-image-153\" src=\"http:\/\/rivera.gub.uy\/obras\/wp-content\/uploads\/2017\/06\/obras-unidad-de-proyectos.png\" alt=\"Direcci\u00f3n General de Obras - Unidad de proyectos\" width=\"800\" height=\"350\" \/><\/p>\n<blockquote><p><span style=\"font-weight: 400;\">Son el equipo encargado de vincular f\u00edsicamente a la IDR con la sociedad, gestionando la interacci\u00f3n con el espacio p\u00fablico, por medio de proyectos que materialicen las necesidades constatadas, por la iniciativa ciudadana o por nosotros, agregando valor al acontecer asociado con la cultura urbana contempor\u00e1nea.<br \/>\n<\/span><\/p><\/blockquote>\n<p><span style=\"font-weight: 400;\">Creamos, revitalizamos o refuncionalizamos espacios p\u00fablicos, en distintos barrios, con un orden en lo material que otorgue sentido de integraci\u00f3n social para la proyecci\u00f3n cultural de la comunidad.\u00a0<\/span>Escenarios de encuentro, espacios recreativos, conmemorativos, culturales, deportivos, gastron\u00f3micos, para la convivencia. Verdes o secos, forestados o no. Formales e informales. Plazas, plazas tem\u00e1ticas, parques, rincones, v\u00edas verdes, plazoletas, anfiteatros, escalinatas p\u00fablicas, miradores, comunicaci\u00f3n visual, ciclov\u00edas, explanadas.<\/p>\n<p>&nbsp;<\/p>\n<hr \/>\n<p style=\"text-align: center;\"><span style=\"font-weight: 400;\"><strong>Directora:<\/strong> Arq.\u00a0<\/span><span style=\"font-weight: 400;\">Aida C. Aguirre Gonz\u00e1lvez<br \/>\n<\/span><span style=\"font-weight: 400;\">Agraciada 570 &#8211; Segundo piso.<br \/>\n<strong>Tel\u00e9fono:<\/strong> <a href=\"tel:59846231900\">462 31900<\/a> Int. 232<br \/>\n<strong>Horario de atenci\u00f3n:<\/strong> Lunes a Viernes de 08:15 a 15:00 horas.<br \/>\n<strong>E-mail:<\/strong> <a href=\"mailto:Obras.UP@rivera.gub.uy\">Obras.UP@rivera.gub.uy<\/a><br \/>\n<\/span><\/p>\n","protected":false},"excerpt":{"rendered":"<p>Son el equipo encargado de vincular f\u00edsicamente a la IDR con la sociedad, gestionando la interacci\u00f3n con el espacio p\u00fablico, por medio de proyectos que materialicen las necesidades constatadas, por la iniciativa ciudadana o por nosotros, agregando valor al acontecer asociado con la cultura urbana contempor\u00e1nea. Creamos, revitalizamos o refuncionalizamos espacios p\u00fablicos, en distintos barrios, [&hellip;]<\/p>\n","protected":false},"author":2,"featured_media":0,"parent":10,"menu_order":0,"comment_status":"closed","ping_status":"closed","template":"","meta":{"footnotes":""},"_links":{"self":[{"href":"https:\/\/www.rivera.gub.uy\/obras\/wp-json\/wp\/v2\/pages\/61"}],"collection":[{"href":"https:\/\/www.rivera.gub.uy\/obras\/wp-json\/wp\/v2\/pages"}],"about":[{"href":"https:\/\/www.rivera.gub.uy\/obras\/wp-json\/wp\/v2\/types\/page"}],"author":[{"embeddable":true,"href":"https:\/\/www.rivera.gub.uy\/obras\/wp-json\/wp\/v2\/users\/2"}],"replies":[{"embeddable":true,"href":"https:\/\/www.rivera.gub.uy\/obras\/wp-json\/wp\/v2\/comments?post=61"}],"version-history":[{"count":7,"href":"https:\/\/www.rivera.gub.uy\/obras\/wp-json\/wp\/v2\/pages\/61\/revisions"}],"predecessor-version":[{"id":1188,"href":"https:\/\/www.rivera.gub.uy\/obras\/wp-json\/wp\/v2\/pages\/61\/revisions\/1188"}],"up":[{"embeddable":true,"href":"https:\/\/www.rivera.gub.uy\/obras\/wp-json\/wp\/v2\/pages\/10"}],"wp:attachment":[{"href":"https:\/\/www.rivera.gub.uy\/obras\/wp-json\/wp\/v2\/media?parent=61"}],"curies":[{"name":"wp","href":"https:\/\/api.w.org\/{rel}","templated":true}]}}