{"id":81,"date":"2017-06-07T17:52:51","date_gmt":"2017-06-07T17:52:51","guid":{"rendered":"http:\/\/rivera.gub.uy\/obras\/?page_id=81"},"modified":"2018-02-23T13:54:53","modified_gmt":"2018-02-23T13:54:53","slug":"alumbrado-publico","status":"publish","type":"page","link":"https:\/\/www.rivera.gub.uy\/obras\/datos-estadisticos\/alumbrado-publico\/","title":{"rendered":"Alumbrado P\u00fablico"},"content":{"rendered":"<p style=\"text-align: center;\"><img loading=\"lazy\" decoding=\"async\" class=\"alignnone size-full wp-image-160\" src=\"http:\/\/rivera.gub.uy\/obras\/wp-content\/uploads\/2017\/06\/datos-alumbrado-publico.png\" alt=\"Direcci\u00f3n General de Obras - Datos estad\u00edsticos: alumbrado p\u00fablico\" width=\"800\" height=\"350\" srcset=\"https:\/\/www.rivera.gub.uy\/obras\/wp-content\/uploads\/2017\/06\/datos-alumbrado-publico.png 800w, https:\/\/www.rivera.gub.uy\/obras\/wp-content\/uploads\/2017\/06\/datos-alumbrado-publico-300x131.png 300w, https:\/\/www.rivera.gub.uy\/obras\/wp-content\/uploads\/2017\/06\/datos-alumbrado-publico-768x336.png 768w\" sizes=\"(max-width: 800px) 100vw, 800px\" \/><\/p>\n<h3>Ejercicio 2016<\/h3>\n<ul>\n<li>Resoluci\u00f3n de 4050 solicitudes y reclamos<\/li>\n<li>Resoluci\u00f3n de 33 emergencias<\/li>\n<\/ul>\n<hr \/>\n<p><strong>CANTIDAD DE LUMINARIAS<\/strong> (seg\u00fan datos obtenidos en el \u00faltimo relevamiento en conjunto con UTE):<\/p>\n<ul>\n<li>RIVERA\u2026\u2026\u2026\u2026&#8230;\u2026\u2026\u2026.\u2026 8.567<\/li>\n<li>VICHADERO\u2026\u2026..\u2026\u2026\u2026\u2026.. 858<\/li>\n<li>TRANQUERAS\u2026\u2026..\u2026\u2026\u2026.. 968<\/li>\n<li>MINAS DE CORRALES\u2026.\u2026 511<\/li>\n<li>LAGOS DEL NORTE\u2026\u2026\u2026. 374<\/li>\n<li>CURTICEIRAS\u2026\u2026\u2026.\u2026\u2026\u2026 100<\/li>\n<\/ul>\n<hr \/>\n<p style=\"text-align: center;\"><strong>Actualizaci\u00f3n:<\/strong> 09\/03\/17 | Responsable de esta informaci\u00f3n: &#8211;<br \/>\nDivisi\u00f3n Alumbrado P\u00fablico.<br \/>\n<strong>Director:<\/strong> Mart\u00ed Molins<br \/>\nAgraciada 1103 &#8211; Estadio Municipal<br \/>\n<strong>Tel: <\/strong><a href=\"tel:+59846231900\">4623 1900<\/a>\u00a0int. 307<br \/>\n<strong>Horario de atenci\u00f3n:<\/strong> de Lunes a Viernes de 07:00 a 14:15 horas.<br \/>\n<strong>E-mail:<\/strong> <a href=\"mailto:alumbrado@rivera.gub.uy\">alumbrado@rivera.gub.uy<\/a><\/p>\n","protected":false},"excerpt":{"rendered":"<p>Ejercicio 2016 Resoluci\u00f3n de 4050 solicitudes y reclamos Resoluci\u00f3n de 33 emergencias CANTIDAD DE LUMINARIAS (seg\u00fan datos obtenidos en el \u00faltimo relevamiento en conjunto con UTE): RIVERA\u2026\u2026\u2026\u2026&#8230;\u2026\u2026\u2026.\u2026 8.567 VICHADERO\u2026\u2026..\u2026\u2026\u2026\u2026.. 858 TRANQUERAS\u2026\u2026..\u2026\u2026\u2026.. 968 MINAS DE CORRALES\u2026.\u2026 511 LAGOS DEL NORTE\u2026\u2026\u2026. 374 CURTICEIRAS\u2026\u2026\u2026.\u2026\u2026\u2026 100 Actualizaci\u00f3n: 09\/03\/17 | Responsable de esta informaci\u00f3n: &#8211; Divisi\u00f3n Alumbrado P\u00fablico. Director: Mart\u00ed [&hellip;]<\/p>\n","protected":false},"author":2,"featured_media":0,"parent":79,"menu_order":0,"comment_status":"closed","ping_status":"closed","template":"","meta":{"footnotes":""},"_links":{"self":[{"href":"https:\/\/www.rivera.gub.uy\/obras\/wp-json\/wp\/v2\/pages\/81"}],"collection":[{"href":"https:\/\/www.rivera.gub.uy\/obras\/wp-json\/wp\/v2\/pages"}],"about":[{"href":"https:\/\/www.rivera.gub.uy\/obras\/wp-json\/wp\/v2\/types\/page"}],"author":[{"embeddable":true,"href":"https:\/\/www.rivera.gub.uy\/obras\/wp-json\/wp\/v2\/users\/2"}],"replies":[{"embeddable":true,"href":"https:\/\/www.rivera.gub.uy\/obras\/wp-json\/wp\/v2\/comments?post=81"}],"version-history":[{"count":4,"href":"https:\/\/www.rivera.gub.uy\/obras\/wp-json\/wp\/v2\/pages\/81\/revisions"}],"predecessor-version":[{"id":794,"href":"https:\/\/www.rivera.gub.uy\/obras\/wp-json\/wp\/v2\/pages\/81\/revisions\/794"}],"up":[{"embeddable":true,"href":"https:\/\/www.rivera.gub.uy\/obras\/wp-json\/wp\/v2\/pages\/79"}],"wp:attachment":[{"href":"https:\/\/www.rivera.gub.uy\/obras\/wp-json\/wp\/v2\/media?parent=81"}],"curies":[{"name":"wp","href":"https:\/\/api.w.org\/{rel}","templated":true}]}}