{"id":88,"date":"2017-06-07T18:08:51","date_gmt":"2017-06-07T18:08:51","guid":{"rendered":"http:\/\/rivera.gub.uy\/obras\/?page_id=88"},"modified":"2023-04-25T17:09:35","modified_gmt":"2023-04-25T17:09:35","slug":"vialidad-urbana","status":"publish","type":"page","link":"https:\/\/www.rivera.gub.uy\/obras\/datos-estadisticos\/vialidad-urbana\/","title":{"rendered":"Vialidad Urbana"},"content":{"rendered":"<p style=\"text-align: center;\"><img loading=\"lazy\" decoding=\"async\" class=\"alignnone size-full wp-image-164\" src=\"http:\/\/rivera.gub.uy\/obras\/wp-content\/uploads\/2017\/06\/datos-vialidad-urbana.png\" alt=\"Direcci\u00f3n General de Obras - Datos estad\u00edsticos: vialidad urbana\" width=\"800\" height=\"350\" srcset=\"https:\/\/www.rivera.gub.uy\/obras\/wp-content\/uploads\/2017\/06\/datos-vialidad-urbana.png 800w, https:\/\/www.rivera.gub.uy\/obras\/wp-content\/uploads\/2017\/06\/datos-vialidad-urbana-300x131.png 300w, https:\/\/www.rivera.gub.uy\/obras\/wp-content\/uploads\/2017\/06\/datos-vialidad-urbana-768x336.png 768w\" sizes=\"(max-width: 800px) 100vw, 800px\" \/><\/p>\n<h3>Tipos \u00a0de Pavimentos de la Ciudad de Rivera<\/h3>\n<table width=\"100%\">\n<tbody>\n<tr>\n<td align=\"center\" valign=\"middle\" width=\"15%\"><span style=\"font-weight: bold;\">Cuadras<\/span><\/td>\n<td align=\"center\" valign=\"middle\" width=\"25%\"><span style=\"font-weight: bold;\">Pavimento<\/span><\/td>\n<td align=\"center\" valign=\"middle\" width=\"60%\"><span style=\"font-weight: bold;\">V\u00cdNCULO A MAPAS DE PAVIMENTOS<\/span><\/td>\n<\/tr>\n<tr>\n<td align=\"center\"><span style=\"font-weight: 400;\">444,0<\/span><\/td>\n<td align=\"center\"><span style=\"font-weight: 400;\">Hormig\u00f3n<\/span><\/td>\n<td align=\"center\"><a href=\"https:\/\/www.google.com\/maps\/d\/edit?mid=za8PSkuphSmM.kk5jXZycH_98&amp;usp=sharing\" target=\"_blank\" rel=\"noopener noreferrer\"><span style=\"font-weight: 400;\">VER MAPA<\/span><\/a><\/td>\n<\/tr>\n<tr>\n<td align=\"center\"><span style=\"font-weight: 400;\">833,0<\/span><\/td>\n<td align=\"center\"><span style=\"font-weight: 400;\">Carpeta<\/span><\/td>\n<td align=\"center\"><a href=\"https:\/\/www.google.com\/maps\/d\/edit?mid=za8PSkuphSmM.ki-8A-Ye9KOk&amp;usp=sharing\" target=\"_blank\" rel=\"noopener noreferrer\"><span style=\"font-weight: 400;\">VER MAPA<\/span><\/a><\/td>\n<\/tr>\n<tr>\n<td align=\"center\"><span style=\"font-weight: 400;\">660,0<\/span><\/td>\n<td align=\"center\"><span style=\"font-weight: 400;\">Tratamiento<\/span><\/td>\n<td align=\"center\"><a href=\"https:\/\/www.google.com\/maps\/d\/edit?mid=za8PSkuphSmM.kJwTu3dGA3VA&amp;usp=sharing\" target=\"_blank\" rel=\"noopener noreferrer\"><span style=\"font-weight: 400;\">VER MAPA<\/span><\/a><\/td>\n<\/tr>\n<tr>\n<td align=\"center\"><span style=\"font-weight: 400;\">654,0<\/span><\/td>\n<td align=\"center\"><span style=\"font-weight: 400;\">Empedrado<\/span><\/td>\n<td align=\"center\"><a href=\"https:\/\/drive.google.com\/open?id=1O7RrYLpbuIAy-ejckhU2cz8-oiM&amp;usp=sharing\" target=\"_blank\" rel=\"noopener noreferrer\"><span style=\"font-weight: 400;\">VER MAPA<\/span><\/a><\/td>\n<\/tr>\n<tr>\n<td align=\"center\"><span style=\"font-weight: 400;\">610,0<\/span><\/td>\n<td align=\"center\"><span style=\"font-weight: 400;\">Sin Pavimentar<\/span><\/td>\n<td align=\"center\"><a href=\"https:\/\/www.google.com\/maps\/d\/edit?mid=za8PSkuphSmM.kfM_Q3fuRoa4&amp;usp=sharing\" target=\"_blank\" rel=\"noopener noreferrer\"><span style=\"font-weight: 400;\">VER MAPA<\/span><\/a><\/td>\n<\/tr>\n<tr>\n<td align=\"center\"><span style=\"font-weight: 400;\">3.201,0<\/span><\/td>\n<td align=\"center\"><span style=\"font-weight: 400;\"> Total<\/span><\/td>\n<td><\/td>\n<\/tr>\n<\/tbody>\n<\/table>\n<p>&nbsp;<\/p>\n<hr \/>\n<p style=\"text-align: center;\"><span style=\"font-weight: 400;\"><strong>Actualizaci\u00f3n:<\/strong> 09\/03\/17 | Responsable de esta informaci\u00f3n: &#8211;<br \/>\n<\/span>Divisi\u00f3n: Vialidad Urbana.<br \/>\n<b>Director: <\/b>Diego Mart\u00edn Costa<br \/>\n<span style=\"font-weight: 400;\">Av. Italia 1103 &#8211; Frente al Estadio A. Paiva<br \/>\n<\/span><span style=\"font-weight: 400;\"><strong>Tel:<\/strong> <a href=\"tel:+59846231900\">46231900<\/a>\u00a0int. 315<br \/>\n<\/span><strong>E &#8211; mail:<\/strong> <a href=\"mailto:vialidadurbana@rivera.gub.uy\"><span style=\"font-weight: 400;\">vialidadurbana@rivera.gub.uy<br \/>\n<\/span><\/a><span style=\"font-weight: 400;\"><strong>Atenci\u00f3n al P\u00fablico:<\/strong> de 8 a 14:00<\/span><\/p>\n<p>&nbsp;<\/p>\n","protected":false},"excerpt":{"rendered":"<p>Tipos \u00a0de Pavimentos de la Ciudad de Rivera Cuadras Pavimento V\u00cdNCULO A MAPAS DE PAVIMENTOS 444,0 Hormig\u00f3n VER MAPA 833,0 Carpeta VER MAPA 660,0 Tratamiento VER MAPA 654,0 Empedrado VER MAPA 610,0 Sin Pavimentar VER MAPA 3.201,0 Total &nbsp; Actualizaci\u00f3n: 09\/03\/17 | Responsable de esta informaci\u00f3n: &#8211; Divisi\u00f3n: Vialidad Urbana. Director: Diego Mart\u00edn Costa Av. [&hellip;]<\/p>\n","protected":false},"author":2,"featured_media":0,"parent":79,"menu_order":0,"comment_status":"closed","ping_status":"closed","template":"","meta":{"footnotes":""},"_links":{"self":[{"href":"https:\/\/www.rivera.gub.uy\/obras\/wp-json\/wp\/v2\/pages\/88"}],"collection":[{"href":"https:\/\/www.rivera.gub.uy\/obras\/wp-json\/wp\/v2\/pages"}],"about":[{"href":"https:\/\/www.rivera.gub.uy\/obras\/wp-json\/wp\/v2\/types\/page"}],"author":[{"embeddable":true,"href":"https:\/\/www.rivera.gub.uy\/obras\/wp-json\/wp\/v2\/users\/2"}],"replies":[{"embeddable":true,"href":"https:\/\/www.rivera.gub.uy\/obras\/wp-json\/wp\/v2\/comments?post=88"}],"version-history":[{"count":9,"href":"https:\/\/www.rivera.gub.uy\/obras\/wp-json\/wp\/v2\/pages\/88\/revisions"}],"predecessor-version":[{"id":1187,"href":"https:\/\/www.rivera.gub.uy\/obras\/wp-json\/wp\/v2\/pages\/88\/revisions\/1187"}],"up":[{"embeddable":true,"href":"https:\/\/www.rivera.gub.uy\/obras\/wp-json\/wp\/v2\/pages\/79"}],"wp:attachment":[{"href":"https:\/\/www.rivera.gub.uy\/obras\/wp-json\/wp\/v2\/media?parent=88"}],"curies":[{"name":"wp","href":"https:\/\/api.w.org\/{rel}","templated":true}]}}