{"id":19941,"date":"2019-11-28T08:18:41","date_gmt":"2019-11-28T11:18:41","guid":{"rendered":"https:\/\/www.rivera.gub.uy\/portal\/?post_type=tribe_events&#038;p=19941"},"modified":"2019-12-18T08:39:16","modified_gmt":"2019-12-18T11:39:16","slug":"noche-magica-en-av-sarandi","status":"publish","type":"tribe_events","link":"https:\/\/www.rivera.gub.uy\/portal\/evento\/noche-magica-en-av-sarandi\/","title":{"rendered":"Noche M\u00e1gica en Av. Sarand\u00ed"},"content":{"rendered":"<p>El 19 de diciembre, se llevar\u00e1 a cabo la Noche M\u00e1gica por Av. Sarand\u00ed, en el marco de <a href=\"http:\/\/www.rivera.gub.uy\/riverabrilla\" target=\"_blank\" rel=\"noopener noreferrer\">Rivera Brilla<\/a>.<\/p>\n<p>Adem\u00e1s, en los alrededores de <strong>Av. Sarand\u00ed y calle Artigas<\/strong>, se llevar\u00e1n a cabo diferentes espect\u00e1culos, a partir de las 18 horas.<\/p>\n<ul>\n<li>18:00 Venta gastron\u00f3mica navide\u00f1a y artesan\u00edas<\/li>\n<li>20:00 Apertura desfile de Bandas Marciales<\/li>\n<li>21:00 Escuela Municipal de Tango<\/li>\n<li>21:30 Academias Acuarius y Swing<\/li>\n<li>22:00 Ballet Folcl\u00f3rico Departamental<\/li>\n<li>22:30 Orquesta Departamental de Rivera<\/li>\n<li>23:30 S\u00f3 Gaita\u00e7o<\/li>\n<\/ul>\n<p>Por otra parte, en <strong>calle Paysand\u00fa y Av. Sarand\u00ed<\/strong>, tendr\u00e1 lugar la &#8220;<strong>Plaza de Comidas, M\u00fasica y Artesan\u00edas<\/strong>&#8220;, a partir de las 20 horas.<\/p>\n<p>&nbsp;<\/p>\n\r\n\t<div class=\"msacwl-slider-wrap msacwl-row-clearfix \" data-conf=\"{&quot;autoplay&quot;:&quot;true&quot;,&quot;autoplay_speed&quot;:3000,&quot;speed&quot;:300,&quot;arrows&quot;:&quot;true&quot;,&quot;dots&quot;:&quot;true&quot;,&quot;lazyload&quot;:&quot;&quot;}\">\r\n\t\t<div id=\"msacwl-slider-1\" class=\"msacwl-slider msacwl-common-slider msacwl-slider-popup\">\r\n\t\t\t\t\t\t<div class=\"msacwl-slide\" data-item-index=\"1\" >\r\n\t\t\t\t<a class=\"msacwl-img-link\" href=\"javascript:void(0);\" data-mfp-src=\"https:\/\/www.rivera.gub.uy\/portal\/wp-content\/uploads\/2019\/11\/1219-ballet.jpeg\">\r\n\t\t\t\t\t<img decoding=\"async\" class=\"msacwl-img\" src=\"https:\/\/www.rivera.gub.uy\/portal\/wp-content\/uploads\/2019\/11\/1219-ballet.jpeg\"  data-title=\"\" alt=\"\" \/>\r\n\t\t\t\t<\/a>\r\n\t\t\t\t\t\t\t\t\t<div class=\"msacwl-gallery-caption\">\r\n\t\t\t\t\t\t\t\t\t\t\t\t\t<span class=\"image_title\"><\/span>\r\n\t\t\t\t\t\t\t\t\t\t\t\t\t<span><\/span>\r\n\t\t\t\t\t\t \t\t\t\t\t<\/div>\r\n\t\t\t\t\t\t\t<\/div>\r\n\t\t\t\t\t\t<div class=\"msacwl-slide\" data-item-index=\"2\" >\r\n\t\t\t\t<a class=\"msacwl-img-link\" href=\"javascript:void(0);\" data-mfp-src=\"https:\/\/www.rivera.gub.uy\/portal\/wp-content\/uploads\/2019\/11\/1219-so-gaitaco.jpeg\">\r\n\t\t\t\t\t<img decoding=\"async\" class=\"msacwl-img\" src=\"https:\/\/www.rivera.gub.uy\/portal\/wp-content\/uploads\/2019\/11\/1219-so-gaitaco.jpeg\"  data-title=\"\" alt=\"\" \/>\r\n\t\t\t\t<\/a>\r\n\t\t\t\t\t\t\t\t\t<div class=\"msacwl-gallery-caption\">\r\n\t\t\t\t\t\t\t\t\t\t\t\t\t<span class=\"image_title\"><\/span>\r\n\t\t\t\t\t\t\t\t\t\t\t\t\t<span><\/span>\r\n\t\t\t\t\t\t \t\t\t\t\t<\/div>\r\n\t\t\t\t\t\t\t<\/div>\r\n\t\t\t\t\t\t<div class=\"msacwl-slide\" data-item-index=\"3\" >\r\n\t\t\t\t<a class=\"msacwl-img-link\" href=\"javascript:void(0);\" data-mfp-src=\"https:\/\/www.rivera.gub.uy\/portal\/wp-content\/uploads\/2019\/11\/1219-orquesta.jpeg\">\r\n\t\t\t\t\t<img decoding=\"async\" class=\"msacwl-img\" src=\"https:\/\/www.rivera.gub.uy\/portal\/wp-content\/uploads\/2019\/11\/1219-orquesta.jpeg\"  data-title=\"\" alt=\"\" \/>\r\n\t\t\t\t<\/a>\r\n\t\t\t\t\t\t\t\t\t<div class=\"msacwl-gallery-caption\">\r\n\t\t\t\t\t\t\t\t\t\t\t\t\t<span class=\"image_title\"><\/span>\r\n\t\t\t\t\t\t\t\t\t\t\t\t\t<span><\/span>\r\n\t\t\t\t\t\t \t\t\t\t\t<\/div>\r\n\t\t\t\t\t\t\t<\/div>\r\n\t\t\t\t\t\t<div class=\"msacwl-slide\" data-item-index=\"4\" >\r\n\t\t\t\t<a class=\"msacwl-img-link\" href=\"javascript:void(0);\" data-mfp-src=\"https:\/\/www.rivera.gub.uy\/portal\/wp-content\/uploads\/2019\/11\/1219-noche-magica.jpeg\">\r\n\t\t\t\t\t<img decoding=\"async\" class=\"msacwl-img\" src=\"https:\/\/www.rivera.gub.uy\/portal\/wp-content\/uploads\/2019\/11\/1219-noche-magica.jpeg\"  data-title=\"1219 noche magica\" alt=\"\" \/>\r\n\t\t\t\t<\/a>\r\n\t\t\t\t\t\t\t\t\t<div class=\"msacwl-gallery-caption\">\r\n\t\t\t\t\t\t\t\t\t\t\t\t\t<span class=\"image_title\">1219 noche magica<\/span>\r\n\t\t\t\t\t\t\t\t\t\t\t\t\t<span><\/span>\r\n\t\t\t\t\t\t \t\t\t\t\t<\/div>\r\n\t\t\t\t\t\t\t<\/div>\r\n\t\t\t\t\t<\/div>\r\n\t<\/div>\r\n\r\n\t\n<p>&nbsp;<\/p>\n","protected":false},"excerpt":{"rendered":"<p>El 19 de diciembre, se llevar\u00e1 a cabo la Noche M\u00e1gica por Av. Sarand\u00ed, en el marco de Rivera Brilla. Adem\u00e1s, en los alrededores de Av. Sarand\u00ed y calle Artigas, se llevar\u00e1n a cabo diferentes espect\u00e1culos, a partir de las 18 horas. 18:00 Venta gastron\u00f3mica navide\u00f1a y artesan\u00edas 20:00 Apertura desfile de Bandas Marciales 21:00 [&hellip;]<\/p>\n","protected":false},"author":1,"featured_media":19945,"template":"","meta":{"_tribe_events_status":"","_tribe_events_status_reason":"","footnotes":""},"tags":[36,317,33,289],"tribe_events_cat":[253,302,456],"class_list":["post-19941","tribe_events","type-tribe_events","status-publish","has-post-thumbnail","hentry","tag-intendencia","tag-noche-magica","tag-rivera","tag-rivera-brilla","tribe_events_cat-cultura","tribe_events_cat-idr","tribe_events_cat-turismo","cat_cultura","cat_idr","cat_turismo"],"_links":{"self":[{"href":"https:\/\/www.rivera.gub.uy\/portal\/wp-json\/wp\/v2\/tribe_events\/19941","targetHints":{"allow":["GET"]}}],"collection":[{"href":"https:\/\/www.rivera.gub.uy\/portal\/wp-json\/wp\/v2\/tribe_events"}],"about":[{"href":"https:\/\/www.rivera.gub.uy\/portal\/wp-json\/wp\/v2\/types\/tribe_events"}],"author":[{"embeddable":true,"href":"https:\/\/www.rivera.gub.uy\/portal\/wp-json\/wp\/v2\/users\/1"}],"version-history":[{"count":4,"href":"https:\/\/www.rivera.gub.uy\/portal\/wp-json\/wp\/v2\/tribe_events\/19941\/revisions"}],"predecessor-version":[{"id":20638,"href":"https:\/\/www.rivera.gub.uy\/portal\/wp-json\/wp\/v2\/tribe_events\/19941\/revisions\/20638"}],"wp:featuredmedia":[{"embeddable":true,"href":"https:\/\/www.rivera.gub.uy\/portal\/wp-json\/wp\/v2\/media\/19945"}],"wp:attachment":[{"href":"https:\/\/www.rivera.gub.uy\/portal\/wp-json\/wp\/v2\/media?parent=19941"}],"wp:term":[{"taxonomy":"post_tag","embeddable":true,"href":"https:\/\/www.rivera.gub.uy\/portal\/wp-json\/wp\/v2\/tags?post=19941"},{"taxonomy":"tribe_events_cat","embeddable":true,"href":"https:\/\/www.rivera.gub.uy\/portal\/wp-json\/wp\/v2\/tribe_events_cat?post=19941"}],"curies":[{"name":"wp","href":"https:\/\/api.w.org\/{rel}","templated":true}]}}