{"id":54,"date":"2017-07-04T15:02:43","date_gmt":"2017-07-04T15:02:43","guid":{"rendered":"http:\/\/rivera.gub.uy\/social\/?page_id=54"},"modified":"2025-05-21T15:42:09","modified_gmt":"2025-05-21T15:42:09","slug":"nosotros","status":"publish","type":"page","link":"https:\/\/www.rivera.gub.uy\/social\/nosotros\/","title":{"rendered":"Nosotros"},"content":{"rendered":"<p>&nbsp;<\/p>\n<p><strong>\u00bfQui\u00e9nes somos?<\/strong><\/p>\n<p>La Direcci\u00f3n General de Promoci\u00f3n y Acci\u00f3n Social es un \u00e1rea estrat\u00e9gica de la Intendencia Departamental de Rivera. Tiene a su cargo la gesti\u00f3n de espacios culturales como la Casa de la Cultura, el Teatro Municipal \u00ab15 de Febrero de 1985\u00bb, el Centro Cultural Artigas, la Biblioteca Artigas, el Museo del Patrimonio Regional y el Museo Departamental de Artes Pl\u00e1sticas. Asimismo, coordina divisiones como Equidad y G\u00e9nero, Gesti\u00f3n Territorial, Turismo, Adulto Mayor, el Observatorio Departamental y los Hogares Estudiantiles.<\/p>\n<p>Trabajamos con enfoque regional, articulando programas y proyectos que fortalecen la identidad, la participaci\u00f3n y el desarrollo de las comunidades.<\/p>\n<p><strong>Misi\u00f3n<\/strong><br \/>\nImpulsar el desarrollo integral del departamento de Rivera a trav\u00e9s de la gesti\u00f3n cultural, territorial, tur\u00edstica y comunitaria, promoviendo la participaci\u00f3n activa de la ciudadan\u00eda y fortaleciendo los v\u00ednculos con el entorno regional. La Direcci\u00f3n coordina y articula espacios culturales, servicios estrat\u00e9gicos y acciones que potencian la identidad, el conocimiento y el crecimiento colectivo.<\/p>\n<p><strong>Visi\u00f3n<\/strong><br \/>\nSer una Direcci\u00f3n din\u00e1mica y referente en la promoci\u00f3n cultural, tur\u00edstica y territorial, destacada por su compromiso con la innovaci\u00f3n, la participaci\u00f3n ciudadana y la calidad en la gesti\u00f3n p\u00fablica, contribuyendo al desarrollo sostenible del departamento y su proyecci\u00f3n regional.<\/p>\n<p>&nbsp;<\/p>\n<hr \/>\n<p style=\"text-align: center;\"><strong>Director:<\/strong> Cr. Giovani Conti.<br \/>\n<strong>Direcci\u00f3n:<\/strong> Agraciada 570 | Segundo subsuelo<br \/>\n<strong>Horario de atenci\u00f3n:<\/strong> De lunes a viernes de 8:15 a 15:00<br \/>\n<strong>Tel:<\/strong> <a href=\"tel:59846231900\">4623 1900<\/a> int.197.<br \/>\n<strong>Email:<\/strong> <a href=\"mailto:dgpas@rivera.gub.uy\">dgpas@rivera.gub.uy<\/a><\/p>\n","protected":false},"excerpt":{"rendered":"<p>&nbsp; \u00bfQui\u00e9nes somos? La Direcci\u00f3n General de Promoci\u00f3n y Acci\u00f3n Social es un \u00e1rea estrat\u00e9gica de la Intendencia Departamental de Rivera. Tiene a su cargo la gesti\u00f3n de espacios culturales como la Casa de la Cultura, el Teatro Municipal \u00ab15 de Febrero de 1985\u00bb, el Centro Cultural Artigas, la Biblioteca Artigas, el Museo del Patrimonio [&hellip;]<\/p>\n","protected":false},"author":2,"featured_media":0,"parent":0,"menu_order":0,"comment_status":"closed","ping_status":"closed","template":"","meta":{"footnotes":""},"_links":{"self":[{"href":"https:\/\/www.rivera.gub.uy\/social\/wp-json\/wp\/v2\/pages\/54"}],"collection":[{"href":"https:\/\/www.rivera.gub.uy\/social\/wp-json\/wp\/v2\/pages"}],"about":[{"href":"https:\/\/www.rivera.gub.uy\/social\/wp-json\/wp\/v2\/types\/page"}],"author":[{"embeddable":true,"href":"https:\/\/www.rivera.gub.uy\/social\/wp-json\/wp\/v2\/users\/2"}],"replies":[{"embeddable":true,"href":"https:\/\/www.rivera.gub.uy\/social\/wp-json\/wp\/v2\/comments?post=54"}],"version-history":[{"count":7,"href":"https:\/\/www.rivera.gub.uy\/social\/wp-json\/wp\/v2\/pages\/54\/revisions"}],"predecessor-version":[{"id":37375,"href":"https:\/\/www.rivera.gub.uy\/social\/wp-json\/wp\/v2\/pages\/54\/revisions\/37375"}],"wp:attachment":[{"href":"https:\/\/www.rivera.gub.uy\/social\/wp-json\/wp\/v2\/media?parent=54"}],"curies":[{"name":"wp","href":"https:\/\/api.w.org\/{rel}","templated":true}]}}