{"id":518,"date":"2017-04-07T14:46:49","date_gmt":"2017-04-07T14:46:49","guid":{"rendered":"http:\/\/www.rivera.gub.uy\/medioambiente\/?page_id=518"},"modified":"2023-05-11T11:41:18","modified_gmt":"2023-05-11T11:41:18","slug":"secretaria-administrativa","status":"publish","type":"page","link":"https:\/\/www.rivera.gub.uy\/transito\/divisiones\/secretaria-administrativa\/","title":{"rendered":"Secretaria Administrativa"},"content":{"rendered":"<p><a href=\"https:\/\/www.rivera.gub.uy\/transito\/wp-content\/uploads\/2023\/05\/servicios-division-secretaria-administrativa.png\"><img loading=\"lazy\" decoding=\"async\" class=\"aligncenter wp-image-5126 size-full\" src=\"https:\/\/www.rivera.gub.uy\/transito\/wp-content\/uploads\/2023\/05\/servicios-division-secretaria-administrativa.png\" alt=\"\" width=\"800\" height=\"350\" srcset=\"https:\/\/www.rivera.gub.uy\/transito\/wp-content\/uploads\/2023\/05\/servicios-division-secretaria-administrativa.png 800w, https:\/\/www.rivera.gub.uy\/transito\/wp-content\/uploads\/2023\/05\/servicios-division-secretaria-administrativa-300x131.png 300w, https:\/\/www.rivera.gub.uy\/transito\/wp-content\/uploads\/2023\/05\/servicios-division-secretaria-administrativa-768x336.png 768w\" sizes=\"(max-width: 800px) 100vw, 800px\" \/><\/a><\/p>\n<blockquote><p><span style=\"font-weight: 400;\">Es el \u00e1rea que origina los procesos administrativos pertinentes a la Direcci\u00f3n General de Tr\u00e1nsito y Transporte contemplando la normativa vigente, trabajando en coordinaci\u00f3n con todas las Divisiones de tr\u00e1nsito, Secretar\u00eda General y \u00a0las dem\u00e1s Direcciones Generales.<\/span><span style=\"font-weight: 400;\"><br \/>\n<\/span><\/p><\/blockquote>\n<p><strong>Tareas que realiza:<\/strong><\/p>\n<ul>\n<li><span style=\"font-weight: 400;\">Trabajar en forma coordinada con la Direcci\u00f3n General en la planificaci\u00f3n de la gesti\u00f3n y Pol\u00edtica a emplearse, manejo de expedientes, \u00a0estrategias de trabajo, y en coordinaci\u00f3n con las Asesor\u00edas Jur\u00eddica y Notarial en el marco legal.<\/span><\/li>\n<li style=\"font-weight: 400;\"><span style=\"font-weight: 400;\">Dar soporte a todas las labores que realicen las unidades operativas.<\/span><\/li>\n<li style=\"font-weight: 400;\"><span style=\"font-weight: 400;\">Llevar a cabo toda la comunicaci\u00f3n \u00a0oficial entre la Direcci\u00f3n General y sus respectivas Divisiones, coordinar \u00a0tareas de \u00a0gesti\u00f3n de tr\u00e1nsito \u00a0hacia funcionarios de \u00a0las distintas Direcciones Generales, \u00a0\u00a0as\u00ed como tambi\u00e9n la comunicaci\u00f3n hacia la poblaci\u00f3n.<\/span><\/li>\n<li style=\"font-weight: 400;\"><span style=\"font-weight: 400;\">Dar soporte a la Direcci\u00f3n General en tareas con UNASEV, \u00a0Congreso de Intendentes y SUCIVE.<\/span><\/li>\n<\/ul>\n<hr \/>\n<p style=\"text-align: center;\">Agraciada 570 &#8211; Segundo Subsuelo.<br \/>\n<strong>Tel\u00e9fono:<\/strong> <a href=\"tel:59846231900\">462 31900<\/a>\u00a0int. 144<br \/>\n<strong>Horario de atenci\u00f3n:<\/strong> de Lunes a Viernes de 08:15 a 15:00 horas.<br \/>\n<strong>e-mail:<\/strong> <a href=\"mailto:dgtt@rivera.gub.uy\" target=\"_blank\" rel=\"noopener noreferrer\">dgtt@rivera.gub.uy<\/a><\/p>\n<p>&nbsp;<\/p>\n","protected":false},"excerpt":{"rendered":"<p>Es el \u00e1rea que origina los procesos administrativos pertinentes a la Direcci\u00f3n General de Tr\u00e1nsito y Transporte contemplando la normativa vigente, trabajando en coordinaci\u00f3n con todas las Divisiones de tr\u00e1nsito, Secretar\u00eda General y \u00a0las dem\u00e1s Direcciones Generales. Tareas que realiza: Trabajar en forma coordinada con la Direcci\u00f3n General en la planificaci\u00f3n de la gesti\u00f3n y [&hellip;]<\/p>\n","protected":false},"author":2,"featured_media":0,"parent":11,"menu_order":0,"comment_status":"closed","ping_status":"closed","template":"","meta":{"footnotes":""},"class_list":["post-518","page","type-page","status-publish","hentry"],"_links":{"self":[{"href":"https:\/\/www.rivera.gub.uy\/transito\/wp-json\/wp\/v2\/pages\/518"}],"collection":[{"href":"https:\/\/www.rivera.gub.uy\/transito\/wp-json\/wp\/v2\/pages"}],"about":[{"href":"https:\/\/www.rivera.gub.uy\/transito\/wp-json\/wp\/v2\/types\/page"}],"author":[{"embeddable":true,"href":"https:\/\/www.rivera.gub.uy\/transito\/wp-json\/wp\/v2\/users\/2"}],"replies":[{"embeddable":true,"href":"https:\/\/www.rivera.gub.uy\/transito\/wp-json\/wp\/v2\/comments?post=518"}],"version-history":[{"count":15,"href":"https:\/\/www.rivera.gub.uy\/transito\/wp-json\/wp\/v2\/pages\/518\/revisions"}],"predecessor-version":[{"id":5128,"href":"https:\/\/www.rivera.gub.uy\/transito\/wp-json\/wp\/v2\/pages\/518\/revisions\/5128"}],"up":[{"embeddable":true,"href":"https:\/\/www.rivera.gub.uy\/transito\/wp-json\/wp\/v2\/pages\/11"}],"wp:attachment":[{"href":"https:\/\/www.rivera.gub.uy\/transito\/wp-json\/wp\/v2\/media?parent=518"}],"curies":[{"name":"wp","href":"https:\/\/api.w.org\/{rel}","templated":true}]}}