{"id":632,"date":"2017-05-30T19:34:03","date_gmt":"2017-05-30T19:34:03","guid":{"rendered":"http:\/\/www.rivera.gub.uy\/transito\/?page_id=632"},"modified":"2023-05-11T11:45:18","modified_gmt":"2023-05-11T11:45:18","slug":"ejecutiva","status":"publish","type":"page","link":"https:\/\/www.rivera.gub.uy\/transito\/divisiones\/ejecutiva\/","title":{"rendered":"Ejecutiva"},"content":{"rendered":"<p style=\"text-align: center;\"><img loading=\"lazy\" decoding=\"async\" class=\"alignnone size-full wp-image-797\" src=\"http:\/\/www.rivera.gub.uy\/transito\/wp-content\/uploads\/2017\/05\/unidades-division-ejecutiva.png\" alt=\"Direcci\u00f3n General de Tr\u00e1nsito y Transporte - Divisi\u00f3n Ejecutiva\" width=\"800\" height=\"350\" srcset=\"https:\/\/www.rivera.gub.uy\/transito\/wp-content\/uploads\/2017\/05\/unidades-division-ejecutiva.png 800w, https:\/\/www.rivera.gub.uy\/transito\/wp-content\/uploads\/2017\/05\/unidades-division-ejecutiva-300x131.png 300w, https:\/\/www.rivera.gub.uy\/transito\/wp-content\/uploads\/2017\/05\/unidades-division-ejecutiva-768x336.png 768w\" sizes=\"(max-width: 800px) 100vw, 800px\" \/><\/p>\n<blockquote><p><span style=\"font-weight: 400;\">Se encarga de fiscalizar, controlar y ordenar el tr\u00e1nsito vehicular en la v\u00eda p\u00fablica en todo el departamento<\/span>.<\/p><\/blockquote>\n<p><strong>Tareas que realiza:<\/strong><\/p>\n<ul>\n<li style=\"font-weight: 400;\"><span style=\"font-weight: 400;\">Programas de prevenci\u00f3n y \u201cplanes de contingencia\u201d con el objetivo de minimizar los riesgos existentes en la v\u00eda p\u00fablica, aplicando una correcta fiscalizaci\u00f3n.<\/span><\/li>\n<li style=\"font-weight: 400;\"><span style=\"font-weight: 400;\">Fiscalizan a conductores en el cumplimiento de las normas General de Tr\u00e1nsito.<\/span><\/li>\n<li style=\"font-weight: 400;\"><span style=\"font-weight: 400;\">Controlan el porte de \u00a0la documentaci\u00f3n correspondiente que habilita la circulaci\u00f3n (libreta de conducir), y verifican que el veh\u00edculo est\u00e9 en condiciones reglamentarias.<\/span><\/li>\n<li style=\"font-weight: 400;\"><span style=\"font-weight: 400;\">Ordenan el tr\u00e1nsito vehicular para que este sea fluido y ordenado.<\/span><\/li>\n<\/ul>\n<hr \/>\n<p style=\"text-align: center;\"><strong>Director:<\/strong> Richard Mart\u00ednez<br \/>\nAgraciada 570 &#8211; Segundo sub suelo.<br \/>\n<strong>Tel\u00e9fono:<\/strong> <a href=\"tel:59846231900\">462 31900<\/a>\u00a0int. 165 \/ 166<br \/>\n<strong>Horario de atenci\u00f3n:<\/strong> de Lunes a Viernes de 08:15 a 15:00 horas.<br \/>\n<strong>E-mail:<\/strong> <a href=\"mailto:transito.inspectores@rivera.gub.uy\">transito.inspectores@rivera.gub.uy<\/a><\/p>\n","protected":false},"excerpt":{"rendered":"<p>Se encarga de fiscalizar, controlar y ordenar el tr\u00e1nsito vehicular en la v\u00eda p\u00fablica en todo el departamento. Tareas que realiza: Programas de prevenci\u00f3n y \u201cplanes de contingencia\u201d con el objetivo de minimizar los riesgos existentes en la v\u00eda p\u00fablica, aplicando una correcta fiscalizaci\u00f3n. Fiscalizan a conductores en el cumplimiento de las normas General de [&hellip;]<\/p>\n","protected":false},"author":2,"featured_media":0,"parent":11,"menu_order":0,"comment_status":"closed","ping_status":"closed","template":"","meta":{"footnotes":""},"class_list":["post-632","page","type-page","status-publish","hentry"],"_links":{"self":[{"href":"https:\/\/www.rivera.gub.uy\/transito\/wp-json\/wp\/v2\/pages\/632"}],"collection":[{"href":"https:\/\/www.rivera.gub.uy\/transito\/wp-json\/wp\/v2\/pages"}],"about":[{"href":"https:\/\/www.rivera.gub.uy\/transito\/wp-json\/wp\/v2\/types\/page"}],"author":[{"embeddable":true,"href":"https:\/\/www.rivera.gub.uy\/transito\/wp-json\/wp\/v2\/users\/2"}],"replies":[{"embeddable":true,"href":"https:\/\/www.rivera.gub.uy\/transito\/wp-json\/wp\/v2\/comments?post=632"}],"version-history":[{"count":12,"href":"https:\/\/www.rivera.gub.uy\/transito\/wp-json\/wp\/v2\/pages\/632\/revisions"}],"predecessor-version":[{"id":5130,"href":"https:\/\/www.rivera.gub.uy\/transito\/wp-json\/wp\/v2\/pages\/632\/revisions\/5130"}],"up":[{"embeddable":true,"href":"https:\/\/www.rivera.gub.uy\/transito\/wp-json\/wp\/v2\/pages\/11"}],"wp:attachment":[{"href":"https:\/\/www.rivera.gub.uy\/transito\/wp-json\/wp\/v2\/media?parent=632"}],"curies":[{"name":"wp","href":"https:\/\/api.w.org\/{rel}","templated":true}]}}