{"id":643,"date":"2017-05-30T19:40:15","date_gmt":"2017-05-30T19:40:15","guid":{"rendered":"http:\/\/www.rivera.gub.uy\/transito\/?page_id=643"},"modified":"2018-02-23T15:16:05","modified_gmt":"2018-02-23T15:16:05","slug":"unidad-de-educacion-prevencion-y-formacion-en-seguridad-vial","status":"publish","type":"page","link":"https:\/\/www.rivera.gub.uy\/transito\/divisiones\/unidad-de-educacion-prevencion-y-formacion-en-seguridad-vial\/","title":{"rendered":"Unidad de Educaci\u00f3n, Prevenci\u00f3n y Formaci\u00f3n en Seguridad vial"},"content":{"rendered":"<p>&nbsp;<\/p>\n<p style=\"text-align: center;\"><img loading=\"lazy\" decoding=\"async\" class=\"alignnone size-full wp-image-804\" src=\"http:\/\/www.rivera.gub.uy\/transito\/wp-content\/uploads\/2017\/05\/unidades-educacion-prevencion-y-formacion-en-seguridad-vial.png\" alt=\"Direcci\u00f3n General de Tr\u00e1nsito y Transporte - Unidad de Educaci\u00f3n, Prevenci\u00f3n y Formaci\u00f3n en Seguridad vial\" width=\"800\" height=\"350\" srcset=\"https:\/\/www.rivera.gub.uy\/transito\/wp-content\/uploads\/2017\/05\/unidades-educacion-prevencion-y-formacion-en-seguridad-vial.png 800w, https:\/\/www.rivera.gub.uy\/transito\/wp-content\/uploads\/2017\/05\/unidades-educacion-prevencion-y-formacion-en-seguridad-vial-300x131.png 300w, https:\/\/www.rivera.gub.uy\/transito\/wp-content\/uploads\/2017\/05\/unidades-educacion-prevencion-y-formacion-en-seguridad-vial-768x336.png 768w\" sizes=\"(max-width: 800px) 100vw, 800px\" \/><\/p>\n<blockquote><p><span style=\"font-weight: 400;\">Son quienes generan, en conjunto con la poblaci\u00f3n, una cultura de conciencia y educaci\u00f3n en el tr\u00e1nsito; con el objetivo de minimizar riesgos de siniestros de tr\u00e1nsito.<\/span><\/p><\/blockquote>\n<p><strong>Tareas que realiza:<\/strong><\/p>\n<ul>\n<li style=\"font-weight: 400;\"><span style=\"font-weight: 400;\">A trav\u00e9s del programa de educaci\u00f3n y concientizaci\u00f3n sobre las normas de tr\u00e1nsito, contamos con una plataforma educativa en seguridad vial para todas las escuelas y liceos de nuestro departamento, con charlas te\u00f3ricas y ejercicios pr\u00e1cticos.<\/span><span style=\"font-weight: 400;\"><br \/>\n<\/span><span style=\"font-weight: 400;\">Dicho programa se hace extensivo a toda la poblaci\u00f3n, con talleres de concientizaci\u00f3n que buscan brindar conocimientos y desarrollar h\u00e1bitos necesarios para una buena circulaci\u00f3n.<\/span><\/li>\n<\/ul>\n<hr \/>\n<p style=\"text-align: center;\"><strong>Director:<\/strong> Edward Strongitharm<br \/>\nAgraciada 570 &#8211; Segundo piso.<br \/>\n<strong>Tel\u00e9fono:<\/strong> <a href=\"tel:59846231900\">462 31900<\/a>\u00a0int. 224<br \/>\n<strong>Horario de atenci\u00f3n:<\/strong> de Lunes a Viernes de 08:15 a 15:00 horas.<br \/>\n<strong>E-mail:<\/strong> <a href=\"mailto:educacionvial@rivera.gub.uy\">educacionvial@rivera.gub.uy<\/a><\/p>\n","protected":false},"excerpt":{"rendered":"<p>&nbsp; Son quienes generan, en conjunto con la poblaci\u00f3n, una cultura de conciencia y educaci\u00f3n en el tr\u00e1nsito; con el objetivo de minimizar riesgos de siniestros de tr\u00e1nsito. Tareas que realiza: A trav\u00e9s del programa de educaci\u00f3n y concientizaci\u00f3n sobre las normas de tr\u00e1nsito, contamos con una plataforma educativa en seguridad vial para todas las [&hellip;]<\/p>\n","protected":false},"author":2,"featured_media":0,"parent":11,"menu_order":0,"comment_status":"closed","ping_status":"closed","template":"","meta":{"footnotes":""},"class_list":["post-643","page","type-page","status-publish","hentry"],"_links":{"self":[{"href":"https:\/\/www.rivera.gub.uy\/transito\/wp-json\/wp\/v2\/pages\/643"}],"collection":[{"href":"https:\/\/www.rivera.gub.uy\/transito\/wp-json\/wp\/v2\/pages"}],"about":[{"href":"https:\/\/www.rivera.gub.uy\/transito\/wp-json\/wp\/v2\/types\/page"}],"author":[{"embeddable":true,"href":"https:\/\/www.rivera.gub.uy\/transito\/wp-json\/wp\/v2\/users\/2"}],"replies":[{"embeddable":true,"href":"https:\/\/www.rivera.gub.uy\/transito\/wp-json\/wp\/v2\/comments?post=643"}],"version-history":[{"count":8,"href":"https:\/\/www.rivera.gub.uy\/transito\/wp-json\/wp\/v2\/pages\/643\/revisions"}],"predecessor-version":[{"id":1137,"href":"https:\/\/www.rivera.gub.uy\/transito\/wp-json\/wp\/v2\/pages\/643\/revisions\/1137"}],"up":[{"embeddable":true,"href":"https:\/\/www.rivera.gub.uy\/transito\/wp-json\/wp\/v2\/pages\/11"}],"wp:attachment":[{"href":"https:\/\/www.rivera.gub.uy\/transito\/wp-json\/wp\/v2\/media?parent=643"}],"curies":[{"name":"wp","href":"https:\/\/api.w.org\/{rel}","templated":true}]}}