{"id":648,"date":"2017-05-31T13:30:55","date_gmt":"2017-05-31T13:30:55","guid":{"rendered":"http:\/\/www.rivera.gub.uy\/transito\/?page_id=648"},"modified":"2020-08-24T14:02:10","modified_gmt":"2020-08-24T14:02:10","slug":"educacion-y-concientizacion-vial","status":"publish","type":"page","link":"https:\/\/www.rivera.gub.uy\/transito\/estrategias\/educacion-y-concientizacion-vial\/","title":{"rendered":"Educaci\u00f3n y Concientizaci\u00f3n Vial"},"content":{"rendered":"<p><a href=\"https:\/\/www.rivera.gub.uy\/transito\/wp-content\/uploads\/2020\/08\/ed.vial_.png\"><img loading=\"lazy\" decoding=\"async\" class=\"aligncenter wp-image-3039 size-full\" src=\"https:\/\/www.rivera.gub.uy\/transito\/wp-content\/uploads\/2020\/08\/ed.vial_.png\" alt=\"\" width=\"800\" height=\"350\" srcset=\"https:\/\/www.rivera.gub.uy\/transito\/wp-content\/uploads\/2020\/08\/ed.vial_.png 800w, https:\/\/www.rivera.gub.uy\/transito\/wp-content\/uploads\/2020\/08\/ed.vial_-300x131.png 300w, https:\/\/www.rivera.gub.uy\/transito\/wp-content\/uploads\/2020\/08\/ed.vial_-768x336.png 768w\" sizes=\"(max-width: 800px) 100vw, 800px\" \/><\/a><\/p>\n<blockquote><p><span style=\"font-weight: 400;\">Las metas establecidas para el quinquenio son llegar a todas las franjas etarias de nuestra poblaci\u00f3n con una \u00a0l\u00ednea de trabajo que abarca la formaci\u00f3n vial por medio de la educaci\u00f3n, enfatizando en la poblaci\u00f3n estudiantil. Es necesario destacar que, por caracter\u00edsticas particulares de nuestra frontera, estas acciones son \u00a0de \u00edndole binacional.<\/span><\/p><\/blockquote>\n<p>El proceso de educaci\u00f3n y concientizaci\u00f3n es llevado adelante por un equipo de instructores, formado por integrantes del cuerpo de inspectores con m\u00e1s de 20 a\u00f1os de experiencia en la v\u00eda p\u00fablica, y con formaci\u00f3n pedag\u00f3gica ideal para construir una cultura en tr\u00e1nsito.\u00a0<span style=\"font-weight: 400;\">Nuestro equipo de educadores coordina con las distintas instituciones educativas de nuestra frontera y trabaja con modernos componentes did\u00e1cticos que nos permite lograr el fin deseado.<\/span><\/p>\n<p><span style=\"font-weight: 400;\">La formalizaci\u00f3n del proceso de educaci\u00f3n se lleva a cabo en la \u00a0poblaci\u00f3n adulta que circula por nuestras calles, desde el momento en que \u00a0inician el tr\u00e1mite de su libreta de conducir por primera vez, las instituciones y organismos proporcionan herramientas como el curso de Manejo Defensivo, Talleres de \u00a0Seguridad Vial, \u00a0\u00e1mbitos de discusi\u00f3n y debate que apuntan a construir una nueva cultura.<\/span><\/p>\n<p><span style=\"font-weight: 400;\">Nuestro proceso educativo no se detiene y contin\u00faa con los padres de estudiantes \u00a0de los distintos centros educativos de la regi\u00f3n, aplicando una metodolog\u00eda de \u00a0talleres y videos, asesorados por nuestro equipo t\u00e9cnico con muy buenos resultados.\u00a0<\/span><span style=\"font-weight: 400;\">De esta forma, tenemos la seguridad de llevar adelante nuestra labor en educar para minimizar los riesgos en el tr\u00e1nsito, trabajando para prevenir la siniestralidad \u00a0y potenciando a las j\u00f3venes generaciones con la herramienta del conocimiento que comenzar\u00e1n a transformar nuestra ciudad. \u00a0<\/span><\/p>\n","protected":false},"excerpt":{"rendered":"<p>Las metas establecidas para el quinquenio son llegar a todas las franjas etarias de nuestra poblaci\u00f3n con una \u00a0l\u00ednea de trabajo que abarca la formaci\u00f3n vial por medio de la educaci\u00f3n, enfatizando en la poblaci\u00f3n estudiantil. Es necesario destacar que, por caracter\u00edsticas particulares de nuestra frontera, estas acciones son \u00a0de \u00edndole binacional. El proceso de [&hellip;]<\/p>\n","protected":false},"author":2,"featured_media":0,"parent":546,"menu_order":0,"comment_status":"closed","ping_status":"closed","template":"","meta":{"footnotes":""},"class_list":["post-648","page","type-page","status-publish","hentry"],"_links":{"self":[{"href":"https:\/\/www.rivera.gub.uy\/transito\/wp-json\/wp\/v2\/pages\/648"}],"collection":[{"href":"https:\/\/www.rivera.gub.uy\/transito\/wp-json\/wp\/v2\/pages"}],"about":[{"href":"https:\/\/www.rivera.gub.uy\/transito\/wp-json\/wp\/v2\/types\/page"}],"author":[{"embeddable":true,"href":"https:\/\/www.rivera.gub.uy\/transito\/wp-json\/wp\/v2\/users\/2"}],"replies":[{"embeddable":true,"href":"https:\/\/www.rivera.gub.uy\/transito\/wp-json\/wp\/v2\/comments?post=648"}],"version-history":[{"count":5,"href":"https:\/\/www.rivera.gub.uy\/transito\/wp-json\/wp\/v2\/pages\/648\/revisions"}],"predecessor-version":[{"id":3041,"href":"https:\/\/www.rivera.gub.uy\/transito\/wp-json\/wp\/v2\/pages\/648\/revisions\/3041"}],"up":[{"embeddable":true,"href":"https:\/\/www.rivera.gub.uy\/transito\/wp-json\/wp\/v2\/pages\/546"}],"wp:attachment":[{"href":"https:\/\/www.rivera.gub.uy\/transito\/wp-json\/wp\/v2\/media?parent=648"}],"curies":[{"name":"wp","href":"https:\/\/api.w.org\/{rel}","templated":true}]}}